{"id":77970,"date":"2026-03-19T14:52:07","date_gmt":"2026-03-19T14:52:07","guid":{"rendered":"https:\/\/www.laplage-argeles.fr\/preguntas-frecuentes-camping-la-plage-argeles\/"},"modified":"2026-04-29T08:47:46","modified_gmt":"2026-04-29T08:47:46","slug":"preguntas-frecuentes-camping-la-plage-argeles","status":"publish","type":"page","link":"https:\/\/www.laplage-argeles.fr\/es\/preguntas-frecuentes-camping-la-plage-argeles\/","title":{"rendered":"FAQ - C\u00e1mping La Plage Argel\u00e8s"},"content":{"rendered":"<div class=\"et_pb_section_0 et_pb_section et_section_regular et_block_section\"><\/div>\n\n<div class=\"et_pb_section_1 et_pb_section et_section_regular et_flex_section\">\n<div class=\"et_pb_row_0 et_pb_row et_flex_row\">\n<div class=\"et_pb_column_0 et_pb_column et-last-child et_flex_column et_pb_css_mix_blend_mode_passthrough et_flex_column_24_24 et_flex_column_24_24_tablet et_flex_column_24_24_phone\">\n<div class=\"et_pb_text_0 et_pb_text et_pb_bg_layout_light et_pb_module et_flex_module\"><div class=\"et_pb_text_inner\"><span><span><a href=\"https:\/\/www.laplage-argeles.fr\/es\/\">Camping Plage Argel\u00e8s-sur-Mer<\/a><\/span><\/span>\n<\/div><\/div>\n\n<div class=\"et_pb_text_1 et_pb_text et_pb_bg_layout_light et_pb_module et_flex_module\"><div class=\"et_pb_text_inner\"><h1>Todas nuestras respuestas a tus preguntas<\/h1>\n<\/div><\/div>\n\n<div class=\"et_pb_text_2 et_pb_text et_pb_bg_layout_light et_pb_module et_flex_module\"><div class=\"et_pb_text_inner\"><p>\u00a1Prepara tu estancia en nuestro <a href=\"https:\/\/www.laplage-argeles.fr\/es\/\">camping en Argel\u00e8s-sur-Mer<\/a>! Si no encuentras la respuesta a tu pregunta a continuaci\u00f3n, no dudes en ponerte en contacto con nosotros.<\/p>\n<\/div><\/div>\n<\/div>\n<\/div>\n<\/div>\n\n<div class=\"et_pb_section_2 et_pb_section et_section_regular et_flex_section\">\n<div class=\"et_pb_row_1 et_pb_row et_flex_row\">\n<div class=\"et_pb_column_1 et_pb_column et-last-child et_flex_column et_pb_css_mix_blend_mode_passthrough et_flex_column_24_24 et_flex_column_24_24_tablet et_flex_column_24_24_phone\">\n<div class=\"et_pb_text_3 et_pb_text et_pb_bg_layout_light et_pb_module et_flex_module\"><div class=\"et_pb_text_inner\"><h2>C\u00e1mping<\/h2>\n<\/div><\/div>\n\n<div class=\"et_pb_accordion_0 et_pb_accordion et_pb_module et_flex_module\">\n<div class=\"et_pb_accordion_item_0 et_pb_accordion_item et_pb_toggle et_pb_module et_pb_toggle_open et_flex_module\"><h3 class=\"et_pb_toggle_title\">\u00bfPor qu\u00e9 alojarse en el camping La Plage?<\/h3><div class=\"et_pb_toggle_content et_flex_module\"><p>El camping La Plage de 3 estrellas est\u00e1 situado en Argel\u00e8s-sur-Mer, una espl\u00e9ndida localidad costera del sur de Francia. Est\u00e1 cerca del centro, no lejos de la monta\u00f1a y a 200 m de la playa. <\/p>\n<p>Este camping de tama\u00f1o humano se encuentra en un entorno tranquilo, rodeado de pinos y vegetaci\u00f3n, en un marco apacible. Los alojamientos son c\u00f3modos y variados. <\/p>\n<p>Adem\u00e1s, en este camping familiar y acogedor, encontrar\u00e1s en el propio camping muchos servicios.<br \/>\u00a1Tantas ventajas para que no dudes m\u00e1s en reservar tu estancia en el camping La Plage!<\/p>\n<\/div><\/div>\n\n<div class=\"et_pb_accordion_item_1 et_pb_accordion_item et_pb_toggle et_pb_module et_pb_toggle_close et_flex_module\"><h3 class=\"et_pb_toggle_title\">\u00bfCu\u00e1les son las fechas de apertura del camping?<\/h3><div class=\"et_pb_toggle_content et_flex_module\"><p>El camping est\u00e1 abierto todos los d\u00edas desde principios de abril hasta finales de septiembre. Para conocer las fechas exactas de apertura, ll\u00e1manos al 04 68 81 12 17. <\/p>\n<\/div><\/div>\n\n<div class=\"et_pb_accordion_item_2 et_pb_accordion_item et_pb_toggle et_pb_module et_pb_toggle_close et_flex_module\"><h3 class=\"et_pb_toggle_title\">\u00bfCu\u00e1les son los horarios de recepci\u00f3n?<\/h3><div class=\"et_pb_toggle_content et_flex_module\"><p>La recepci\u00f3n est\u00e1 abierta de 9:00 a 19:00 todos los d\u00edas durante el periodo de apertura del camping.<\/p>\n<\/div><\/div>\n\n<div class=\"et_pb_accordion_item_3 et_pb_accordion_item et_pb_toggle et_pb_module et_pb_toggle_close et_flex_module\"><h3 class=\"et_pb_toggle_title\">\u00bfQu\u00e9 idiomas se hablan en la recepci\u00f3n?<\/h3><div class=\"et_pb_toggle_content et_flex_module\"><p>El equipo del camping habla franc\u00e9s, ingl\u00e9s y espa\u00f1ol.<\/p>\n<\/div><\/div>\n\n<div class=\"et_pb_accordion_item_4 et_pb_accordion_item et_pb_toggle et_pb_module et_pb_toggle_close et_flex_module\"><h3 class=\"et_pb_toggle_title\">\u00bfSe puede circular en coche dentro del camping?<\/h3><div class=\"et_pb_toggle_content et_flex_module\"><p>S\u00ed, excepto de 22:00 a 7:00 (de 23:00 a 7:00 en temporada alta). El resto del tiempo, ning\u00fan veh\u00edculo puede circular dentro del camping. <\/p>\n<\/div><\/div>\n\n<div class=\"et_pb_accordion_item_5 et_pb_accordion_item et_pb_toggle et_pb_module et_pb_toggle_close et_flex_module\"><h3 class=\"et_pb_toggle_title\">\u00bfEs tranquilo el camping?<\/h3><div class=\"et_pb_toggle_content et_flex_module\"><p>S\u00ed, adem\u00e1s pedimos a nuestros veraneantes que cesen el ruido a medianoche, para respetar la tranquilidad del camping. Por respeto a todos, hay un vigilante por la noche en julio y agosto. <\/p>\n<\/div><\/div>\n\n<div class=\"et_pb_accordion_item_6 et_pb_accordion_item et_pb_toggle et_pb_module et_pb_toggle_close et_flex_module\"><h3 class=\"et_pb_toggle_title\">\u00bfHay aparcamiento en el camping?<\/h3><div class=\"et_pb_toggle_content et_flex_module\"><p>El camping no dispone de aparcamiento. Los veh\u00edculos deben aparcarse directamente en la parcela. <\/p>\n<\/div><\/div>\n\n<div class=\"et_pb_accordion_item_7 et_pb_accordion_item et_pb_toggle et_pb_module et_pb_toggle_close et_flex_module\"><h3 class=\"et_pb_toggle_title\">\u00bfQu\u00e9 es accesible para personas con movilidad reducida?<\/h3><div class=\"et_pb_toggle_content et_flex_module\"><p>En el C\u00e1mping La Plage en Argel\u00e8s-sur-Mer, la recepci\u00f3n, la piscina, el snack-bar, las parcelas y los sanitarios son accesibles para personas con movilidad reducida.<\/p>\n<\/div><\/div>\n<\/div>\n<\/div>\n<\/div>\n<\/div>\n\n<div class=\"et_pb_section_3 et_pb_section et_section_regular et_flex_section\">\n<div class=\"et_pb_row_2 et_pb_row et_flex_row\">\n<div class=\"et_pb_column_2 et_pb_column et-last-child et_flex_column et_pb_css_mix_blend_mode_passthrough et_flex_column_24_24 et_flex_column_24_24_tablet et_flex_column_24_24_phone\">\n<div class=\"et_pb_text_4 et_pb_text et_pb_bg_layout_light et_pb_module et_flex_module\"><div class=\"et_pb_text_inner\"><h2>Alojamiento<\/h2>\n<\/div><\/div>\n\n<div class=\"et_pb_accordion_1 et_pb_accordion et_pb_module et_flex_module\">\n<div class=\"et_pb_accordion_item_8 et_pb_accordion_item et_pb_toggle et_pb_module et_pb_toggle_open et_flex_module\"><h3 class=\"et_pb_toggle_title\">\u00bfQu\u00e9 tipos de alojamiento hay disponibles?<\/h3><div class=\"et_pb_toggle_content et_flex_module\"><p>El camping La Plage te recibe en mobil-homes, alojamientos ins\u00f3litos y parcelas de camping.<\/p>\n<\/div><\/div>\n\n<div class=\"et_pb_accordion_item_9 et_pb_accordion_item et_pb_toggle et_pb_module et_pb_toggle_close et_flex_module\"><h3 class=\"et_pb_toggle_title\">\u00bfQu\u00e9 mobil-home elegir para una pareja?<\/h3><div class=\"et_pb_toggle_content et_flex_module\"><p>Si pasas las vacaciones en Argel\u00e8s-sur-Mer en pareja, elige un mobil-home de la gama Classic. El alojamiento Ibiza, con su dormitorio, su zona de cocina\/sal\u00f3n, su ba\u00f1o y su terraza, ser\u00e1 perfecto para vuestra estancia a dos. <\/p>\n<\/div><\/div>\n\n<div class=\"et_pb_accordion_item_10 et_pb_accordion_item et_pb_toggle et_pb_module et_pb_toggle_close et_flex_module\"><h3 class=\"et_pb_toggle_title\">\u00bfQu\u00e9 mobil-home elegir para una familia?<\/h3><div class=\"et_pb_toggle_content et_flex_module\"><p>Varios de los mobil-homes del camping est\u00e1n adaptados para unas vacaciones en familia. T\u00fa decides si prefieres un mobil-home cl\u00e1sico o un mobil-home premium. <\/p>\n<\/div><\/div>\n\n<div class=\"et_pb_accordion_item_11 et_pb_accordion_item et_pb_toggle et_pb_module et_pb_toggle_close et_flex_module\"><h3 class=\"et_pb_toggle_title\">\u00bfQu\u00e9 mobil-home elegir para un grupo?<\/h3><div class=\"et_pb_toggle_content et_flex_module\"><p>La capacidad m\u00e1xima de los mobil-homes es de 6 personas. Varias gamas ofrecen esta capacidad m\u00e1xima. Tambi\u00e9n puedes reservar varios mobil-homes si tu grupo supera las 6 personas.  <\/p>\n<\/div><\/div>\n\n<div class=\"et_pb_accordion_item_12 et_pb_accordion_item et_pb_toggle et_pb_module et_pb_toggle_close et_flex_module\"><h3 class=\"et_pb_toggle_title\">\u00bfCu\u00e1l es la capacidad de los mobil-homes?<\/h3><div class=\"et_pb_toggle_content et_flex_module\"><p>Los mobil-homes pueden alojar entre 2 y 6 personas, en una superficie de 16 a 32 m2.<\/p>\n<\/div><\/div>\n\n<div class=\"et_pb_accordion_item_13 et_pb_accordion_item et_pb_toggle et_pb_module et_pb_toggle_close et_flex_module\"><h3 class=\"et_pb_toggle_title\">\u00bfC\u00f3mo elegir bien tu mobil-home?<\/h3><div class=\"et_pb_toggle_content et_flex_module\"><p>Los 193 alojamientos se dividen en 4 categor\u00edas: Classic, Confort, Prestige y Signature.<\/p>\n<p>\u00bfQu\u00e9 los diferencia? La superficie, el precio, el equipamiento\u2026 No dudes en contactar con nuestro equipo en el 04 68 81 12 17; una persona te guiar\u00e1 para elegir el mobil-home perfecto para ti. <\/p>\n<\/div><\/div>\n\n<div class=\"et_pb_accordion_item_14 et_pb_accordion_item et_pb_toggle et_pb_module et_pb_toggle_close et_flex_module\"><h3 class=\"et_pb_toggle_title\">\u00bfQu\u00e9 equipamiento hay disponible en los mobil-homes?<\/h3><div class=\"et_pb_toggle_content et_flex_module\"><p>En el interior de cada mobil-home encontrar\u00e1s de 1 a 3 dormitorios, un ba\u00f1o, una cocina equipada (con el equipamiento b\u00e1sico), una zona de comedor, as\u00ed como una terraza.<\/p>\n<p>Para tu comodidad, los mobil-homes tambi\u00e9n disponen de televisi\u00f3n y aire acondicionado (posibilidad de alquilar ventilador en recepci\u00f3n).<\/p>\n<\/div><\/div>\n\n<div class=\"et_pb_accordion_item_15 et_pb_accordion_item et_pb_toggle et_pb_module et_pb_toggle_close et_flex_module\"><h3 class=\"et_pb_toggle_title\">\u00bfCu\u00e1les son las dimensiones de las camas?<\/h3><div class=\"et_pb_toggle_content et_flex_module\"><p>Las camas dobles son de tama\u00f1o est\u00e1ndar (140 x 90 cm), salvo en el mobil-home Premium Bora-Bora, que es de 160 cm.<\/p>\n<\/div><\/div>\n\n<div class=\"et_pb_accordion_item_16 et_pb_accordion_item et_pb_toggle et_pb_module et_pb_toggle_close et_flex_module\"><h3 class=\"et_pb_toggle_title\">\u00bfLos mobil-homes incluyen ropa de cama?<\/h3><div class=\"et_pb_toggle_content et_flex_module\"><p>No, las s\u00e1banas y las toallas no est\u00e1n incluidas, salvo en el mobil-home Premium Bora-Bora.<\/p>\n<p>En cambio, cada mobil-home incluye protectores de colch\u00f3n, mantas o edredones y almohadas.<\/p>\n<p>No obstante, podr\u00e1s alquilar tu ropa de cama en recepci\u00f3n.<\/p>\n<\/div><\/div>\n\n<div class=\"et_pb_accordion_item_17 et_pb_accordion_item et_pb_toggle et_pb_module et_pb_toggle_close et_flex_module\"><h3 class=\"et_pb_toggle_title\">\u00bfC\u00f3mo elegir bien tu parcela?<\/h3><div class=\"et_pb_toggle_content et_flex_module\"><p>Ofrecemos dos tipos de parcelas: caravaning y tienda. La primera es adecuada si viajas en caravana, furgoneta o autocaravana, y la segunda si prefieres montar la tienda. <\/p>\n<\/div><\/div>\n\n<div class=\"et_pb_accordion_item_18 et_pb_accordion_item et_pb_toggle et_pb_module et_pb_toggle_close et_flex_module\"><h3 class=\"et_pb_toggle_title\">\u00bfCu\u00e1les son las ventajas de las parcelas?<\/h3><div class=\"et_pb_toggle_content et_flex_module\"><p>Las 54 parcelas de c\u00e9sped est\u00e1n arboladas para ofrecerte sombra y se encuentran en plena naturaleza. Amplias, permiten aparcar un veh\u00edculo o instalar una barbacoa de gas. Adem\u00e1s, est\u00e1n cerca de los sanitarios y otras infraestructuras del camping.  <\/p>\n<\/div><\/div>\n\n<div class=\"et_pb_accordion_item_19 et_pb_accordion_item et_pb_toggle et_pb_module et_pb_toggle_close et_flex_module\"><h3 class=\"et_pb_toggle_title\">\u00bfCu\u00e1l es la capacidad de las parcelas?<\/h3><div class=\"et_pb_toggle_content et_flex_module\"><p>Cada parcela puede alojar hasta 6 veraneantes.<\/p>\n<\/div><\/div>\n\n<div class=\"et_pb_accordion_item_20 et_pb_accordion_item et_pb_toggle et_pb_module et_pb_toggle_close et_flex_module\"><h3 class=\"et_pb_toggle_title\">\u00bfEs posible elegir la parcela?<\/h3><div class=\"et_pb_toggle_content et_flex_module\"><p>S\u00ed, es posible indicar tus preferencias de ubicaci\u00f3n al hacer la reserva. Aunque hacemos todo lo posible por satisfacer tu solicitud, no ofrecemos ninguna garant\u00eda de obtener la parcela deseada. <\/p>\n<\/div><\/div>\n\n<div class=\"et_pb_accordion_item_21 et_pb_accordion_item et_pb_toggle et_pb_module et_pb_toggle_close et_flex_module\"><h3 class=\"et_pb_toggle_title\">\u00bfQu\u00e9 servicios hay disponibles en las parcelas?<\/h3><div class=\"et_pb_toggle_content et_flex_module\"><p>Todas las parcelas cuentan con conexi\u00f3n el\u00e9ctrica de 10A. Adem\u00e1s, se ha habilitado un \u00e1rea especial para autocaravanas. <\/p>\n<\/div><\/div>\n\n<div class=\"et_pb_accordion_item_22 et_pb_accordion_item et_pb_toggle et_pb_module et_pb_toggle_close et_flex_module\"><h3 class=\"et_pb_toggle_title\">\u00bfQu\u00e9 tiene de especial el alojamiento ins\u00f3lito?<\/h3><div class=\"et_pb_toggle_content et_flex_module\"><p>El alquiler Bali seduce por su lado original: de madera y lona, evoca la aventura y la evasi\u00f3n. Dise\u00f1ado para 5 personas, incluye 2 habitaciones, una zona de cocina\/sal\u00f3n y una terraza. A cambio, este alquiler no dispone de WC ni de ba\u00f1o, \u00a1para una experiencia lo m\u00e1s cercana posible a la naturaleza!  <\/p>\n<\/div><\/div>\n<\/div>\n<\/div>\n<\/div>\n<\/div>\n\n<div class=\"et_pb_section_4 et_pb_section et_section_regular et_flex_section\">\n<div class=\"et_pb_row_3 et_pb_row et_flex_row\">\n<div class=\"et_pb_column_3 et_pb_column et-last-child et_flex_column et_pb_css_mix_blend_mode_passthrough et_flex_column_24_24 et_flex_column_24_24_tablet et_flex_column_24_24_phone\">\n<div class=\"et_pb_text_5 et_pb_text et_pb_bg_layout_light et_pb_module et_flex_module\"><div class=\"et_pb_text_inner\"><h2>Actividades y entretenimiento<br \/>\n<\/h2>\n<\/div><\/div>\n\n<div class=\"et_pb_accordion_2 et_pb_accordion et_pb_module et_flex_module\">\n<div class=\"et_pb_accordion_item_23 et_pb_accordion_item et_pb_toggle et_pb_module et_pb_toggle_open et_flex_module\"><h3 class=\"et_pb_toggle_title\">\u00bfQu\u00e9 animaciones se proponen para los ni\u00f1os?<\/h3><div class=\"et_pb_toggle_content et_flex_module\"><p>El camping no ofrece actividades espec\u00edficas para ni\u00f1os como un club infantil.<\/p>\n<p>Tambi\u00e9n a tener en cuenta: una zona de juegos y una piscina infantil esperan a los m\u00e1s peque\u00f1os.<\/p>\n<\/div><\/div>\n\n<div class=\"et_pb_accordion_item_24 et_pb_accordion_item et_pb_toggle et_pb_module et_pb_toggle_close et_flex_module\"><h3 class=\"et_pb_toggle_title\">\u00bfQu\u00e9 actividades familiares hay previstas en el camping?<\/h3><div class=\"et_pb_toggle_content et_flex_module\"><p>Proponemos sesiones de estiramientos, de piernas-abdominales-gl\u00fateos y de aquagym, salidas a parques de aventura en los \u00e1rboles, jornadas de senderismo o torneos deportivos (petanca, baloncesto, f\u00fatbol\u2026).<\/p>\n<\/div><\/div>\n\n<div class=\"et_pb_accordion_item_25 et_pb_accordion_item et_pb_toggle et_pb_module et_pb_toggle_close et_flex_module\"><h3 class=\"et_pb_toggle_title\">\u00bfQu\u00e9 instalaciones l\u00fadicas y deportivas hay en el camping?<\/h3><div class=\"et_pb_toggle_content et_flex_module\"><p>En el recinto encontrar\u00e1s 2 pistas de petanca, una pista multideporte, mesas de ping-pong, una zona de juegos para ni\u00f1os, as\u00ed como un City stade.<\/p>\n<\/div><\/div>\n<\/div>\n<\/div>\n<\/div>\n<\/div>\n\n<div class=\"et_pb_section_5 et_pb_section et_section_regular et_flex_section\">\n<div class=\"et_pb_row_4 et_pb_row et_flex_row\">\n<div class=\"et_pb_column_4 et_pb_column et-last-child et_flex_column et_pb_css_mix_blend_mode_passthrough et_flex_column_24_24 et_flex_column_24_24_tablet et_flex_column_24_24_phone\">\n<div class=\"et_pb_text_6 et_pb_text et_pb_bg_layout_light et_pb_module et_flex_module\"><div class=\"et_pb_text_inner\"><h2>Piscina<\/h2>\n<\/div><\/div>\n\n<div class=\"et_pb_accordion_3 et_pb_accordion et_pb_module et_flex_module\">\n<div class=\"et_pb_accordion_item_26 et_pb_accordion_item et_pb_toggle et_pb_module et_pb_toggle_open et_flex_module\"><h3 class=\"et_pb_toggle_title\">\u00bfHay una piscina en el camping?<\/h3><div class=\"et_pb_toggle_content et_flex_module\"><p>S\u00ed, el camping cuenta con una bonita piscina desbordante de 24 m de largo, con piscina infantil de 10 m x 4 m para los ni\u00f1os.<\/p>\n<p>Este espacio acu\u00e1tico de 1100 m\u00b2 tambi\u00e9n incluye un sol\u00e1rium con tumbonas y sombrillas, para disfrutar del sol de Argel\u00e8s-sur-Mer.<\/p>\n<\/div><\/div>\n\n<div class=\"et_pb_accordion_item_27 et_pb_accordion_item et_pb_toggle et_pb_module et_pb_toggle_close et_flex_module\"><h3 class=\"et_pb_toggle_title\">\u00bfLa piscina es accesible para residentes externos?<\/h3><div class=\"et_pb_toggle_content et_flex_module\"><p>No, la piscina del camping est\u00e1 reservada a los residentes del camping.<\/p>\n<\/div><\/div>\n\n<div class=\"et_pb_accordion_item_28 et_pb_accordion_item et_pb_toggle et_pb_module et_pb_toggle_close et_flex_module\"><h3 class=\"et_pb_toggle_title\">\u00bfCu\u00e1les son los horarios de apertura de la piscina?<\/h3><div class=\"et_pb_toggle_content et_flex_module\"><p>La piscina est\u00e1 abierta de 10:00 a 19:00, y hasta las 20:00 en plena temporada.<\/p>\n<\/div><\/div>\n\n<div class=\"et_pb_accordion_item_29 et_pb_accordion_item et_pb_toggle et_pb_module et_pb_toggle_close et_flex_module\"><h3 class=\"et_pb_toggle_title\">\u00bfLa piscina est\u00e1 vigilada?<\/h3><div class=\"et_pb_toggle_content et_flex_module\"><p>S\u00ed, la piscina del camping La Plage est\u00e1 vigilada, pero solo en julio y agosto.<\/p>\n<\/div><\/div>\n\n<div class=\"et_pb_accordion_item_30 et_pb_accordion_item et_pb_toggle et_pb_module et_pb_toggle_close et_flex_module\"><h3 class=\"et_pb_toggle_title\">\u00bfQu\u00e9 ba\u00f1ador est\u00e1 permitido?<\/h3><div class=\"et_pb_toggle_content et_flex_module\"><p>El camping La Plage proh\u00edbe en la piscina los bermudas de ba\u00f1o, burkinis y otros trajes de ba\u00f1o.<\/p>\n<\/div><\/div>\n\n<div class=\"et_pb_accordion_item_31 et_pb_accordion_item et_pb_toggle et_pb_module et_pb_toggle_close et_flex_module\"><h3 class=\"et_pb_toggle_title\">\u00bfLa piscina est\u00e1 climatizada?<\/h3><div class=\"et_pb_toggle_content et_flex_module\"><p>No, la piscina del camping no est\u00e1 climatizada, \u00a1solo por el generoso sol del sur de Francia! A tener en cuenta: la piscina est\u00e1 orientada al sur. <\/p>\n<\/div><\/div>\n<\/div>\n<\/div>\n<\/div>\n<\/div>\n\n<div class=\"et_pb_section_6 et_pb_section et_section_regular et_flex_section\">\n<div class=\"et_pb_row_5 et_pb_row et_flex_row\">\n<div class=\"et_pb_column_5 et_pb_column et-last-child et_flex_column et_pb_css_mix_blend_mode_passthrough et_flex_column_24_24 et_flex_column_24_24_tablet et_flex_column_24_24_phone\">\n<div class=\"et_pb_text_7 et_pb_text et_pb_bg_layout_light et_pb_module et_flex_module\"><div class=\"et_pb_text_inner\"><h2>Servicios<br \/>\n<\/h2>\n<\/div><\/div>\n\n<div class=\"et_pb_accordion_4 et_pb_accordion et_pb_module et_flex_module\">\n<div class=\"et_pb_accordion_item_32 et_pb_accordion_item et_pb_toggle et_pb_module et_pb_toggle_open et_flex_module\"><h3 class=\"et_pb_toggle_title\">\u00bfQu\u00e9 servicios est\u00e1n a disposici\u00f3n de los veraneantes?<\/h3><div class=\"et_pb_toggle_content et_flex_module\"><p>El camping pone a su disposici\u00f3n un snack (con pizzas, hamburguesas, crepes y pan), acceso a wifi (con suplemento) y alquiler de material (plancha, s\u00e1banas y toallas, cuna y trona, ventilador\u2026). Tambi\u00e9n es posible contratar la limpieza de fin de estancia (tarifa de 60 a 70 \u20ac). <\/p>\n<\/div><\/div>\n\n<div class=\"et_pb_accordion_item_33 et_pb_accordion_item et_pb_toggle et_pb_module et_pb_toggle_close et_flex_module\"><h3 class=\"et_pb_toggle_title\">\u00bfSe admiten animales de compa\u00f1\u00eda en el camping?<\/h3><div class=\"et_pb_toggle_content et_flex_module\"><p>S\u00ed, el camping acepta perros (excepto categor\u00edas 1 y 2), siempre que tengan su cartilla de vacunaci\u00f3n y est\u00e9n identificados (tatuaje o chip). La tarifa es de 6\u20ac por noche. <\/p>\n<\/div><\/div>\n\n<div class=\"et_pb_accordion_item_34 et_pb_accordion_item et_pb_toggle et_pb_module et_pb_toggle_close et_flex_module\"><h3 class=\"et_pb_toggle_title\">\u00bfEs posible hacer una barbacoa dentro del camping?<\/h3><div class=\"et_pb_toggle_content et_flex_module\"><p>S\u00ed, pero solo se permiten barbacoas y planchas de gas (no el\u00e9ctricas). A tener en cuenta: es posible alquilarlas en recepci\u00f3n por una tarifa de 28 a 35\u20ac seg\u00fan el tama\u00f1o. <\/p>\n<\/div><\/div>\n<\/div>\n<\/div>\n<\/div>\n<\/div>\n\n<div class=\"et_pb_section_7 et_pb_section et_section_regular et_flex_section\">\n<div class=\"et_pb_row_6 et_pb_row et_flex_row\">\n<div class=\"et_pb_column_6 et_pb_column et-last-child et_flex_column et_pb_css_mix_blend_mode_passthrough et_flex_column_24_24 et_flex_column_24_24_tablet et_flex_column_24_24_phone\">\n<div class=\"et_pb_text_8 et_pb_text et_pb_bg_layout_light et_pb_module et_flex_module\"><div class=\"et_pb_text_inner\"><h2>Reserva y preparativos<\/h2>\n<\/div><\/div>\n\n<div class=\"et_pb_accordion_5 et_pb_accordion et_pb_module et_flex_module\">\n<div class=\"et_pb_accordion_item_35 et_pb_accordion_item et_pb_toggle et_pb_module et_pb_toggle_open et_flex_module\"><h3 class=\"et_pb_toggle_title\">\u00bfC\u00f3mo reservar tu estancia en el camping La Plage?<\/h3><div class=\"et_pb_toggle_content et_flex_module\"><p>Entra en nuestra web, selecciona el alojamiento que prefieras y tus fechas de estancia, y luego realiza el pago. No olvides enviarnos el <a href=\"https:\/\/www.laplage-argeles.fr\/wp-content\/uploads\/2026\/03\/Contrat-de-Reservation-Camping-La-Plage-Argeles-1.pdf\" target=\"_blank\" rel=\"noopener\">contrato de reserva<\/a> cumplimentado y firmado. <\/p>\n<\/div><\/div>\n\n<div class=\"et_pb_accordion_item_36 et_pb_accordion_item et_pb_toggle et_pb_module et_pb_toggle_close et_flex_module\"><h3 class=\"et_pb_toggle_title\">\u00bfDe cu\u00e1nto es la fianza?<\/h3><div class=\"et_pb_toggle_content et_flex_module\"><p>La fianza a pagar es de 350\u20ac por alojamiento. Se cobra y, si no tenemos nada que se\u00f1alar tras tu salida (da\u00f1os, limpieza no conforme), se anula. <\/p>\n<\/div><\/div>\n\n<div class=\"et_pb_accordion_item_37 et_pb_accordion_item et_pb_toggle et_pb_module et_pb_toggle_close et_flex_module\"><h3 class=\"et_pb_toggle_title\">\u00bfQu\u00e9 m\u00e9todos de pago se aceptan?<\/h3><div class=\"et_pb_toggle_content et_flex_module\"><p>En el camping La Plage se puede pagar con tarjeta bancaria, efectivo, cheques, transferencia bancaria y cheques vacaciones (excepto cheques vacaciones Connect).<\/p>\n<\/div><\/div>\n\n<div class=\"et_pb_accordion_item_38 et_pb_accordion_item et_pb_toggle et_pb_module et_pb_toggle_close et_flex_module\"><h3 class=\"et_pb_toggle_title\">\u00bfCu\u00e1les son las condiciones de reserva?<\/h3><div class=\"et_pb_toggle_content et_flex_module\"><p>Consulta todas las condiciones de reserva <a href=\"https:\/\/www.laplage-argeles.fr\/wp-content\/uploads\/2026\/03\/Contrat-de-Reservation-Camping-La-Plage-Argeles.pdf\" target=\"_blank\" rel=\"noopener\">aqu\u00ed<\/a>.<\/p>\n<\/div><\/div>\n\n<div class=\"et_pb_accordion_item_39 et_pb_accordion_item et_pb_toggle et_pb_module et_pb_toggle_close et_flex_module\"><h3 class=\"et_pb_toggle_title\">\u00bfExiste una garant\u00eda de anulaci\u00f3n?<\/h3><div class=\"et_pb_toggle_content et_flex_module\"><p>S\u00ed, el camping te permite cancelar tu estancia bajo ciertas condiciones, que puedes consultar <a href=\"https:\/\/www.laplage-argeles.fr\/wp-content\/uploads\/2026\/03\/PACK-LIBERTE-GARANTIE-ANNULATION_Camping-La-Plage-Argeles-1.pdf\" target=\"_blank\" rel=\"noopener\">aqu\u00ed<\/a>.<\/p>\n<\/div><\/div>\n\n<div class=\"et_pb_accordion_item_40 et_pb_accordion_item et_pb_toggle et_pb_module et_pb_toggle_close et_flex_module\"><h3 class=\"et_pb_toggle_title\">\u00bfEl camping ofrece ofertas de precios?<\/h3><div class=\"et_pb_toggle_content et_flex_module\"><p>S\u00ed, el camping ofrece ofertas tarifarias regularmente.<\/p>\n<\/div><\/div>\n\n<div class=\"et_pb_accordion_item_41 et_pb_accordion_item et_pb_toggle et_pb_module et_pb_toggle_close et_flex_module\"><h3 class=\"et_pb_toggle_title\">\u00bfC\u00f3mo preparar tus vacaciones en el camping La Plage?<\/h3><div class=\"et_pb_toggle_content et_flex_module\"><p>Para preparar tus vacaciones en el camping La Plage de la mejor manera, descarga la aplicaci\u00f3n Cool\u2019n Camp. Te permite indicar tu hora de llegada, hacer el check-in o enviar un mensaje a recepci\u00f3n. <a href=\"https:\/\/www.laplage-argeles.fr\/es\/informacion-practica\/\">Descarga aqu\u00ed la app para iPhone y Android<\/a>. <\/p>\n<\/div><\/div>\n\n<div class=\"et_pb_accordion_item_42 et_pb_accordion_item et_pb_toggle et_pb_module et_pb_toggle_close et_flex_module\"><h3 class=\"et_pb_toggle_title\">\u00bfCu\u00e1les son los d\u00edas y horarios de llegada y salida?<\/h3><div class=\"et_pb_toggle_content et_flex_module\"><p>Puedes llegar todos los d\u00edas en temporada baja, y los s\u00e1bados y domingos en julio y agosto.<\/p>\n<p>Si te alojas en mobil-home, las llegadas son entre las 16:00 y las 19:00, y las salidas como muy tarde a las 10:00. Si pasas tus vacaciones en una parcela, puedes llegar entre las 13:00 y las 19:00, y debes salir antes de las 11:00. <\/p>\n<p>Fuera de los horarios establecidos, deja tus llaves en el buz\u00f3n del lado de la playa.<\/p>\n<\/div><\/div>\n\n<div class=\"et_pb_accordion_item_43 et_pb_accordion_item et_pb_toggle et_pb_module et_pb_toggle_close et_flex_module\"><h3 class=\"et_pb_toggle_title\">\u00bfC\u00f3mo llegar al camping La Plage?<\/h3><div class=\"et_pb_toggle_content et_flex_module\"><p>Puedes venir directamente en coche por la A9 (salida Perpi\u00f1\u00e1n sur) y luego tomar la D 914 direcci\u00f3n Argel\u00e8s-sur-Mer (salida n.\u00ba 10).<\/p>\n<p>Si vienes en tren o en avi\u00f3n, el aeropuerto internacional de Perpi\u00f1\u00e1n-Rivesaltes est\u00e1 a 30 km del camping, y la estaci\u00f3n de Perpi\u00f1\u00e1n a 24 km.<\/p>\n<p>La direcci\u00f3n del camping La Plage es la siguiente: Avenue G\u00e9n\u00e9ral De Gaulle<br \/>\n66700 Argel\u00e8s-sur-Mer.<\/p>\n<\/div><\/div>\n<\/div>\n<\/div>\n<\/div>\n<\/div>\n\n<div class=\"et_pb_section_8 et_pb_section et_section_regular et_flex_section\">\n<div class=\"et_pb_row_7 et_pb_row et_flex_row\">\n<div class=\"et_pb_column_7 et_pb_column et-last-child et_flex_column et_pb_css_mix_blend_mode_passthrough et_flex_column_24_24 et_flex_column_24_24_tablet et_flex_column_24_24_phone\">\n<div class=\"et_pb_text_9 et_pb_text et_pb_bg_layout_light et_pb_module et_flex_module\"><div class=\"et_pb_text_inner\"><h2>Turismo<br \/>\n<\/h2>\n<\/div><\/div>\n\n<div class=\"et_pb_accordion_6 et_pb_accordion et_pb_module et_flex_module\">\n<div class=\"et_pb_accordion_item_44 et_pb_accordion_item et_pb_toggle et_pb_module et_pb_toggle_open et_flex_module\"><h3 class=\"et_pb_toggle_title\">\u00bfQu\u00e9 visitar alrededor del camping?<\/h3><div class=\"et_pb_toggle_content et_flex_module\"><p>Adem\u00e1s de Argel\u00e8s-sur-Mer y sus numerosos puntos de inter\u00e9s, no te pierdas Collioure, Perpi\u00f1\u00e1n, Cadaqu\u00e9s o La Jonquera.<\/p>\n<\/div><\/div>\n\n<div class=\"et_pb_accordion_item_45 et_pb_accordion_item et_pb_toggle et_pb_module et_pb_toggle_close et_flex_module\"><h3 class=\"et_pb_toggle_title\">\u00bfEst\u00e1 situado el camping cerca de la playa?<\/h3><div class=\"et_pb_toggle_content et_flex_module\"><p>S\u00ed, el camping est\u00e1 junto al mar, \u00a1a solo 200 m de la playa!<\/p>\n<p>As\u00ed, solo necesitar\u00e1s unos 4 minutos para llegar a pie a la playa Central de Argel\u00e8s-sur-Mer.<\/p>\n<\/div><\/div>\n\n<div class=\"et_pb_accordion_item_46 et_pb_accordion_item et_pb_toggle et_pb_module et_pb_toggle_close et_flex_module\"><h3 class=\"et_pb_toggle_title\">\u00bfEl camping est\u00e1 cerca de la monta\u00f1a?<\/h3><div class=\"et_pb_toggle_content et_flex_module\"><p>S\u00ed, el camping est\u00e1 al pie del macizo de las Alb\u00e8res. \u00a1Perfecto para hacer rutas de senderismo durante las vacaciones! <\/p>\n<\/div><\/div>\n\n<div class=\"et_pb_accordion_item_47 et_pb_accordion_item et_pb_toggle et_pb_module et_pb_toggle_close et_flex_module\"><h3 class=\"et_pb_toggle_title\">\u00bfEl camping est\u00e1 cerca del centro de Argel\u00e8s-sur-Mer?<\/h3><div class=\"et_pb_toggle_content et_flex_module\"><p>El centro de Argel\u00e8s-sur-Mer est\u00e1 a solo 5 minutos en coche del camping y a menos de 30 minutos a pie.<\/p>\n<\/div><\/div>\n\n<div class=\"et_pb_accordion_item_48 et_pb_accordion_item et_pb_toggle et_pb_module et_pb_toggle_close et_flex_module\"><h3 class=\"et_pb_toggle_title\">\u00bfSe pueden encontrar comercios cerca del camping?<\/h3><div class=\"et_pb_toggle_content et_flex_module\"><p>S\u00ed, encontrar\u00e1s una panader\u00eda a 500 m, un supermercado a 200 m y muchos otros comercios y restaurantes cerca.<\/p>\n<\/div><\/div>\n<\/div>\n<\/div>\n<\/div>\n<\/div>","protected":false},"excerpt":{"rendered":"","protected":false},"author":1,"featured_media":0,"parent":0,"menu_order":0,"comment_status":"closed","ping_status":"closed","template":"","meta":{"_acf_changed":false,"inline_featured_image":false,"footnotes":""},"class_list":["post-77970","page","type-page","status-publish","hentry"],"acf":[],"yoast_head":"<!-- This site is optimized with the Yoast SEO plugin v27.4 - https:\/\/yoast.com\/product\/yoast-seo-wordpress\/ -->\n<title>FAQ - C\u00e1mping La Plage Argel\u00e8s<\/title>\n<meta name=\"description\" content=\"FAQ C\u00e1mping La Plage en Argel\u00e8s-sur-Mer: informaci\u00f3n pr\u00e1ctica, reservas, servicios, animaci\u00f3n, acceso a la playa y consejos para preparar su estancia.\" \/>\n<meta name=\"robots\" content=\"index, follow, max-snippet:-1, max-image-preview:large, max-video-preview:-1\" \/>\n<link rel=\"canonical\" href=\"https:\/\/www.laplage-argeles.fr\/es\/preguntas-frecuentes-camping-la-plage-argeles\/\" \/>\n<meta property=\"og:locale\" content=\"es_ES\" \/>\n<meta property=\"og:type\" content=\"article\" \/>\n<meta property=\"og:title\" content=\"FAQ - C\u00e1mping La Plage Argel\u00e8s\" \/>\n<meta property=\"og:description\" content=\"FAQ C\u00e1mping La Plage en Argel\u00e8s-sur-Mer: informaci\u00f3n pr\u00e1ctica, reservas, servicios, animaci\u00f3n, acceso a la playa y consejos para preparar su estancia.\" \/>\n<meta property=\"og:url\" content=\"https:\/\/www.laplage-argeles.fr\/es\/preguntas-frecuentes-camping-la-plage-argeles\/\" \/>\n<meta property=\"og:site_name\" content=\"Camping la Plage \u00e0 Argeles\" \/>\n<meta property=\"article:modified_time\" content=\"2026-04-29T08:47:46+00:00\" \/>\n<meta name=\"twitter:card\" content=\"summary_large_image\" \/>\n<script type=\"application\/ld+json\" class=\"yoast-schema-graph\">{\"@context\":\"https:\\\/\\\/schema.org\",\"@graph\":[{\"@type\":\"WebPage\",\"@id\":\"https:\\\/\\\/www.laplage-argeles.fr\\\/es\\\/preguntas-frecuentes-camping-la-plage-argeles\\\/\",\"url\":\"https:\\\/\\\/www.laplage-argeles.fr\\\/es\\\/preguntas-frecuentes-camping-la-plage-argeles\\\/\",\"name\":\"FAQ - C\u00e1mping La Plage Argel\u00e8s\",\"isPartOf\":{\"@id\":\"https:\\\/\\\/www.laplage-argeles.fr\\\/es\\\/#website\"},\"datePublished\":\"2026-03-19T14:52:07+00:00\",\"dateModified\":\"2026-04-29T08:47:46+00:00\",\"description\":\"FAQ C\u00e1mping La Plage en Argel\u00e8s-sur-Mer: informaci\u00f3n pr\u00e1ctica, reservas, servicios, animaci\u00f3n, acceso a la playa y consejos para preparar su estancia.\",\"breadcrumb\":{\"@id\":\"https:\\\/\\\/www.laplage-argeles.fr\\\/es\\\/preguntas-frecuentes-camping-la-plage-argeles\\\/#breadcrumb\"},\"inLanguage\":\"es\",\"potentialAction\":[{\"@type\":\"ReadAction\",\"target\":[\"https:\\\/\\\/www.laplage-argeles.fr\\\/es\\\/preguntas-frecuentes-camping-la-plage-argeles\\\/\"]}]},{\"@type\":\"BreadcrumbList\",\"@id\":\"https:\\\/\\\/www.laplage-argeles.fr\\\/es\\\/preguntas-frecuentes-camping-la-plage-argeles\\\/#breadcrumb\",\"itemListElement\":[{\"@type\":\"ListItem\",\"position\":1,\"name\":\"Camping Plage Argel\u00e8s-sur-Mer\",\"item\":\"https:\\\/\\\/www.laplage-argeles.fr\\\/es\\\/\"},{\"@type\":\"ListItem\",\"position\":2,\"name\":\"PREGUNTAS FRECUENTES\"}]},{\"@type\":\"WebSite\",\"@id\":\"https:\\\/\\\/www.laplage-argeles.fr\\\/es\\\/#website\",\"url\":\"https:\\\/\\\/www.laplage-argeles.fr\\\/es\\\/\",\"name\":\"Camping la Plage \u00e0 Argeles\",\"description\":\"\",\"potentialAction\":[{\"@type\":\"SearchAction\",\"target\":{\"@type\":\"EntryPoint\",\"urlTemplate\":\"https:\\\/\\\/www.laplage-argeles.fr\\\/es\\\/?s={search_term_string}\"},\"query-input\":{\"@type\":\"PropertyValueSpecification\",\"valueRequired\":true,\"valueName\":\"search_term_string\"}}],\"inLanguage\":\"es\"}]}<\/script>\n<!-- \/ Yoast SEO plugin. -->","yoast_head_json":{"title":"FAQ - C\u00e1mping La Plage Argel\u00e8s","description":"FAQ C\u00e1mping La Plage en Argel\u00e8s-sur-Mer: informaci\u00f3n pr\u00e1ctica, reservas, servicios, animaci\u00f3n, acceso a la playa y consejos para preparar su estancia.","robots":{"index":"index","follow":"follow","max-snippet":"max-snippet:-1","max-image-preview":"max-image-preview:large","max-video-preview":"max-video-preview:-1"},"canonical":"https:\/\/www.laplage-argeles.fr\/es\/preguntas-frecuentes-camping-la-plage-argeles\/","og_locale":"es_ES","og_type":"article","og_title":"FAQ - C\u00e1mping La Plage Argel\u00e8s","og_description":"FAQ C\u00e1mping La Plage en Argel\u00e8s-sur-Mer: informaci\u00f3n pr\u00e1ctica, reservas, servicios, animaci\u00f3n, acceso a la playa y consejos para preparar su estancia.","og_url":"https:\/\/www.laplage-argeles.fr\/es\/preguntas-frecuentes-camping-la-plage-argeles\/","og_site_name":"Camping la Plage \u00e0 Argeles","article_modified_time":"2026-04-29T08:47:46+00:00","twitter_card":"summary_large_image","schema":{"@context":"https:\/\/schema.org","@graph":[{"@type":"WebPage","@id":"https:\/\/www.laplage-argeles.fr\/es\/preguntas-frecuentes-camping-la-plage-argeles\/","url":"https:\/\/www.laplage-argeles.fr\/es\/preguntas-frecuentes-camping-la-plage-argeles\/","name":"FAQ - C\u00e1mping La Plage Argel\u00e8s","isPartOf":{"@id":"https:\/\/www.laplage-argeles.fr\/es\/#website"},"datePublished":"2026-03-19T14:52:07+00:00","dateModified":"2026-04-29T08:47:46+00:00","description":"FAQ C\u00e1mping La Plage en Argel\u00e8s-sur-Mer: informaci\u00f3n pr\u00e1ctica, reservas, servicios, animaci\u00f3n, acceso a la playa y consejos para preparar su estancia.","breadcrumb":{"@id":"https:\/\/www.laplage-argeles.fr\/es\/preguntas-frecuentes-camping-la-plage-argeles\/#breadcrumb"},"inLanguage":"es","potentialAction":[{"@type":"ReadAction","target":["https:\/\/www.laplage-argeles.fr\/es\/preguntas-frecuentes-camping-la-plage-argeles\/"]}]},{"@type":"BreadcrumbList","@id":"https:\/\/www.laplage-argeles.fr\/es\/preguntas-frecuentes-camping-la-plage-argeles\/#breadcrumb","itemListElement":[{"@type":"ListItem","position":1,"name":"Camping Plage Argel\u00e8s-sur-Mer","item":"https:\/\/www.laplage-argeles.fr\/es\/"},{"@type":"ListItem","position":2,"name":"PREGUNTAS FRECUENTES"}]},{"@type":"WebSite","@id":"https:\/\/www.laplage-argeles.fr\/es\/#website","url":"https:\/\/www.laplage-argeles.fr\/es\/","name":"Camping la Plage \u00e0 Argeles","description":"","potentialAction":[{"@type":"SearchAction","target":{"@type":"EntryPoint","urlTemplate":"https:\/\/www.laplage-argeles.fr\/es\/?s={search_term_string}"},"query-input":{"@type":"PropertyValueSpecification","valueRequired":true,"valueName":"search_term_string"}}],"inLanguage":"es"}]}},"_links":{"self":[{"href":"https:\/\/www.laplage-argeles.fr\/es\/wp-json\/wp\/v2\/pages\/77970","targetHints":{"allow":["GET"]}}],"collection":[{"href":"https:\/\/www.laplage-argeles.fr\/es\/wp-json\/wp\/v2\/pages"}],"about":[{"href":"https:\/\/www.laplage-argeles.fr\/es\/wp-json\/wp\/v2\/types\/page"}],"author":[{"embeddable":true,"href":"https:\/\/www.laplage-argeles.fr\/es\/wp-json\/wp\/v2\/users\/1"}],"replies":[{"embeddable":true,"href":"https:\/\/www.laplage-argeles.fr\/es\/wp-json\/wp\/v2\/comments?post=77970"}],"version-history":[{"count":19,"href":"https:\/\/www.laplage-argeles.fr\/es\/wp-json\/wp\/v2\/pages\/77970\/revisions"}],"predecessor-version":[{"id":79903,"href":"https:\/\/www.laplage-argeles.fr\/es\/wp-json\/wp\/v2\/pages\/77970\/revisions\/79903"}],"wp:attachment":[{"href":"https:\/\/www.laplage-argeles.fr\/es\/wp-json\/wp\/v2\/media?parent=77970"}],"curies":[{"name":"wp","href":"https:\/\/api.w.org\/{rel}","templated":true}]}}