{"id":78124,"date":"2026-03-17T13:00:01","date_gmt":"2026-03-17T13:00:01","guid":{"rendered":"https:\/\/www.laplage-argeles.fr\/los-atypiks\/"},"modified":"2026-04-29T07:17:21","modified_gmt":"2026-04-29T07:17:21","slug":"los-atypiks","status":"publish","type":"page","link":"https:\/\/www.laplage-argeles.fr\/es\/los-atypiks\/","title":{"rendered":"Los Atypiks"},"content":{"rendered":"<div class=\"et_pb_section_0 et_pb_section et_section_regular et_block_section\"><\/div>\n\n<div class=\"et_pb_section_1 et_pb_section et_section_regular et_flex_section\">\n<div class=\"et_pb_row_0 et_pb_row et_flex_row\">\n<div class=\"et_pb_column_0 et_pb_column et-last-child et_flex_column et_pb_css_mix_blend_mode_passthrough et_flex_column_24_24 et_flex_column_24_24_tablet et_flex_column_24_24_phone\">\n<div class=\"et_pb_text_0 et_pb_text et_pb_bg_layout_light et_pb_module et_flex_module\"><div class=\"et_pb_text_inner\"><span><span><a href=\"https:\/\/www.laplage-argeles.fr\/es\/\">Camping Plage Argel\u00e8s-sur-Mer<\/a><\/span><\/span>\n<\/div><\/div>\n\n<div class=\"et_pb_text_1 et_pb_text et_pb_bg_layout_light et_pb_module et_flex_module\"><div class=\"et_pb_text_inner\"><h1>Alquile un alojamiento ins\u00f3lito en Argel\u00e8s-sur-Mer<\/h1>\n<\/div><\/div>\n\n<div class=\"et_pb_text_2 et_pb_text et_pb_bg_layout_light et_pb_module et_flex_module\"><div class=\"et_pb_text_inner\"><p>\u00bfLe apetece cambiar la cl\u00e1sica casa m\u00f3vil para su <strong>estancia en los Pirineos Orientales<\/strong>? Descubra nuestro <strong>alojamiento ins\u00f3lito en Argel\u00e8s-sur-Mer<\/strong>, para una <strong>estancia original<\/strong> entre confort, naturaleza y buen humor! <\/p>\n<p>No hace falta ir al fin del mundo para vivir una <strong>experiencia diferente<\/strong>: nuestro <a href=\"https:\/\/www.laplage-argeles.fr\/es\/\">camping en Argel\u00e8s-sur-Mer<\/a> le espera, <strong>a un paso de la playa<\/strong> y bajo el sol catal\u00e1n. \u00a1Prep\u00e1rese para unas <strong>vacaciones que se salen un poco de lo com\u00fan<\/strong>\u2026 justo lo que necesita! <\/p>\n<\/div><\/div>\n<\/div>\n<\/div>\n<\/div>\n\n<div class=\"et_pb_section_2 et_pb_section et_section_regular et_flex_section\">\n<div class=\"et_pb_row_1 et_pb_row et_flex_row\">\n<div class=\"et_pb_column_1 et_pb_column et-last-child et_flex_column et_pb_css_mix_blend_mode_passthrough et_flex_column_24_24 et_flex_column_24_24_tablet et_flex_column_24_24_phone\">\n<div class=\"et_pb_text_3 et_pb_text et_pb_bg_layout_light et_pb_module et_flex_module\"><div class=\"et_pb_text_inner\" data-et-mv-hidden-phone=\"true\"><h2>Nuestra tienda lodge disponible en Argel\u00e8s-sur-Mer<\/h2>\n<\/div><\/div>\n<\/div>\n<\/div>\n<\/div>\n\n<div class=\"et_pb_section_3 et_pb_section et_section_regular et_flex_section classic\">\n<div class=\"et_pb_row_2 et_pb_row et_flex_row\">\n<div class=\"et_pb_column_2 et_pb_column et-last-child et_flex_column et_pb_css_mix_blend_mode_passthrough et_flex_column_24_24 et_flex_column_24_24_tablet et_flex_column_24_24_phone\">\n<div class=\"et_pb_image_0 et_pb_image et_pb_module et_flex_module\"><span class=\"et_pb_image_wrap\"><img loading=\"lazy\" decoding=\"async\" src=\"https:\/\/www.laplage-argeles.fr\/wp-content\/uploads\/2026\/04\/tente-lodge-bali.jpg\" alt=\"Tienda Lodge Bali\" title=\"Tienda Lodge Bali\" width=\"730\" height=\"525\" srcset=\"https:\/\/www.laplage-argeles.fr\/wp-content\/uploads\/2026\/04\/tente-lodge-bali.jpg 730w, https:\/\/www.laplage-argeles.fr\/wp-content\/uploads\/2026\/04\/tente-lodge-bali-480x345.jpg 480w\" sizes=\"(min-width: 0px) and (max-width: 480px) 480px, (min-width: 481px) 730px, 100vw\" class=\"wp-image-79059\" \/><\/span><\/div>\n\n<div class=\"et_pb_row_3 et_pb_row et_pb_row_nested et_flex_row\">\n<div class=\"et_pb_column_3 et_pb_column et_flex_column et_pb_css_mix_blend_mode_passthrough et_flex_column_12_24 et_flex_column_12_24_tablet et_flex_column_24_24_phone\">\n<div class=\"et_pb_text_4 et_pb_text et_pb_bg_layout_light et_pb_module et_flex_module\"><div class=\"et_pb_text_inner\"><p>LODGE<\/p>\n<\/div><\/div>\n\n<div class=\"et_pb_text_5 et_pb_text et_pb_bg_layout_light et_pb_module et_flex_module\"><div class=\"et_pb_text_inner\"><p>Bali<\/p>\n<\/div><\/div>\n\n<div class=\"et_pb_text_6 et_pb_text et_pb_bg_layout_light et_pb_module et_flex_module\"><div class=\"et_pb_text_inner\"><p><img loading=\"lazy\" decoding=\"async\" src=\"https:\/\/www.laplage-argeles.fr\/wp-content\/uploads\/2026\/03\/material-symbols-light_person-rounded.svg\" width=\"17\" height=\"17\" alt=\"Material Symbols Light Person Rounded\" class=\"wp-image-75343 alignnone size-full\">5 pers <img loading=\"lazy\" decoding=\"async\" class=\"cap\" src=\"https:\/\/www.laplage-argeles.fr\/wp-content\/uploads\/2026\/03\/layer1.svg\" width=\"13\" height=\"13\" alt=\"Layer1\"> 32m\u00b2<\/p>\n<\/div><\/div>\n<\/div>\n\n<div class=\"et_pb_column_4 et_pb_column et-last-child et_flex_column et_pb_css_mix_blend_mode_passthrough et_flex_column_12_24 et_flex_column_12_24_tablet et_flex_column_24_24_phone\">\n<div class=\"et_pb_text_7 et_pb_text et_pb_bg_layout_light et_pb_module et_flex_module\"><div class=\"et_pb_text_inner\"><p><img loading=\"lazy\" decoding=\"async\" src=\"https:\/\/www.laplage-argeles.fr\/wp-content\/uploads\/2026\/03\/basil_arrow-up-outline1.svg\" width=\"18\" height=\"18\" alt=\"Basil Arrow Up Outline(1)\" class=\"wp-image-75345 alignnone size-full\">a partir de <strong>51 \u20ac<\/strong>\/noche<\/p>\n<\/div><\/div>\n\n<div class=\"et_pb_module et_pb_button_module_wrapper et_pb_button_0_wrapper\"><a class=\"et_pb_button_0 et_pb_button et_pb_bg_layout_light et_pb_module et_flex_module\" href=\"https:\/\/www.laplage-argeles.fr\/es\/los-atypiks\/tienda-lodge-bali\/\">Descubra<\/a><\/div>\n<\/div>\n<\/div>\n<\/div>\n<\/div>\n<\/div>\n\n<div class=\"et_pb_section_4 et_pb_section et_section_regular et_flex_section\">\n<div class=\"et_pb_row_4 et_pb_row et_flex_row\">\n<div class=\"et_pb_column_5 et_pb_column et_flex_column et_pb_css_mix_blend_mode_passthrough et_flex_column_12_24 et_flex_column_12_24_tablet et_flex_column_24_24_phone\">\n<div class=\"et_pb_image_1 et_pb_image et_pb_module et_flex_module\"><span class=\"et_pb_image_wrap\"><img loading=\"lazy\" decoding=\"async\" src=\"https:\/\/www.laplage-argeles.fr\/wp-content\/uploads\/2026\/03\/la-tente-bali.png\" alt=\"La Tienda Bali\" title=\"La Tienda Bali\" width=\"634\" height=\"561\" srcset=\"https:\/\/www.laplage-argeles.fr\/wp-content\/uploads\/2026\/03\/la-tente-bali.png 634w, https:\/\/www.laplage-argeles.fr\/wp-content\/uploads\/2026\/03\/la-tente-bali-480x425.png 480w\" sizes=\"(min-width: 0px) and (max-width: 480px) 480px, (min-width: 481px) 634px, 100vw\" class=\"wp-image-77517\" \/><\/span><\/div>\n<\/div>\n\n<div class=\"et_pb_column_6 et_pb_column et-last-child et_flex_column et_pb_css_mix_blend_mode_passthrough et_flex_column_12_24 et_flex_column_12_24_tablet et_flex_column_24_24_phone\">\n<div class=\"et_pb_text_8 et_pb_text et_pb_bg_layout_light et_pb_module et_flex_module\"><div class=\"et_pb_text_inner\" data-et-mv-hidden-phone=\"true\"><h2>La tienda Bali: su lodge ins\u00f3lito en Argel\u00e8s-sur-Mer<\/h2>\n<\/div><\/div>\n\n<div class=\"et_pb_text_9 et_pb_text et_pb_bg_layout_light et_pb_module et_flex_module read-more-container\"><div class=\"et_pb_text_inner\"><p>\u00bfNecesita un alojamiento que se salga del <a href=\"https:\/\/www.laplage-argeles.fr\/es\/los-mobil-homes\/\">alquiler de casas m\u00f3viles en Argel\u00e8s-sur-Mer<\/a>? La <strong>tienda Bali<\/strong>, un compromiso perfecto entre el camping tradicional y el confort moderno, le promete una <strong>experiencia \u00fanica en lodge en Argel\u00e8s-sur-Mer<\/strong>. Este <strong>alojamiento ins\u00f3lito de 32 m\u00b2<\/strong> puede acoger hasta <strong>5 personas<\/strong>, con:  <\/p>\n<ul>\n<li style=\"font-weight: 400;\" aria-level=\"1\">2 habitaciones c\u00f3modas,<\/li>\n<li style=\"font-weight: 400;\" aria-level=\"1\">una zona de cocina equipada (placa de gas, frigor\u00edfico-congelador, microondas, vajilla),<\/li>\n<li style=\"font-weight: 400;\" aria-level=\"1\">una <strong>terraza cubierta<\/strong> para sus comidas al aire libre.<\/li>\n<\/ul>\n<p>Sin sanitarios ni agua corriente, la tienda Bali permite <strong>recuperar la simplicidad del camping<\/strong>, mientras disfruta de todas las <strong>infraestructuras del recinto<\/strong>: piscina, snack-bar, sanitarios limpios, wifi (con suplemento) y zonas de juegos.<\/p>\n<p>\u26a0\ufe0f Este alojamiento no est\u00e1 equipado con TV \u2014 \u00a1para una verdadera desconexi\u00f3n!<\/p>\n<p>Se admiten animales (excepto categor\u00edas 1 y 2), con suplemento y cartilla de vacunaci\u00f3n al d\u00eda.<\/p>\n<\/div><\/div>\n<\/div>\n<\/div>\n<\/div>\n\n<div class=\"et_pb_section_5 et_pb_section et_section_regular et_flex_section\">\n<div class=\"et_pb_row_5 et_pb_row et_flex_row\">\n<div class=\"et_pb_column_7 et_pb_column et-last-child et_flex_column et_pb_css_mix_blend_mode_passthrough et_flex_column_24_24 et_flex_column_24_24_tablet et_flex_column_24_24_phone\">\n<div class=\"et_pb_text_10 et_pb_text et_pb_bg_layout_light et_pb_module et_flex_module\"><div class=\"et_pb_text_inner\" data-et-mv-hidden-phone=\"true\"><h2>Un alojamiento ins\u00f3lito en un entorno natural y arbolado a un paso del mar<\/h2>\n<\/div><\/div>\n\n<div class=\"et_pb_text_11 et_pb_text et_pb_bg_layout_light et_pb_module et_flex_module read-more-container\"><div class=\"et_pb_text_inner\"><p>Situado en un entorno <strong>sombreado y verde<\/strong>, nuestro <strong>camping de tama\u00f1o humano (247 parcelas)<\/strong> ofrece un ambiente agradable y relajante. Cada alojamiento est\u00e1 delimitado por setos vegetales para preservar su intimidad. Aqu\u00ed no necesita coche: la playa y el centro de Argel\u00e8s-sur-Mer son accesibles a pie en solo 4 minutos.  <\/p>\n<\/div><\/div>\n<\/div>\n<\/div>\n\n<div class=\"et_pb_row_6 et_pb_row et_flex_row\">\n<div class=\"et_pb_column_8 et_pb_column et-last-child et_flex_column et_pb_css_mix_blend_mode_passthrough et_flex_column_24_24 et_flex_column_24_24_tablet et_flex_column_24_24_phone\">\n<div class=\"et_pb_code_0 et_pb_code et_pb_module\"><div class=\"et_pb_code_inner\" data-et-mv-hidden-phone=\"true\"><script>jQuery(function ($) {\n $('.slider-for').slick({\n  slidesToShow: 1,\n  slidesToScroll: 1,\n  arrows: true,\n  fade: true,\n  asNavFor: '.slider-nav'\n});\n$('.slider-nav').slick({\n  vertical: true,\n  arrows: false,\n  slidesToShow: 3,\n  slidesToScroll: 1,\n  asNavFor: '.slider-for',\n  dots: false,\n  centerMode: false,\n  focusOnSelect: true,\n  responsive: [\n    {\n      breakpoint: 768,\n      settings: {\n        vertical: true,\n        slidesToShow: 1,\n        slidesToScroll: 3,\n        infinite: true,\n        dots: false\n      }\n    }]\n});\n});\n<\/script><\/div><\/div>\n<\/div>\n<\/div>\n<\/div>\n\n<div class=\"et_pb_section_6 et_pb_section et_section_regular et_flex_section\">\n<div class=\"et_pb_row_7 et_pb_row et_flex_row\">\n<div class=\"et_pb_column_9 et_pb_column et_flex_column et_pb_css_mix_blend_mode_passthrough et_flex_column_12_24 et_flex_column_12_24_tablet et_flex_column_24_24_phone\">\n<div class=\"et_pb_text_12 et_pb_text et_pb_bg_layout_light et_pb_module et_flex_module\"><div class=\"et_pb_text_inner\" data-et-mv-hidden-phone=\"true\"><h2>Disfrute de las instalaciones del camping a un paso de su lodge<\/h2>\n<\/div><\/div>\n\n<div class=\"et_pb_text_13 et_pb_text et_pb_bg_layout_light et_pb_module et_flex_module read-more-container\"><div class=\"et_pb_text_inner\"><p>En <strong>nuestro camping en Argel\u00e8s-sur-Mer<\/strong>, cada detalle cuenta para que tus vacaciones transcurran <strong>sin estr\u00e9s<\/strong>. En nuestro camping, todo est\u00e1 pensado para que disfrutes al m\u00e1ximo de tu estancia en familia, con amigos o en pareja en tu <strong>alojamiento ins\u00f3lito en Argel\u00e8s-sur-Mer<\/strong>:<\/p>\n<p>&nbsp;<\/p>\n<ul>\n<li style=\"font-weight: 400;\" aria-level=\"1\">Un <strong>snack-bar acogedor<\/strong> abierto en temporada para sus pausas gourmet.<\/li>\n<li style=\"font-weight: 400;\" aria-level=\"1\">Unos <strong>sanitarios limpios<\/strong>, con un espacio para beb\u00e9s y acceso para personas con movilidad reducida.<\/li>\n<li style=\"font-weight: 400;\" aria-level=\"1\">Un <strong>\u00e1rea dedicada a autocaravanas<\/strong>, pr\u00e1ctica y funcional.<\/li>\n<li style=\"font-weight: 400;\" aria-level=\"1\">El <strong>alquiler de material<\/strong> (plancha, toallas de ba\u00f1o, s\u00e1banas, cuna de beb\u00e9\u2026) para viajar ligero.<\/li>\n<li style=\"font-weight: 400;\" aria-level=\"1\">Un <strong>wifi de alta velocidad<\/strong> con suplemento disponible en todo el camping.<\/li>\n<li style=\"font-weight: 400;\" aria-level=\"1\">Unas <strong>zonas de ocio<\/strong>: pista de petanca, mesas de ping-pong, city stade y zona de juegos infantiles.<\/li>\n<li style=\"font-weight: 400;\" aria-level=\"1\">Y una zona acu\u00e1tica con piscina desbordante.<\/li>\n<\/ul>\n<\/div><\/div>\n<\/div>\n\n<div class=\"et_pb_column_10 et_pb_column et-last-child et_flex_column et_pb_css_mix_blend_mode_passthrough et_flex_column_12_24 et_flex_column_12_24_tablet et_flex_column_24_24_phone\">\n<div class=\"et_pb_image_2 et_pb_image et_pb_module et_flex_module\"><span class=\"et_pb_image_wrap\"><img loading=\"lazy\" decoding=\"async\" src=\"https:\/\/www.laplage-argeles.fr\/wp-content\/uploads\/2026\/03\/infrastructures-du-camping.png\" alt=\"Instalaciones del C\u00e1mping\" title=\"Instalaciones del C\u00e1mping\" width=\"634\" height=\"561\" srcset=\"https:\/\/www.laplage-argeles.fr\/wp-content\/uploads\/2026\/03\/infrastructures-du-camping.png 634w, https:\/\/www.laplage-argeles.fr\/wp-content\/uploads\/2026\/03\/infrastructures-du-camping-480x425.png 480w\" sizes=\"(min-width: 0px) and (max-width: 480px) 480px, (min-width: 481px) 634px, 100vw\" class=\"wp-image-77516\" \/><\/span><\/div>\n<\/div>\n<\/div>\n<\/div>\n\n<div class=\"et_pb_section_7 et_pb_section et_section_regular et_flex_section\">\n<div class=\"et_pb_row_8 et_pb_row et_flex_row\">\n<div class=\"et_pb_column_11 et_pb_column et_flex_column et_pb_css_mix_blend_mode_passthrough et_flex_column_12_24 et_flex_column_12_24_tablet et_flex_column_24_24_phone\">\n<div class=\"et_pb_image_3 et_pb_image et_pb_module et_flex_module\"><span class=\"et_pb_image_wrap\"><img loading=\"lazy\" decoding=\"async\" src=\"https:\/\/www.laplage-argeles.fr\/wp-content\/uploads\/2026\/03\/informations-pratiques-sejour-hebergement.png\" alt=\"Informaci\u00f3n Pr\u00e1ctica Estancia Alojamiento\" title=\"Informaci\u00f3n Pr\u00e1ctica Estancia Alojamiento\" width=\"654\" height=\"606\" srcset=\"https:\/\/www.laplage-argeles.fr\/wp-content\/uploads\/2026\/03\/informations-pratiques-sejour-hebergement.png 654w, https:\/\/www.laplage-argeles.fr\/wp-content\/uploads\/2026\/03\/informations-pratiques-sejour-hebergement-480x445.png 480w\" sizes=\"(min-width: 0px) and (max-width: 480px) 480px, (min-width: 481px) 654px, 100vw\" class=\"wp-image-77515\" \/><\/span><\/div>\n<\/div>\n\n<div class=\"et_pb_column_12 et_pb_column et-last-child et_flex_column et_pb_css_mix_blend_mode_passthrough et_flex_column_12_24 et_flex_column_12_24_tablet et_flex_column_24_24_phone\">\n<div class=\"et_pb_text_14 et_pb_text et_pb_bg_layout_light et_pb_module et_flex_module\"><div class=\"et_pb_text_inner\" data-et-mv-hidden-phone=\"true\"><h2>Informaci\u00f3n pr\u00e1ctica para su estancia en alojamiento ins\u00f3lito en Argel\u00e8s-sur-Mer<\/h2>\n<\/div><\/div>\n\n<div class=\"et_pb_text_15 et_pb_text et_pb_bg_layout_light et_pb_module et_flex_module read-more-container\"><div class=\"et_pb_text_inner\"><p><strong>Llegada<\/strong>: entre las 16:00 y las 19:00 (registro posible antes, acceso libre a las instalaciones mientras tanto). <strong>Salida<\/strong>: entre las 8:30 y las 10:00. Fuera de estos horarios, deje sus llaves en el buz\u00f3n previsto para ello en el lado de la playa. <strong>Parking<\/strong>: cada alojamiento dispone de una plaza privada en su parcela. <\/p>\n<p><strong>Estancias flexibles<\/strong>:<\/p>\n<ul>\n<li style=\"font-weight: 400;\" aria-level=\"1\">En temporada baja: llegada\/salida libre, estancia por noche.<\/li>\n<li style=\"font-weight: 400;\" aria-level=\"1\">En julio\/agosto: llegada el mi\u00e9rcoles, s\u00e1bado o domingo.<\/li>\n<\/ul>\n<p>Se ofrece un <strong>seguro de cancelaci\u00f3n<\/strong> en la reserva (4,5% de la estancia, m\u00ednimo 20 \u20ac).<\/p>\n<\/div><\/div>\n<\/div>\n<\/div>\n<\/div>\n\n<div class=\"et_pb_section_8 et_pb_section et_section_regular et_flex_section\">\n<div class=\"et_pb_row_9 et_pb_row et_flex_row\">\n<div class=\"et_pb_column_13 et_pb_column et-last-child et_flex_column et_pb_css_mix_blend_mode_passthrough et_flex_column_24_24 et_flex_column_24_24_tablet et_flex_column_24_24_phone\">\n<div class=\"et_pb_text_16 et_pb_text et_pb_bg_layout_light et_pb_module et_flex_module\"><div class=\"et_pb_text_inner\" data-et-mv-hidden-phone=\"true\"><h2>Pasar unas vacaciones originales en Argel\u00e8s-sur-Mer <\/h2>\n<\/div><\/div>\n\n<div class=\"et_pb_text_17 et_pb_text et_pb_bg_layout_light et_pb_module et_flex_module read-more-container\"><div class=\"et_pb_text_inner\"><p>En <strong>Argel\u00e8s-sur-Mer<\/strong>, \u00a1es imposible aburrirse! Entre mar, monta\u00f1a y tradiciones catalanas, cada d\u00eda depara un sinf\u00edn de descubrimientos. El <strong>camping La Plage<\/strong>, idealmente situado, es el punto de partida perfecto para descubrir la regi\u00f3n a su ritmo.  <\/p>\n<p>Desde su <strong>alojamiento ins\u00f3lito en Argel\u00e8s-sur-Mer<\/strong>, d\u00e9jese tentar por experiencias originales que har\u00e1n sus vacaciones inolvidables. Adem\u00e1s de las playas y los paseos por el sendero del litoral, viva momentos extraordinarios: sobrevuele la costa en <strong>paraca\u00eddas ascensional<\/strong>, emb\u00e1rquese en un <strong>crucero para avistar delfines<\/strong>, o explore los alrededores en un <strong>paseo vintage en Solex<\/strong>.  <\/p>\n<blockquote>\n<p>Los amantes de las emociones fuertes tambi\u00e9n apreciar\u00e1n el <strong>Canyoning Park<\/strong> o la <strong>Tour de l\u2019Extr\u00eame<\/strong> para un salto controlado de 28 metros. Y para un momento m\u00e1s tranquilo, dir\u00edjase al <strong>parque de Valmy<\/strong> para una sesi\u00f3n de yoga frente al mar o el descubrimiento de las <strong>\u00c1guilas de Valmy<\/strong>. Entre mar, naturaleza y aventuras ins\u00f3litas, Argel\u00e8s-sur-Mer ofrece una multitud de experiencias para vivir en pareja, en familia o con amigos, a solo unos minutos de su lodge.  <\/p>\n<\/blockquote>\n<\/div><\/div>\n\n<div class=\"et_pb_text_18 et_pb_text et_pb_bg_layout_light et_pb_module et_flex_module\"><div class=\"et_pb_text_inner\"><p><span class=\"read-more-btn\">Seguir leyendo<\/span><\/p>\n<\/div><\/div>\n<\/div>\n<\/div>\n\n<div class=\"et_pb_row_10 et_pb_row et_flex_row\">\n<div class=\"et_pb_column_14 et_pb_column et_flex_column et_pb_css_mix_blend_mode_passthrough et_flex_column_16_24 et_flex_column_16_24_tablet et_flex_column_24_24_phone\">\n<div class=\"et_pb_image_4 et_pb_image et_pb_module et_flex_module\"><span class=\"et_pb_image_wrap\"><img loading=\"lazy\" decoding=\"async\" src=\"https:\/\/www.laplage-argeles.fr\/wp-content\/uploads\/2026\/03\/passer-des-vacances-originales.png\" alt=\"Pasar unas vacaciones originales\" title=\"Pasar unas vacaciones originales\" width=\"850\" height=\"379\" srcset=\"https:\/\/www.laplage-argeles.fr\/wp-content\/uploads\/2026\/03\/passer-des-vacances-originales.png 850w, https:\/\/www.laplage-argeles.fr\/wp-content\/uploads\/2026\/03\/passer-des-vacances-originales-480x214.png 480w\" sizes=\"(min-width: 0px) and (max-width: 480px) 480px, (min-width: 481px) 850px, 100vw\" class=\"wp-image-77519\" \/><\/span><\/div>\n<\/div>\n\n<div class=\"et_pb_column_15 et_pb_column et-last-child et_flex_column et_pb_css_mix_blend_mode_passthrough et_flex_column_8_24 et_flex_column_8_24_tablet et_flex_column_24_24_phone\">\n<div class=\"et_pb_image_5 et_pb_image et_pb_module et_flex_module\"><span class=\"et_pb_image_wrap\"><img loading=\"lazy\" decoding=\"async\" src=\"https:\/\/www.laplage-argeles.fr\/wp-content\/uploads\/2026\/03\/argeles-sur-mer-vacances.png\" alt=\"Vacaciones en Argel\u00e8s-sur-Mer\" title=\"Vacaciones en Argel\u00e8s-sur-Mer\" width=\"416\" height=\"379\" srcset=\"https:\/\/www.laplage-argeles.fr\/wp-content\/uploads\/2026\/03\/argeles-sur-mer-vacances.png 416w, https:\/\/www.laplage-argeles.fr\/wp-content\/uploads\/2026\/03\/argeles-sur-mer-vacances-300x273.png 300w\" sizes=\"(max-width: 416px) 100vw, 416px\" class=\"wp-image-77514\" \/><\/span><\/div>\n<\/div>\n<\/div>\n\n<div class=\"et_pb_row_11 et_pb_row et_flex_row\">\n<div class=\"et_pb_column_16 et_pb_column et-last-child et_flex_column et_pb_css_mix_blend_mode_passthrough et_flex_column_24_24 et_flex_column_24_24_tablet et_flex_column_24_24_phone\">\n<div class=\"et_pb_code_1 et_pb_code et_pb_module\"><div class=\"et_pb_code_inner\" data-et-mv-hidden-phone=\"true\"><script>jQuery(function ($) {\n $('.slider-for').slick({\n  slidesToShow: 1,\n  slidesToScroll: 1,\n  arrows: true,\n  fade: true,\n  asNavFor: '.slider-nav'\n});\n$('.slider-nav').slick({\n  vertical: true,\n  arrows: false,\n  slidesToShow: 3,\n  slidesToScroll: 1,\n  asNavFor: '.slider-for',\n  dots: false,\n  centerMode: false,\n  focusOnSelect: true,\n  responsive: [\n    {\n      breakpoint: 768,\n      settings: {\n        vertical: true,\n        slidesToShow: 1,\n        slidesToScroll: 3,\n        infinite: true,\n        dots: false\n      }\n    }]\n});\n});\n<\/script><\/div><\/div>\n<\/div>\n<\/div>\n<\/div>\n\n<div class=\"et_pb_section_9 et_pb_section et_section_regular et_flex_section\">\n<div class=\"et_pb_row_12 et_pb_row et_flex_row\">\n<div class=\"et_pb_column_17 et_pb_column et-last-child et_flex_column et_pb_css_mix_blend_mode_passthrough et_flex_column_24_24 et_flex_column_24_24_tablet et_flex_column_24_24_phone\">\n<div class=\"et_pb_text_19 et_pb_text et_pb_bg_layout_light et_pb_module et_flex_module\"><div class=\"et_pb_text_inner\"><h2>Prepare su estancia en nuestros lodges en Argel\u00e8s-sur-Mer<\/h2>\n<\/div><\/div>\n\n<div class=\"et_pb_text_20 et_pb_text et_pb_bg_layout_light et_pb_module et_flex_module\"><div class=\"et_pb_text_inner\"><p>Informaci\u00f3n \u00fatil antes de hacer las maletas<\/p>\n<\/div><\/div>\n\n<div class=\"et_pb_accordion_0 et_pb_accordion et_pb_module et_flex_module\">\n<div class=\"et_pb_accordion_item_0 et_pb_accordion_item et_pb_toggle et_pb_module et_pb_toggle_open et_flex_module\"><h3 class=\"et_pb_toggle_title\">\u00bfQu\u00e9 promociones hay disponibles?<\/h3><div class=\"et_pb_toggle_content et_flex_module\"><p>Nuestro <a href=\"https:\/\/www.laplage-argeles.fr\/es\/las-tarifas\/\">camping econ\u00f3mico en Argel\u00e8s-sur-Mer<\/a> ofrece regularmente <strong>ofertas especiales<\/strong> seg\u00fan la temporada: descuentos en temporada baja, tarifas ventajosas en estancias cortas o promociones de \u00faltima hora. \u00a1Una excelente oportunidad para disfrutar de una <strong>estancia original en Argel\u00e8s-sur-Mer<\/strong> a buen precio! <\/p>\n<\/div><\/div>\n\n<div class=\"et_pb_accordion_item_1 et_pb_accordion_item et_pb_toggle et_pb_module et_pb_toggle_close et_flex_module\"><h3 class=\"et_pb_toggle_title\">\u00bfQu\u00e9 otro tipo de alojamiento ofrecen, adem\u00e1s del alojamiento ins\u00f3lito en Argel\u00e8s-sur-Mer?<\/h3><div class=\"et_pb_toggle_content et_flex_module\"><p>Adem\u00e1s de su <strong>alojamiento ins\u00f3lito en Argel\u00e8s-sur-Mer<\/strong>, <strong>ofrecemos<\/strong> varios otros alojamientos adaptados a todos los estilos de vacaciones. Puede optar por el <strong>alquiler de casas m\u00f3viles en Argel\u00e8s-sur-Mer<\/strong>, ideal para disfrutar del confort de una peque\u00f1a casa de vacaciones a pocos metros de la playa. Hay varias gamas disponibles \u2014 <strong>Classic, Confort, Prestige y Signature<\/strong> \u2014 seg\u00fan sus deseos y su presupuesto.  <\/p>\n<p>Si prefiere el <strong>camping tradicional<\/strong>, nuestras <a href=\"https:\/\/www.laplage-argeles.fr\/es\/localizaciones\/\">parcelas de camping en Argel\u00e8s-sur-Mer<\/a> son perfectas para instalar su <strong>tienda<\/strong>, <strong>caravana<\/strong> o <strong>autocaravana<\/strong> en un espacio sombreado, tranquilo y a un paso del mar. As\u00ed disfrutar\u00e1 de una <strong>estancia sencilla, agradable<\/strong> y <strong>aut\u00e9ntica<\/strong>, benefici\u00e1ndose de las instalaciones del camping: piscina, zonas de juegos, wifi y snack-bar. <\/p>\n<\/div><\/div>\n\n<div class=\"et_pb_accordion_item_2 et_pb_accordion_item et_pb_toggle et_pb_module et_pb_toggle_close et_flex_module\"><h3 class=\"et_pb_toggle_title\">\u00bfCu\u00e1les son los horarios de llegada y de salida?<\/h3><div class=\"et_pb_toggle_content et_flex_module\"><p>Para las <strong>casas m\u00f3viles y alojamientos ins\u00f3litos en Argel\u00e8s-sur-Mer<\/strong>, las llegadas suelen ser entre las <strong>16:00 y las 19:00<\/strong>, y las salidas antes de las <strong>10:00<\/strong>. Para las <strong>parcelas de camping<\/strong>, generalmente puede llegar entre las <strong>13:00 y las 19:00<\/strong> y salir antes de las <strong>11:00<\/strong>. <\/p>\n<\/div><\/div>\n\n<div class=\"et_pb_accordion_item_3 et_pb_accordion_item et_pb_toggle et_pb_module et_pb_toggle_close et_flex_module\"><h3 class=\"et_pb_toggle_title\">\u00bfSe admiten perros?<\/h3><div class=\"et_pb_toggle_content et_flex_module\"><p>S\u00ed, los <strong>perros<\/strong> est\u00e1n admitidos en <strong>nuestro camping en Argel\u00e8s-sur-Mer<\/strong>, excepto los de <strong>categor\u00edas 1 y 2<\/strong>, y bajo reserva de presentar su <strong>cartilla de vacunaci\u00f3n<\/strong> al d\u00eda.<\/p>\n<\/div><\/div>\n\n<div class=\"et_pb_accordion_item_4 et_pb_accordion_item et_pb_toggle et_pb_module et_pb_toggle_close et_flex_module\"><h3 class=\"et_pb_toggle_title\">\u00bfEl camping es tranquilo por la noche?<\/h3><div class=\"et_pb_toggle_content et_flex_module\"><p>S\u00ed, se <strong>pide silencio a partir de medianoche<\/strong> para que todos puedan descansar. En verano, un <strong>vigilante garantiza la seguridad<\/strong> nocturna. As\u00ed podr\u00e1 disfrutar de una estancia tranquila en <strong>su alojamiento ins\u00f3lito en Argel\u00e8s-sur-Mer<\/strong>.  <\/p>\n<\/div><\/div>\n<\/div>\n<\/div>\n<\/div>\n<\/div>","protected":false},"excerpt":{"rendered":"","protected":false},"author":1,"featured_media":0,"parent":0,"menu_order":0,"comment_status":"closed","ping_status":"closed","template":"","meta":{"_acf_changed":false,"inline_featured_image":false,"footnotes":""},"class_list":["post-78124","page","type-page","status-publish","hentry"],"acf":[],"yoast_head":"<!-- This site is optimized with the Yoast SEO plugin v27.4 - https:\/\/yoast.com\/product\/yoast-seo-wordpress\/ -->\n<title>Alojamiento ins\u00f3lito Argel\u00e8s-sur-Mer: Alquile una tienda lodge a partir de \u20ac en Argel\u00e8s-sur-Mer<\/title>\n<meta name=\"description\" content=\"Viva una experiencia \u00fanica en un alojamiento ins\u00f3lito en Argel\u00e8s-sur-Mer. \u00a1Una estancia original entre mar, naturaleza y confort, a un paso de la playa!\" \/>\n<meta name=\"robots\" content=\"index, follow, max-snippet:-1, max-image-preview:large, max-video-preview:-1\" \/>\n<link rel=\"canonical\" href=\"https:\/\/www.laplage-argeles.fr\/es\/los-atypiks\/\" \/>\n<meta property=\"og:locale\" content=\"es_ES\" \/>\n<meta property=\"og:type\" content=\"article\" \/>\n<meta property=\"og:title\" content=\"Alojamiento ins\u00f3lito Argel\u00e8s-sur-Mer: Alquile una tienda lodge a partir de \u20ac en Argel\u00e8s-sur-Mer\" \/>\n<meta property=\"og:description\" content=\"Viva una experiencia \u00fanica en un alojamiento ins\u00f3lito en Argel\u00e8s-sur-Mer. \u00a1Una estancia original entre mar, naturaleza y confort, a un paso de la playa!\" \/>\n<meta property=\"og:url\" content=\"https:\/\/www.laplage-argeles.fr\/es\/los-atypiks\/\" \/>\n<meta property=\"og:site_name\" content=\"Camping la Plage \u00e0 Argeles\" \/>\n<meta property=\"article:modified_time\" content=\"2026-04-29T07:17:21+00:00\" \/>\n<meta name=\"twitter:card\" content=\"summary_large_image\" \/>\n<script type=\"application\/ld+json\" class=\"yoast-schema-graph\">{\"@context\":\"https:\\\/\\\/schema.org\",\"@graph\":[{\"@type\":\"WebPage\",\"@id\":\"https:\\\/\\\/www.laplage-argeles.fr\\\/es\\\/los-atypiks\\\/\",\"url\":\"https:\\\/\\\/www.laplage-argeles.fr\\\/es\\\/los-atypiks\\\/\",\"name\":\"Alojamiento ins\u00f3lito Argel\u00e8s-sur-Mer: Alquile una tienda lodge a partir de \u20ac en Argel\u00e8s-sur-Mer\",\"isPartOf\":{\"@id\":\"https:\\\/\\\/www.laplage-argeles.fr\\\/es\\\/#website\"},\"datePublished\":\"2026-03-17T13:00:01+00:00\",\"dateModified\":\"2026-04-29T07:17:21+00:00\",\"description\":\"Viva una experiencia \u00fanica en un alojamiento ins\u00f3lito en Argel\u00e8s-sur-Mer. \u00a1Una estancia original entre mar, naturaleza y confort, a un paso de la playa!\",\"breadcrumb\":{\"@id\":\"https:\\\/\\\/www.laplage-argeles.fr\\\/es\\\/los-atypiks\\\/#breadcrumb\"},\"inLanguage\":\"es\",\"potentialAction\":[{\"@type\":\"ReadAction\",\"target\":[\"https:\\\/\\\/www.laplage-argeles.fr\\\/es\\\/los-atypiks\\\/\"]}]},{\"@type\":\"BreadcrumbList\",\"@id\":\"https:\\\/\\\/www.laplage-argeles.fr\\\/es\\\/los-atypiks\\\/#breadcrumb\",\"itemListElement\":[{\"@type\":\"ListItem\",\"position\":1,\"name\":\"Camping Plage Argel\u00e8s-sur-Mer\",\"item\":\"https:\\\/\\\/www.laplage-argeles.fr\\\/es\\\/\"},{\"@type\":\"ListItem\",\"position\":2,\"name\":\"Lodge Argel\u00e8s-sur-Mer\"}]},{\"@type\":\"WebSite\",\"@id\":\"https:\\\/\\\/www.laplage-argeles.fr\\\/es\\\/#website\",\"url\":\"https:\\\/\\\/www.laplage-argeles.fr\\\/es\\\/\",\"name\":\"Camping la Plage \u00e0 Argeles\",\"description\":\"\",\"potentialAction\":[{\"@type\":\"SearchAction\",\"target\":{\"@type\":\"EntryPoint\",\"urlTemplate\":\"https:\\\/\\\/www.laplage-argeles.fr\\\/es\\\/?s={search_term_string}\"},\"query-input\":{\"@type\":\"PropertyValueSpecification\",\"valueRequired\":true,\"valueName\":\"search_term_string\"}}],\"inLanguage\":\"es\"}]}<\/script>\n<!-- \/ Yoast SEO plugin. -->","yoast_head_json":{"title":"Alojamiento ins\u00f3lito Argel\u00e8s-sur-Mer: Alquile una tienda lodge a partir de \u20ac en Argel\u00e8s-sur-Mer","description":"Viva una experiencia \u00fanica en un alojamiento ins\u00f3lito en Argel\u00e8s-sur-Mer. \u00a1Una estancia original entre mar, naturaleza y confort, a un paso de la playa!","robots":{"index":"index","follow":"follow","max-snippet":"max-snippet:-1","max-image-preview":"max-image-preview:large","max-video-preview":"max-video-preview:-1"},"canonical":"https:\/\/www.laplage-argeles.fr\/es\/los-atypiks\/","og_locale":"es_ES","og_type":"article","og_title":"Alojamiento ins\u00f3lito Argel\u00e8s-sur-Mer: Alquile una tienda lodge a partir de \u20ac en Argel\u00e8s-sur-Mer","og_description":"Viva una experiencia \u00fanica en un alojamiento ins\u00f3lito en Argel\u00e8s-sur-Mer. \u00a1Una estancia original entre mar, naturaleza y confort, a un paso de la playa!","og_url":"https:\/\/www.laplage-argeles.fr\/es\/los-atypiks\/","og_site_name":"Camping la Plage \u00e0 Argeles","article_modified_time":"2026-04-29T07:17:21+00:00","twitter_card":"summary_large_image","schema":{"@context":"https:\/\/schema.org","@graph":[{"@type":"WebPage","@id":"https:\/\/www.laplage-argeles.fr\/es\/los-atypiks\/","url":"https:\/\/www.laplage-argeles.fr\/es\/los-atypiks\/","name":"Alojamiento ins\u00f3lito Argel\u00e8s-sur-Mer: Alquile una tienda lodge a partir de \u20ac en Argel\u00e8s-sur-Mer","isPartOf":{"@id":"https:\/\/www.laplage-argeles.fr\/es\/#website"},"datePublished":"2026-03-17T13:00:01+00:00","dateModified":"2026-04-29T07:17:21+00:00","description":"Viva una experiencia \u00fanica en un alojamiento ins\u00f3lito en Argel\u00e8s-sur-Mer. \u00a1Una estancia original entre mar, naturaleza y confort, a un paso de la playa!","breadcrumb":{"@id":"https:\/\/www.laplage-argeles.fr\/es\/los-atypiks\/#breadcrumb"},"inLanguage":"es","potentialAction":[{"@type":"ReadAction","target":["https:\/\/www.laplage-argeles.fr\/es\/los-atypiks\/"]}]},{"@type":"BreadcrumbList","@id":"https:\/\/www.laplage-argeles.fr\/es\/los-atypiks\/#breadcrumb","itemListElement":[{"@type":"ListItem","position":1,"name":"Camping Plage Argel\u00e8s-sur-Mer","item":"https:\/\/www.laplage-argeles.fr\/es\/"},{"@type":"ListItem","position":2,"name":"Lodge Argel\u00e8s-sur-Mer"}]},{"@type":"WebSite","@id":"https:\/\/www.laplage-argeles.fr\/es\/#website","url":"https:\/\/www.laplage-argeles.fr\/es\/","name":"Camping la Plage \u00e0 Argeles","description":"","potentialAction":[{"@type":"SearchAction","target":{"@type":"EntryPoint","urlTemplate":"https:\/\/www.laplage-argeles.fr\/es\/?s={search_term_string}"},"query-input":{"@type":"PropertyValueSpecification","valueRequired":true,"valueName":"search_term_string"}}],"inLanguage":"es"}]}},"_links":{"self":[{"href":"https:\/\/www.laplage-argeles.fr\/es\/wp-json\/wp\/v2\/pages\/78124","targetHints":{"allow":["GET"]}}],"collection":[{"href":"https:\/\/www.laplage-argeles.fr\/es\/wp-json\/wp\/v2\/pages"}],"about":[{"href":"https:\/\/www.laplage-argeles.fr\/es\/wp-json\/wp\/v2\/types\/page"}],"author":[{"embeddable":true,"href":"https:\/\/www.laplage-argeles.fr\/es\/wp-json\/wp\/v2\/users\/1"}],"replies":[{"embeddable":true,"href":"https:\/\/www.laplage-argeles.fr\/es\/wp-json\/wp\/v2\/comments?post=78124"}],"version-history":[{"count":8,"href":"https:\/\/www.laplage-argeles.fr\/es\/wp-json\/wp\/v2\/pages\/78124\/revisions"}],"predecessor-version":[{"id":79839,"href":"https:\/\/www.laplage-argeles.fr\/es\/wp-json\/wp\/v2\/pages\/78124\/revisions\/79839"}],"wp:attachment":[{"href":"https:\/\/www.laplage-argeles.fr\/es\/wp-json\/wp\/v2\/media?parent=78124"}],"curies":[{"name":"wp","href":"https:\/\/api.w.org\/{rel}","templated":true}]}}