{"id":78135,"date":"2025-06-09T10:25:33","date_gmt":"2025-06-09T10:25:33","guid":{"rendered":"https:\/\/www.laplage-argeles.fr\/inicio\/"},"modified":"2026-04-29T08:48:33","modified_gmt":"2026-04-29T08:48:33","slug":"inicio","status":"publish","type":"page","link":"https:\/\/www.laplage-argeles.fr\/es\/","title":{"rendered":"Inicio"},"content":{"rendered":"<div class=\"et_pb_section_0 et_pb_section et_section_regular et_block_section\">\n<div class=\"et_pb_row_0 et_pb_row et_flex_row\">\n<div class=\"et_pb_column_0 et_pb_column et-last-child et_block_column et_pb_css_mix_blend_mode_passthrough et_flex_column_24_24 et_flex_column_24_24_tablet et_flex_column_24_24_phone\">\n<div class=\"et_pb_slider_0 et_pb_slider et_pb_slider_fullwidth_off et_pb_slider_no_pagination et_slider_auto et_slider_speed_7000 et_animated et_pb_module et_block_module\"><div class=\"et_pb_slides\">\n<div class=\"et_pb_slide_0 et_pb_slide et_pb_media_alignment_center et_pb_bg_layout_dark\" data-slide-id=\"divi\/slide-0\"><div class=\"et_pb_container\"><div class=\"et_pb_slider_container_inner\"><div class=\"et_pb_slide_description\"><\/div><\/div><\/div><\/div>\n\n<div class=\"et_pb_slide_1 et_pb_slide et_pb_media_alignment_center et_pb_bg_layout_dark\" data-slide-id=\"divi\/slide-1\"><div class=\"et_pb_container\"><div class=\"et_pb_slider_container_inner\"><div class=\"et_pb_slide_description\"><\/div><\/div><\/div><\/div>\n\n<div class=\"et_pb_slide_2 et_pb_slide et_pb_media_alignment_center et_pb_bg_layout_dark\" data-slide-id=\"divi\/slide-2\"><div class=\"et_pb_container\"><div class=\"et_pb_slider_container_inner\"><div class=\"et_pb_slide_description\"><\/div><\/div><\/div><\/div>\n\n<div class=\"et_pb_slide_3 et_pb_slide et_pb_media_alignment_center et_pb_bg_layout_dark\" data-slide-id=\"divi\/slide-3\"><div class=\"et_pb_container\"><div class=\"et_pb_slider_container_inner\"><div class=\"et_pb_slide_description\"><\/div><\/div><\/div><\/div>\n\n<div class=\"et_pb_slide_4 et_pb_slide et_pb_media_alignment_center et_pb_bg_layout_dark\" data-slide-id=\"divi\/slide-4\"><div class=\"et_pb_container\"><div class=\"et_pb_slider_container_inner\"><div class=\"et_pb_slide_description\"><\/div><\/div><\/div><\/div>\n<\/div><\/div>\n\n<div class=\"et_pb_text_0 et_pb_text et_pb_bg_layout_light et_pb_module et_flex_module\"><div class=\"et_pb_text_inner\"><p><strong>Bienvenido al<\/strong><br \/>Camping La Plage<br \/>\u2605\u2605\u2605<\/p>\n<\/div><\/div>\n<\/div>\n<\/div>\n<\/div>\n\n<div class=\"et_pb_section_1 et_pb_section et_pb_section--fixed et_section_regular et_flex_section\">\n<div class=\"et_pb_row_1 et_pb_row et_flex_row\">\n<div class=\"et_pb_column_1 et_pb_column et-last-child et_flex_column et_pb_css_mix_blend_mode_passthrough et_flex_column_24_24 et_flex_column_24_24_tablet et_flex_column_24_24_phone\">\n<div class=\"et_pb_code_0 et_pb_code et_pb_module\"><div class=\"et_pb_code_inner\"><thr-search-engine>\n<\/thr-search-engine><\/div><\/div>\n<\/div>\n<\/div>\n<\/div>\n\n<div class=\"et_pb_section_2 et_pb_section et_section_regular et_flex_section\">\n<div class=\"et_pb_row_2 et_pb_row et_flex_row\">\n<div class=\"et_pb_column_2 et_pb_column et_flex_column et_pb_css_mix_blend_mode_passthrough et_flex_column_12_24 et_flex_column_12_24_tablet et_flex_column_24_24_phone\">\n<div class=\"et_pb_text_1 et_pb_text et_pb_bg_layout_light et_pb_module et_flex_module\"><div class=\"et_pb_text_inner\"><h1>C\u00e1mping de 3 estrellas en Argel\u00e8s-sur-Mer cerca de la playa<\/h1>\n<\/div><\/div>\n\n<div class=\"et_pb_text_2 et_pb_text et_pb_bg_layout_light et_pb_module et_flex_module\"><div class=\"et_pb_text_inner\"><p>Convivencia y relax junto al mar<\/p>\n<\/div><\/div>\n<\/div>\n\n<div class=\"et_pb_column_3 et_pb_column et-last-child et_flex_column et_pb_css_mix_blend_mode_passthrough et_flex_column_12_24 et_flex_column_12_24_tablet et_flex_column_24_24_phone\">\n<div class=\"et_pb_text_3 et_pb_text et_pb_bg_layout_light et_pb_module et_flex_module\"><div class=\"et_pb_text_inner\"><p>A 200 metros del Mediterr\u00e1neo, nuestro <strong>camping La Plage en Argel\u00e8s-sur-Mer<\/strong> te promete unas vacaciones donde todo se vuelve f\u00e1cil. <strong>4 minutos a pie son suficientes para llegar a la playa<\/strong>, uno menos para pasear por la avenida peatonal y disfrutar de sus comercios.<\/p>\n<p>Clasificado <strong>3 estrellas<\/strong>, nuestro camping seduce por su ambiente acogedor, su piscina desbordante y sus alojamientos pensados para todos los presupuestos. En familia, en pareja o con amigos, dale paso al sol, a los encuentros y al relax, en <strong>uno de los pocos campings tan cerca de la arena fina<\/strong>. <\/p>\n<\/div><\/div>\n<\/div>\n<\/div>\n\n<div class=\"et_pb_row_3 et_pb_row et-vb-row--no-module et_flex_row\">\n<div class=\"et_pb_column_4 et_pb_column et_flex_column et_pb_column_empty et_pb_css_mix_blend_mode_passthrough et_flex_column_2_5 et_flex_column_8_24_tablet et_flex_column_12_24_phone\"><\/div>\n\n<div class=\"et_pb_column_5 et_pb_column et_flex_column et_pb_column_empty et_pb_css_mix_blend_mode_passthrough et_flex_column_8_24 et_flex_column_8_24_tablet et_flex_column_12_24_phone\"><\/div>\n\n<div class=\"et_pb_column_6 et_pb_column et-last-child et_flex_column et_pb_column_empty et_pb_css_mix_blend_mode_passthrough et_flex_column_2_5 et_flex_column_8_24_tablet et_flex_column_24_24_phone\"><\/div>\n<\/div>\n<\/div>\n\n<div class=\"et_pb_section_3 et_pb_section et_section_regular et_flex_section\">\n<div class=\"et_pb_row_4 et_pb_row et_flex_row\">\n<div class=\"et_pb_column_7 et_pb_column et-last-child et_flex_column et_pb_css_mix_blend_mode_passthrough et_flex_column_24_24 et_flex_column_24_24_tablet et_flex_column_24_24_phone\">\n<div class=\"et_pb_image_0 et_pb_image et_flex_column_24_24 et_pb_module et_block_module\"><span class=\"et_pb_image_wrap\"><img loading=\"lazy\" decoding=\"async\" src=\"https:\/\/www.laplage-argeles.fr\/wp-content\/uploads\/2026\/02\/element-graphique5.png\" alt=\"Element Graphique5\" title=\"Element Graphique5\" width=\"46\" height=\"39\" srcset=\"https:\/\/www.laplage-argeles.fr\/wp-content\/uploads\/2026\/02\/element-graphique5.png 46w\" sizes=\"(max-width: 46px) 100vw, 46px\" class=\"wp-image-75069\" \/><\/span><\/div>\n\n<div class=\"et_pb_text_4 et_pb_text et_pb_bg_layout_light et_pb_module et_flex_module\"><div class=\"et_pb_text_inner\"><h2><em>Los puntos fuertes<\/em><br \/>\ndel C\u00e1mping La Plage en Argel\u00e8s-sur-Mer<\/h2>\n<\/div><\/div>\n\n<div class=\"et_pb_text_5 et_pb_text et_pb_bg_layout_light et_pb_module et_flex_module\"><div class=\"et_pb_text_inner\"><p> Todo lo que nos gusta del camping La Plage<\/p>\n<\/div><\/div>\n<\/div>\n<\/div>\n\n<div class=\"et_pb_row_5 et_pb_row et_flex_row\">\n<div class=\"et_pb_column_8 et_pb_column et_flex_column et_pb_css_mix_blend_mode_passthrough et_flex_column_6_24 et_flex_column_12_24_tablet et_flex_column_12_24_phone\">\n<div class=\"et_pb_divider_0 et_pb_divider_hidden et_pb_space et_pb_divider_position_top et_pb_module et_flex_column_24_24_phone\"><div class=\"et_pb_divider_internal\"><\/div><\/div>\n\n<div class=\"et_pb_image_1 et_pb_image et_pb_module et_flex_module\"><span class=\"et_pb_image_wrap\"><img loading=\"lazy\" decoding=\"async\" src=\"https:\/\/www.laplage-argeles.fr\/wp-content\/uploads\/2026\/02\/picto-200m-plage.png\" alt=\"Picto 200m Plage\" title=\"Picto 200m Plage\" width=\"157\" height=\"143\" srcset=\"https:\/\/www.laplage-argeles.fr\/wp-content\/uploads\/2026\/02\/picto-200m-plage.png 157w\" sizes=\"(max-width: 157px) 100vw, 157px\" class=\"wp-image-75089\" \/><\/span><\/div>\n\n<div class=\"et_pb_text_6 et_pb_text et_pb_bg_layout_light et_pb_module et_flex_module\"><div class=\"et_pb_text_inner\"><p>A 200 m de la<br \/>\nplaya y del centro<\/p>\n<\/div><\/div>\n<\/div>\n\n<div class=\"et_pb_column_9 et_pb_column et_flex_column et_pb_css_mix_blend_mode_passthrough et_flex_column_6_24 et_flex_column_12_24_tablet et_flex_column_12_24_phone\">\n<div class=\"et_pb_divider_1 et_pb_divider_hidden et_pb_space et_pb_divider_position_top et_pb_module\"><div class=\"et_pb_divider_internal\"><\/div><\/div>\n\n<div class=\"et_pb_image_2 et_pb_image et_pb_module et_flex_module\"><span class=\"et_pb_image_wrap\"><img loading=\"lazy\" decoding=\"async\" src=\"https:\/\/www.laplage-argeles.fr\/wp-content\/uploads\/2026\/02\/picto-piscine-debordement-pataugeoire.png\" alt=\"Picto Piscine Debordement Pataugeoire\" title=\"Picto Piscine Debordement Pataugeoire\" width=\"179\" height=\"176\" srcset=\"https:\/\/www.laplage-argeles.fr\/wp-content\/uploads\/2026\/02\/picto-piscine-debordement-pataugeoire.png 179w\" sizes=\"(max-width: 179px) 100vw, 179px\" class=\"wp-image-75092\" \/><\/span><\/div>\n\n<div class=\"et_pb_text_7 et_pb_text et_pb_bg_layout_light et_pb_module et_flex_module\"><div class=\"et_pb_text_inner\"><p>Piscina desbordante<br \/>\ny piscina infantil<\/p>\n<\/div><\/div>\n<\/div>\n\n<div class=\"et_pb_column_10 et_pb_column et_flex_column et_pb_css_mix_blend_mode_passthrough et_flex_column_6_24 et_flex_column_12_24_tablet et_flex_column_12_24_phone\">\n<div class=\"et_pb_divider_2 et_pb_divider_hidden et_pb_space et_pb_divider_position_top et_pb_module\"><div class=\"et_pb_divider_internal\"><\/div><\/div>\n\n<div class=\"et_pb_image_3 et_pb_image et_pb_module et_flex_module\"><span class=\"et_pb_image_wrap\"><img loading=\"lazy\" decoding=\"async\" src=\"https:\/\/www.laplage-argeles.fr\/wp-content\/uploads\/2026\/02\/picto-ambiance-authentique-convivial.png\" alt=\"Picto Ambiance Authentique Convivial\" title=\"Picto Ambiance Authentique Convivial\" width=\"171\" height=\"155\" srcset=\"https:\/\/www.laplage-argeles.fr\/wp-content\/uploads\/2026\/02\/picto-ambiance-authentique-convivial.png 171w\" sizes=\"(max-width: 171px) 100vw, 171px\" class=\"wp-image-75090\" \/><\/span><\/div>\n\n<div class=\"et_pb_text_8 et_pb_text et_pb_bg_layout_light et_pb_module et_flex_module\"><div class=\"et_pb_text_inner\"><p>Ambiente aut\u00e9ntico<br \/>\ny acogedor<\/p>\n<\/div><\/div>\n<\/div>\n\n<div class=\"et_pb_column_11 et_pb_column et-last-child et_flex_column et_pb_css_mix_blend_mode_passthrough et_flex_column_6_24 et_flex_column_12_24_tablet et_flex_column_12_24_phone\">\n<div class=\"et_pb_divider_3 et_pb_divider_hidden et_pb_space et_pb_divider_position_top et_pb_module\"><div class=\"et_pb_divider_internal\"><\/div><\/div>\n\n<div class=\"et_pb_image_4 et_pb_image et_pb_module et_flex_module\"><span class=\"et_pb_image_wrap\"><img loading=\"lazy\" decoding=\"async\" src=\"https:\/\/www.laplage-argeles.fr\/wp-content\/uploads\/2026\/02\/picto-demarche-ecoresponsable.png\" alt=\"Picto Demarche Ecoresponsable\" title=\"Picto Demarche Ecoresponsable\" width=\"164\" height=\"148\" srcset=\"https:\/\/www.laplage-argeles.fr\/wp-content\/uploads\/2026\/02\/picto-demarche-ecoresponsable.png 164w\" sizes=\"(max-width: 164px) 100vw, 164px\" class=\"wp-image-75091\" \/><\/span><\/div>\n\n<div class=\"et_pb_text_9 et_pb_text et_pb_bg_layout_light et_pb_module et_flex_module\"><div class=\"et_pb_text_inner\"><p>Enfoque<br \/>\necorresponsable<\/p>\n<\/div><\/div>\n<\/div>\n<\/div>\n<\/div>\n\n<div class=\"et_pb_section_4 et_pb_section et_section_regular et_flex_section\">\n<div class=\"et_pb_row_6 et_pb_row et_flex_row\">\n<div class=\"et_pb_column_12 et_pb_column et-last-child et_flex_column et_pb_css_mix_blend_mode_passthrough et_flex_column_24_24 et_flex_column_24_24_tablet et_flex_column_24_24_phone\">\n<div class=\"et_pb_text_10 et_pb_text et_pb_bg_layout_light et_pb_module et_flex_module\"><div class=\"et_pb_text_inner\"><h2>Reserve tu alojamiento de vacaciones en Argel\u00e8s-sur-Mer<\/h2>\n<\/div><\/div>\n\n<div class=\"et_pb_text_11 et_pb_text et_pb_bg_layout_light et_pb_module et_flex_module\"><div class=\"et_pb_text_inner\"><p>\u00bfMobil-home, lodge o parcela?<\/p>\n<\/div><\/div>\n\n<div class=\"et_pb_text_12 et_pb_text et_pb_bg_layout_light et_pb_module et_flex_module read-more-container\"><div class=\"et_pb_text_inner\"><p>En nuestro camping de 247 parcelas en Argel\u00e8s-sur-Mer, compuesto por 190 mobil-homes y 57 parcelas libres (incluyendo 3 Atypiks), cada uno encuentra la f\u00f3rmula que mejor le va. Para combinar <strong>confort y libertad<\/strong>, nuestros <a href=\"https:\/\/www.laplage-argeles.fr\/es\/los-mobil-homes\/\"><span style=\"text-decoration: underline;\">alquileres de mobil-homes en Argel\u00e8s-sur-Mer<\/span><\/a> se dividen en varias gamas: desde la escapada pr\u00e1ctica y funcional hasta la premium totalmente equipada (aire acondicionado, TV, terraza amueblada, ropa de cama incluida). Ideal para disfrutar de unas <strong>vacaciones sin complicaciones<\/strong>.  <\/p>\n<blockquote>\n<p>\u00bfGanas de una <strong>estancia ins\u00f3lita<\/strong>? Descubre nuestros <span style=\"text-decoration: underline;\">lodges en Argel\u00e8s-sur-Mer<\/span>, encantadoras tiendas-lodge que mezclan esp\u00edritu natural y ambiente acogedor. La experiencia perfecta para vivir el camping de otra manera, entre autenticidad y confort.<br \/>Los amantes del aire libre optar\u00e1n por nuestras <span style=\"text-decoration: underline;\">parcelas en Argel\u00e8s-sur-Mer<\/span>, amplias y sombreadas. En tienda, caravana o autocaravana, todo est\u00e1 pensado para tu confort: conexiones el\u00e9ctricas, sanitarios modernos con zona para beb\u00e9s, acceso PMR y lavander\u00eda.<br \/>Mobil-home, lodge o parcela, t\u00fa eliges el <strong>marco de tus vacaciones<\/strong> en nuestro camping en Argel\u00e8s-sur-Mer a 200 metros de la playa.   <\/p>\n<\/blockquote>\n<\/div><\/div>\n\n<div class=\"et_pb_text_13 et_pb_text et_pb_bg_layout_light et_pb_module et_flex_module\"><div class=\"et_pb_text_inner\"><p><span class=\"read-more-btn\">Seguir leyendo<\/span><\/p>\n<\/div><\/div>\n<\/div>\n<\/div>\n\n<div class=\"et_pb_row_7 et_pb_row et_flex_row\">\n<div class=\"et_pb_column_13 et_pb_column et_flex_column et_pb_css_mix_blend_mode_passthrough et_flex_column_12_24 et_flex_column_12_24_tablet et_flex_column_24_24_phone\">\n<div class=\"et_pb_text_14 et_pb_text et_pb_bg_layout_light et_pb_module et_flex_module\"><div class=\"et_pb_text_inner\"><p>Casa m\u00f3vil<\/p>\n<\/div><\/div>\n\n<div class=\"et_pb_module et_pb_button_module_wrapper et_pb_button_0_wrapper\"><a class=\"et_pb_button_0 et_pb_button et_pb_bg_layout_light et_pb_module et_flex_module\" href=\"https:\/\/www.laplage-argeles.fr\/es\/los-mobil-homes\/\">M\u00e1s informaci\u00f3n<\/a><\/div>\n<\/div>\n\n<div class=\"et_pb_column_14 et_pb_column et-last-child et_flex_column et_pb_css_mix_blend_mode_passthrough et_flex_column_12_24 et_flex_column_12_24_tablet et_flex_column_24_24_phone\">\n<div class=\"et_pb_row_8 et_pb_row et_pb_row_nested et_flex_row\">\n<div class=\"et_pb_column_15 et_pb_column et-last-child et_flex_column et_pb_css_mix_blend_mode_passthrough et_flex_column_24_24 et_flex_column_24_24_tablet et_flex_column_24_24_phone\">\n<div class=\"et_pb_text_15 et_pb_text et_pb_bg_layout_light et_pb_module et_flex_module\"><div class=\"et_pb_text_inner\"><p>Parcela<\/p>\n<\/div><\/div>\n\n<div class=\"et_pb_module et_pb_button_module_wrapper et_pb_button_1_wrapper\"><a class=\"et_pb_button_1 et_pb_button et_pb_bg_layout_light et_pb_module et_flex_module\" href=\"https:\/\/www.laplage-argeles.fr\/es\/localizaciones\/\">M\u00e1s informaci\u00f3n<\/a><\/div>\n<\/div>\n<\/div>\n\n<div class=\"et_pb_row_9 et_pb_row et_pb_row_nested et_flex_row\">\n<div class=\"et_pb_column_16 et_pb_column et-last-child et_flex_column et_pb_css_mix_blend_mode_passthrough et_flex_column_24_24 et_flex_column_24_24_tablet et_flex_column_24_24_phone\">\n<div class=\"et_pb_text_16 et_pb_text et_pb_bg_layout_light et_pb_module et_flex_module\"><div class=\"et_pb_text_inner\"><p>Albergue<\/p>\n<\/div><\/div>\n\n<div class=\"et_pb_module et_pb_button_module_wrapper et_pb_button_2_wrapper\"><a class=\"et_pb_button_2 et_pb_button et_pb_bg_layout_light et_pb_module et_flex_module\" href=\"https:\/\/www.laplage-argeles.fr\/es\/los-atypiks\/\">M\u00e1s informaci\u00f3n<\/a><\/div>\n<\/div>\n<\/div>\n<\/div>\n<\/div>\n<\/div>\n\n<div class=\"et_pb_section_5 et_pb_section et_section_regular et_flex_section\">\n<div class=\"et_pb_row_10 et_pb_row et_flex_row\">\n<div class=\"et_pb_column_17 et_pb_column et-last-child et_flex_column et_pb_css_mix_blend_mode_passthrough et_flex_column_24_24 et_flex_column_24_24_tablet et_flex_column_24_24_phone\">\n<div class=\"et_pb_image_5 et_pb_image et_pb_module et_flex_module\"><span class=\"et_pb_image_wrap\"><img loading=\"lazy\" decoding=\"async\" src=\"https:\/\/www.laplage-argeles.fr\/wp-content\/uploads\/2026\/02\/element-graphique2.png\" alt=\"Element Graphique2\" title=\"Element Graphique2\" width=\"128\" height=\"131\" srcset=\"https:\/\/www.laplage-argeles.fr\/wp-content\/uploads\/2026\/02\/element-graphique2.png 128w\" sizes=\"(max-width: 128px) 100vw, 128px\" class=\"wp-image-75067\" \/><\/span><\/div>\n<\/div>\n<\/div>\n\n<div class=\"et_pb_row_11 et_pb_row et_flex_row\">\n<div class=\"et_pb_column_18 et_pb_column et-last-child et_flex_column et_pb_css_mix_blend_mode_passthrough et_flex_column_24_24 et_flex_column_24_24_tablet et_flex_column_24_24_phone\">\n<div class=\"et_pb_text_17 et_pb_text et_pb_bg_layout_light et_pb_module et_flex_module\"><div class=\"et_pb_text_inner\" data-et-mv-hidden-phone=\"true\"><h2>Una piscina infinita para refrescarse<img loading=\"lazy\" decoding=\"async\" src=\"https:\/\/www.laplage-argeles.fr\/wp-content\/uploads\/2026\/02\/element-graphique3.png\" width=\"57\" height=\"53\" alt=\"Element Graphique3\" class=\"wp-image-75068 alignnone size-full\"><\/h2>\n<\/div><\/div>\n\n<div class=\"et_pb_text_18 et_pb_text et_pb_bg_layout_light et_pb_module et_flex_module\"><div class=\"et_pb_text_inner\"><p>Placeres acu\u00e1ticos sencillos y compartidos<\/p>\n<\/div><\/div>\n\n<div class=\"et_pb_text_19 et_pb_text et_pb_bg_layout_light et_pb_module et_flex_module read-more-container\"><div class=\"et_pb_text_inner\"><p>\u00a1Imposible imaginar unas vacaciones sin ba\u00f1o! En nuestro camping 3 estrellas, disfruta de un aut\u00e9ntico <a href=\"https:\/\/www.laplage-argeles.fr\/es\/el-espacio-acuatico\/\">camping con piscina en Argel\u00e8s-sur-Mer<\/a>. Reservado a los residentes, nuestro espacio acu\u00e1tico de 1.100 m\u00b2 te espera cada d\u00eda de 10:00 a 19:00 (hasta las 20:00 en verano).  <\/p>\n<p>\u00bfSu mayor atractivo? Una elegante <strong>piscina desbordante de 24 m<\/strong>, ideal para relajarse, nadar unas brazadas o simplemente disfrutar del sol catal\u00e1n. Para los m\u00e1s peque\u00f1os, una <strong>piscina infantil segura<\/strong> de 10 m x 4 m les permite descubrir las alegr\u00edas del agua con suavidad, bajo la atenta mirada de los padres.  <\/p>\n<blockquote>\n<p>Alrededor de la piscina, tumbonas y sombrillas te invitan al descanso. Es el <strong>lugar perfecto para desconectar<\/strong> despu\u00e9s de un d\u00eda de playa o de excursi\u00f3n por los Pirineos. Ambiente zen, atm\u00f3sfera acogedora, todo est\u00e1 reunido para saborear un momento refrescante en familia, con amigos o en pareja.<br \/>\u00bfY por qu\u00e9 no prolongar el d\u00eda con un \u00faltimo chapuz\u00f3n al volver de la playa?  <\/p>\n<\/blockquote>\n<\/div><\/div>\n\n<div class=\"et_pb_text_20 et_pb_text et_pb_bg_layout_light et_pb_module et_flex_module\"><div class=\"et_pb_text_inner\"><p><span class=\"read-more-btn\">Seguir leyendo<\/span><\/p>\n<\/div><\/div>\n<\/div>\n<\/div>\n\n<div class=\"et_pb_row_12 et_pb_row et_flex_row\">\n<div class=\"et_pb_column_19 et_pb_column et-last-child et_flex_column et_pb_css_mix_blend_mode_passthrough et_flex_column_24_24 et_flex_column_24_24_tablet et_flex_column_24_24_phone\">\n<div class=\"et_pb_code_1 et_pb_code et_pb_module\"><div class=\"et_pb_code_inner\" data-et-mv-hidden-phone=\"true\"><script>jQuery(function ($) {\n $('.slider-for').slick({\n  slidesToShow: 1,\n  slidesToScroll: 1,\n  arrows: true,\n  fade: true,\n  asNavFor: '.slider-nav'\n});\n$('.slider-nav').slick({\n  vertical: true,\n  arrows: false,\n  slidesToShow: 3,\n  slidesToScroll: 1,\n  asNavFor: '.slider-for',\n  dots: false,\n  centerMode: false,\n  focusOnSelect: true,\n  responsive: [\n    {\n      breakpoint: 768,\n      settings: {\n        vertical: true,\n        slidesToShow: 1,\n        slidesToScroll: 3,\n        infinite: true,\n        dots: false\n      }\n    }]\n});\n});\n<\/script><\/div><\/div>\n<\/div>\n<\/div>\n<\/div>\n\n<div class=\"et_pb_section_6 et_pb_section et_section_regular et_flex_section\">\n<div class=\"et_pb_row_13 et_pb_row et_flex_row\">\n<div class=\"et_pb_column_20 et_pb_column et_flex_column et_pb_css_mix_blend_mode_passthrough et_flex_column_18_24 et_flex_column_18_24_tablet et_flex_column_24_24_phone slider-for\">\n<div class=\"et_pb_image_6 et_pb_image et_pb_image_sticky et_pb_module et_flex_module\"><span class=\"et_pb_image_wrap\"><img loading=\"lazy\" decoding=\"async\" src=\"https:\/\/www.laplage-argeles.fr\/wp-content\/uploads\/2026\/02\/piscine-debordement-rafraichir.png\" alt=\"Piscine Debordement Rafraichir\" title=\"Piscine Debordement Rafraichir\" width=\"1013\" height=\"746\" srcset=\"https:\/\/www.laplage-argeles.fr\/wp-content\/uploads\/2026\/02\/piscine-debordement-rafraichir.png 1013w, https:\/\/www.laplage-argeles.fr\/wp-content\/uploads\/2026\/02\/piscine-debordement-rafraichir-980x722.png 980w, https:\/\/www.laplage-argeles.fr\/wp-content\/uploads\/2026\/02\/piscine-debordement-rafraichir-480x353.png 480w\" sizes=\"(min-width: 0px) and (max-width: 480px) 480px, (min-width: 481px) and (max-width: 980px) 980px, (min-width: 981px) 1013px, 100vw\" class=\"wp-image-75093\" \/><\/span><\/div>\n\n<div class=\"et_pb_image_7 et_pb_image et_pb_image_sticky et_pb_module et_flex_module\"><span class=\"et_pb_image_wrap\"><img loading=\"lazy\" decoding=\"async\" src=\"https:\/\/www.laplage-argeles.fr\/wp-content\/uploads\/2026\/02\/piscine-debordement-rafraichir2.png\" alt=\"Piscine Debordement Rafraichir2\" title=\"Piscine Debordement Rafraichir2\" width=\"1013\" height=\"746\" srcset=\"https:\/\/www.laplage-argeles.fr\/wp-content\/uploads\/2026\/02\/piscine-debordement-rafraichir2.png 1013w, https:\/\/www.laplage-argeles.fr\/wp-content\/uploads\/2026\/02\/piscine-debordement-rafraichir2-980x722.png 980w, https:\/\/www.laplage-argeles.fr\/wp-content\/uploads\/2026\/02\/piscine-debordement-rafraichir2-480x353.png 480w\" sizes=\"(min-width: 0px) and (max-width: 480px) 480px, (min-width: 481px) and (max-width: 980px) 980px, (min-width: 981px) 1013px, 100vw\" class=\"wp-image-75094\" \/><\/span><\/div>\n\n<div class=\"et_pb_image_8 et_pb_image et_pb_image_sticky et_pb_module et_flex_module\"><span class=\"et_pb_image_wrap\"><img loading=\"lazy\" decoding=\"async\" src=\"https:\/\/www.laplage-argeles.fr\/wp-content\/uploads\/2026\/02\/piscine-debordement-rafraichir3.png\" alt=\"Piscine Debordement Rafraichir3\" title=\"Piscine Debordement Rafraichir3\" width=\"1013\" height=\"746\" srcset=\"https:\/\/www.laplage-argeles.fr\/wp-content\/uploads\/2026\/02\/piscine-debordement-rafraichir3.png 1013w, https:\/\/www.laplage-argeles.fr\/wp-content\/uploads\/2026\/02\/piscine-debordement-rafraichir3-980x722.png 980w, https:\/\/www.laplage-argeles.fr\/wp-content\/uploads\/2026\/02\/piscine-debordement-rafraichir3-480x353.png 480w\" sizes=\"(min-width: 0px) and (max-width: 480px) 480px, (min-width: 481px) and (max-width: 980px) 980px, (min-width: 981px) 1013px, 100vw\" class=\"wp-image-75095\" \/><\/span><\/div>\n\n<div class=\"et_pb_image_9 et_pb_image et_pb_image_sticky et_pb_module et_flex_module\"><span class=\"et_pb_image_wrap\"><img loading=\"lazy\" decoding=\"async\" src=\"https:\/\/www.laplage-argeles.fr\/wp-content\/uploads\/2026\/02\/piscine-debordement-rafraichir4.png\" alt=\"Piscine Debordement Rafraichir4\" title=\"Piscine Debordement Rafraichir4\" width=\"1013\" height=\"746\" srcset=\"https:\/\/www.laplage-argeles.fr\/wp-content\/uploads\/2026\/02\/piscine-debordement-rafraichir4.png 1013w, https:\/\/www.laplage-argeles.fr\/wp-content\/uploads\/2026\/02\/piscine-debordement-rafraichir4-980x722.png 980w, https:\/\/www.laplage-argeles.fr\/wp-content\/uploads\/2026\/02\/piscine-debordement-rafraichir4-480x353.png 480w\" sizes=\"(min-width: 0px) and (max-width: 480px) 480px, (min-width: 481px) and (max-width: 980px) 980px, (min-width: 981px) 1013px, 100vw\" class=\"wp-image-75096\" \/><\/span><\/div>\n<\/div>\n\n<div class=\"et_pb_column_21 et_pb_column et-last-child et_flex_column et_pb_css_mix_blend_mode_passthrough et_flex_column_6_24 et_flex_column_6_24_tablet et_flex_column_24_24_phone slider-nav\">\n<div class=\"et_pb_image_10 et_pb_image et_pb_image_sticky et_pb_module et_flex_module\"><span class=\"et_pb_image_wrap\"><img loading=\"lazy\" decoding=\"async\" src=\"https:\/\/www.laplage-argeles.fr\/wp-content\/uploads\/2026\/02\/piscine-debordement-rafraichir.png\" alt=\"Piscine Debordement Rafraichir\" title=\"Piscine Debordement Rafraichir\" width=\"1013\" height=\"746\" srcset=\"https:\/\/www.laplage-argeles.fr\/wp-content\/uploads\/2026\/02\/piscine-debordement-rafraichir.png 1013w, https:\/\/www.laplage-argeles.fr\/wp-content\/uploads\/2026\/02\/piscine-debordement-rafraichir-980x722.png 980w, https:\/\/www.laplage-argeles.fr\/wp-content\/uploads\/2026\/02\/piscine-debordement-rafraichir-480x353.png 480w\" sizes=\"(min-width: 0px) and (max-width: 480px) 480px, (min-width: 481px) and (max-width: 980px) 980px, (min-width: 981px) 1013px, 100vw\" class=\"wp-image-75093\" \/><\/span><\/div>\n\n<div class=\"et_pb_image_11 et_pb_image et_pb_image_sticky et_pb_module et_flex_module\"><span class=\"et_pb_image_wrap\"><img loading=\"lazy\" decoding=\"async\" src=\"https:\/\/www.laplage-argeles.fr\/wp-content\/uploads\/2026\/02\/piscine-debordement-rafraichir2.png\" alt=\"Piscine Debordement Rafraichir2\" title=\"Piscine Debordement Rafraichir2\" width=\"1013\" height=\"746\" srcset=\"https:\/\/www.laplage-argeles.fr\/wp-content\/uploads\/2026\/02\/piscine-debordement-rafraichir2.png 1013w, https:\/\/www.laplage-argeles.fr\/wp-content\/uploads\/2026\/02\/piscine-debordement-rafraichir2-980x722.png 980w, https:\/\/www.laplage-argeles.fr\/wp-content\/uploads\/2026\/02\/piscine-debordement-rafraichir2-480x353.png 480w\" sizes=\"(min-width: 0px) and (max-width: 480px) 480px, (min-width: 481px) and (max-width: 980px) 980px, (min-width: 981px) 1013px, 100vw\" class=\"wp-image-75094\" \/><\/span><\/div>\n\n<div class=\"et_pb_image_12 et_pb_image et_pb_image_sticky et_pb_module et_flex_module\"><span class=\"et_pb_image_wrap\"><img loading=\"lazy\" decoding=\"async\" src=\"https:\/\/www.laplage-argeles.fr\/wp-content\/uploads\/2026\/02\/piscine-debordement-rafraichir3.png\" alt=\"Piscine Debordement Rafraichir3\" title=\"Piscine Debordement Rafraichir3\" width=\"1013\" height=\"746\" srcset=\"https:\/\/www.laplage-argeles.fr\/wp-content\/uploads\/2026\/02\/piscine-debordement-rafraichir3.png 1013w, https:\/\/www.laplage-argeles.fr\/wp-content\/uploads\/2026\/02\/piscine-debordement-rafraichir3-980x722.png 980w, https:\/\/www.laplage-argeles.fr\/wp-content\/uploads\/2026\/02\/piscine-debordement-rafraichir3-480x353.png 480w\" sizes=\"(min-width: 0px) and (max-width: 480px) 480px, (min-width: 481px) and (max-width: 980px) 980px, (min-width: 981px) 1013px, 100vw\" class=\"wp-image-75095\" \/><\/span><\/div>\n\n<div class=\"et_pb_image_13 et_pb_image et_pb_image_sticky et_pb_module et_flex_module\"><span class=\"et_pb_image_wrap\"><img loading=\"lazy\" decoding=\"async\" src=\"https:\/\/www.laplage-argeles.fr\/wp-content\/uploads\/2026\/02\/piscine-debordement-rafraichir4.png\" alt=\"Piscine Debordement Rafraichir4\" title=\"Piscine Debordement Rafraichir4\" width=\"1013\" height=\"746\" srcset=\"https:\/\/www.laplage-argeles.fr\/wp-content\/uploads\/2026\/02\/piscine-debordement-rafraichir4.png 1013w, https:\/\/www.laplage-argeles.fr\/wp-content\/uploads\/2026\/02\/piscine-debordement-rafraichir4-980x722.png 980w, https:\/\/www.laplage-argeles.fr\/wp-content\/uploads\/2026\/02\/piscine-debordement-rafraichir4-480x353.png 480w\" sizes=\"(min-width: 0px) and (max-width: 480px) 480px, (min-width: 481px) and (max-width: 980px) 980px, (min-width: 981px) 1013px, 100vw\" class=\"wp-image-75096\" \/><\/span><\/div>\n\n<div class=\"et_pb_row_14 et_pb_row et_pb_row_nested et_flex_row\">\n<div class=\"et_pb_column_22 et_pb_column et-last-child et_flex_column et_pb_css_mix_blend_mode_passthrough et_flex_column_24_24 et_flex_column_24_24_tablet et_flex_column_24_24_phone\">\n<div class=\"et_pb_code_2 et_pb_code et_pb_module\"><div class=\"et_pb_code_inner\"><script>document.addEventListener('click', (e) => {\n    if (e.target.closest('#custom-prev-2')) {\n        document.querySelector('.slick-prev')?.click();\n    }\n});\ndocument.addEventListener('click', (e) => {\n    if (e.target.closest('#custom-next-2')) {\n        document.querySelector('.slick-next')?.click();\n    }\n});\n<\/script><\/div><\/div>\n<\/div>\n<\/div>\n<\/div>\n<\/div>\n\n<div class=\"et_pb_row_15 et_pb_row et_flex_row\">\n<div class=\"et_pb_column_23 et_pb_column et_flex_column et_pb_css_mix_blend_mode_passthrough et_flex_column_24_24 et_flex_column_24_24_tablet et_flex_column_24_24_phone\">\n<div class=\"et_pb_image_14 et_pb_image et_pb_module et_flex_module\" id=\"custom-prev-2\"><span class=\"et_pb_image_wrap\"><img loading=\"lazy\" decoding=\"async\" src=\"https:\/\/www.laplage-argeles.fr\/wp-content\/uploads\/2026\/01\/fleche-haut.png\" alt=\"Fleche Haut\" title=\"Fleche Haut\" width=\"49\" height=\"49\" srcset=\"https:\/\/www.laplage-argeles.fr\/wp-content\/uploads\/2026\/01\/fleche-haut.png 49w\" sizes=\"(max-width: 49px) 100vw, 49px\" class=\"wp-image-75018\" \/><\/span><\/div>\n<\/div>\n\n<div class=\"et_pb_column_24 et_pb_column et-last-child et_flex_column et_pb_css_mix_blend_mode_passthrough et_flex_column_24_24 et_flex_column_24_24_tablet et_flex_column_24_24_phone\">\n<div class=\"et_pb_image_15 et_pb_image et_pb_module et_flex_module\" id=\"custom-next-2\"><span class=\"et_pb_image_wrap\"><img loading=\"lazy\" decoding=\"async\" src=\"https:\/\/www.laplage-argeles.fr\/wp-content\/uploads\/2026\/02\/fleche-bas.png\" alt=\"Fleche Bas\" title=\"Fleche Bas\" width=\"50\" height=\"50\" srcset=\"https:\/\/www.laplage-argeles.fr\/wp-content\/uploads\/2026\/02\/fleche-bas.png 50w\" sizes=\"(max-width: 50px) 100vw, 50px\" class=\"wp-image-75075\" \/><\/span><\/div>\n<\/div>\n<\/div>\n<\/div>\n\n<div class=\"et_pb_section_7 et_pb_section et_section_regular et_flex_section\">\n<div class=\"et_pb_row_16 et_pb_row et_flex_row\">\n<div class=\"et_pb_column_25 et_pb_column et_flex_column et_pb_css_mix_blend_mode_passthrough et_flex_column_12_24 et_flex_column_12_24_tablet et_flex_column_24_24_phone\">\n<div class=\"et_pb_text_21 et_pb_text et_pb_bg_layout_light et_pb_module et_flex_module\"><div class=\"et_pb_text_inner\"><h2>Los servicios de un camping 3 estrellas en Argel\u00e8s sur Mer<\/h2>\n<\/div><\/div>\n\n<div class=\"et_pb_text_22 et_pb_text et_pb_bg_layout_light et_pb_module et_flex_module\"><div class=\"et_pb_text_inner\"><p>Los peque\u00f1os detalles que lo cambian todo<\/p>\n<\/div><\/div>\n\n<div class=\"et_pb_text_23 et_pb_text et_pb_bg_layout_light et_pb_module et_flex_module read-more-container\"><div class=\"et_pb_text_inner\"><p>En nuestro <strong>camping en Argel\u00e8s-sur-Mer<\/strong> hemos pensado en todo para simplificar tus vacaciones. En el lugar, encontrar\u00e1s un <strong>snack-bar acogedor<\/strong> en verano, <strong>sanitarios modernos<\/strong> con zona para beb\u00e9s y acceso PMR, as\u00ed como un \u00e1rea dedicada a las autocaravanas. <\/p>\n<p>\u00bfNecesitas viajar ligero? Aprovecha el alquiler de material (plancha, ropa de cama, cuna\u2026). Y para estar conectado, un <strong>wifi de alta velocidad<\/strong> cubre todo el camping. En cuanto a ocio, petanca, ping-pong, campo multideporte y zona de juegos para ni\u00f1os garantizan momentos de convivencia para peque\u00f1os y mayores.  <\/p>\n<p>Descubre todos nuestros servicios para unas vacaciones 100% confort.<\/p>\n<\/div><\/div>\n\n<div class=\"et_pb_module et_pb_button_module_wrapper et_pb_button_3_wrapper\"><a class=\"et_pb_button_3 et_pb_button et_pb_bg_layout_light et_pb_module et_flex_module\" href=\"https:\/\/www.laplage-argeles.fr\/es\/los-servicios\/\">Ver los servicios<\/a><\/div>\n<\/div>\n\n<div class=\"et_pb_column_26 et_pb_column et-last-child et_flex_column et_pb_column_empty et_pb_css_mix_blend_mode_passthrough et_flex_column_12_24 et_flex_column_12_24_tablet et_flex_column_24_24_phone\"><\/div>\n<\/div>\n<\/div>\n\n<div class=\"et_pb_section_8 et_pb_section et_section_regular et_flex_section\">\n<div class=\"et_pb_row_17 et_pb_row et_flex_row\">\n<div class=\"et_pb_column_27 et_pb_column et_flex_column et_pb_css_mix_blend_mode_passthrough et_clickable et_flex_column_12_24 et_flex_column_12_24_tablet et_flex_column_24_24_phone\">\n<div class=\"et_pb_text_24 et_pb_text et_pb_bg_layout_light et_pb_module et_flex_module\"><div class=\"et_pb_text_inner\"><h2>Descubre Argel\u00e8s-sur-Mer y sus alrededores<\/h2>\n<\/div><\/div>\n\n<div class=\"et_pb_text_25 et_pb_text et_pb_bg_layout_light et_pb_module et_flex_module\"><div class=\"et_pb_text_inner\"><p>Entre el Mediterr\u00e1neo y los Pirineos<\/p>\n<\/div><\/div>\n\n<div class=\"et_pb_row_18 et_pb_row et_pb_row_nested et_flex_row\">\n<div class=\"et_pb_column_28 et_pb_column et_flex_column et_pb_css_mix_blend_mode_passthrough et_clickable et_flex_column_12_24 et_flex_column_12_24_tablet et_flex_column_24_24_phone\">\n<div class=\"et_pb_image_16 et_pb_image et_pb_image_sticky et_pb_module et_flex_module\"><span class=\"et_pb_image_wrap\"><img loading=\"lazy\" decoding=\"async\" src=\"https:\/\/www.laplage-argeles.fr\/wp-content\/uploads\/2026\/02\/fleche-droite.png\" alt=\"Flecha derecha\" title=\"Flecha derecha\" width=\"49\" height=\"49\" srcset=\"https:\/\/www.laplage-argeles.fr\/wp-content\/uploads\/2026\/02\/fleche-droite.png 49w\" sizes=\"(max-width: 49px) 100vw, 49px\" class=\"wp-image-75076\" \/><\/span><\/div>\n\n<div class=\"et_pb_text_26 et_pb_text et_pb_bg_layout_light et_pb_module et_flex_module\"><div class=\"et_pb_text_inner\" data-et-mv-hidden-phone=\"true\"><p>Argel\u00e8s-sur-Mer<\/p>\n<\/div><\/div>\n\n<div class=\"et_pb_code_3 et_pb_code et_pb_module\"><div class=\"et_pb_code_inner\"><script>document.addEventListener('click', (e) => {\n    if (e.target.closest('#custom-prev')) {\n        document.querySelector('.et_pb_group_carousel_arrow_prev')?.click();\n    }\n});\ndocument.addEventListener('click', (e) => {\n    if (e.target.closest('#custom-next')) {\n        document.querySelector('.et_pb_group_carousel_arrow_next')?.click();\n    }\n});\n<\/script><\/div><\/div>\n<\/div>\n\n<div class=\"et_pb_column_29 et_pb_column et-last-child et_flex_column et_pb_css_mix_blend_mode_passthrough et_clickable et_flex_column_12_24 et_flex_column_12_24_tablet et_flex_column_24_24_phone\">\n<div class=\"et_pb_image_17 et_pb_image et_pb_image_sticky et_pb_module et_flex_module\"><span class=\"et_pb_image_wrap\"><img loading=\"lazy\" decoding=\"async\" src=\"https:\/\/www.laplage-argeles.fr\/wp-content\/uploads\/2026\/02\/fleche-droite.png\" alt=\"Flecha derecha\" title=\"Flecha derecha\" width=\"49\" height=\"49\" srcset=\"https:\/\/www.laplage-argeles.fr\/wp-content\/uploads\/2026\/02\/fleche-droite.png 49w\" sizes=\"(max-width: 49px) 100vw, 49px\" class=\"wp-image-75076\" \/><\/span><\/div>\n\n<div class=\"et_pb_text_27 et_pb_text et_pb_bg_layout_light et_pb_module et_flex_module\"><div class=\"et_pb_text_inner\"><p>En el Pa\u00eds Catal\u00e1n<\/p>\n<\/div><\/div>\n\n<div class=\"et_pb_code_4 et_pb_code et_pb_module\"><div class=\"et_pb_code_inner\"><script>document.addEventListener('click', (e) => {\n    if (e.target.closest('#custom-prev')) {\n        document.querySelector('.et_pb_group_carousel_arrow_prev')?.click();\n    }\n});\ndocument.addEventListener('click', (e) => {\n    if (e.target.closest('#custom-next')) {\n        document.querySelector('.et_pb_group_carousel_arrow_next')?.click();\n    }\n});\n<\/script><\/div><\/div>\n<\/div>\n<\/div>\n<\/div>\n\n<div class=\"et_pb_column_30 et_pb_column et-last-child et_flex_column et_pb_css_mix_blend_mode_passthrough et_flex_column_12_24 et_flex_column_12_24_tablet et_flex_column_24_24_phone\">\n<div class=\"et_pb_text_28 et_pb_text et_pb_bg_layout_light et_pb_module et_flex_module read-more-container\"><div class=\"et_pb_text_inner\"><p>En <a href=\"https:\/\/www.laplage-argeles.fr\/argeles-sur-mer\/\">Argel\u00e8s-sur-Mer<\/a>, tus vacaciones toman aires de evasi\u00f3n: playa, senderismo, visitas culturales\u2026 \u00a1Hay para todos los gustos!<\/p>\n<p>\u00bfGanas de ampliar tus horizontes? Los Pirineos Orientales te reservan una diversidad incre\u00edble: pueblos catalanes, rutas de senderismo, mercados mediterr\u00e1neos e incluso Espa\u00f1a muy cerca. Cada d\u00eda es una <strong>nueva aventura<\/strong>, entre ba\u00f1os, paseos y descubrimientos.  <\/p>\n<\/div><\/div>\n<\/div>\n<\/div>\n\n<div class=\"et_pb_row_19 et_pb_row et_flex_row\">\n<div class=\"et_pb_column_31 et_pb_column et-last-child et_flex_column et_pb_css_mix_blend_mode_passthrough et_flex_column_24_24 et_flex_column_24_24_tablet et_flex_column_24_24_phone\">\n<div class=\"et_pb_group_carousel_0 et_pb_group_carousel et_pb_group et_pb_module et_pb_group_carousel_arrows_center et_pb_group_carousel_dots_disabled et_pb_group_carousel_slides_3\"><div class=\"et_pb_group_carousel_container\"><div class=\"et_pb_group_carousel_track\"><div class=\"et_pb_group_carousel_slide\"><div class=\"et_pb_group_0 et_pb_group et_pb_module et_flex_group et_pb_css_mix_blend_mode_passthrough\">\n<div class=\"et_pb_image_18 et_pb_image et_pb_module et_flex_module\"><a href=\"https:\/\/www.laplage-argeles.fr\/wp-content\/uploads\/2026\/03\/rando-argeles-sur-mer.png\" title=\"Rando Argeles Sur Mer\" class=\"et_pb_lightbox_image\" alt=\"Rando Argeles Sur Mer\"><span class=\"et_pb_image_wrap\"><img loading=\"lazy\" decoding=\"async\" src=\"https:\/\/www.laplage-argeles.fr\/wp-content\/uploads\/2026\/03\/rando-argeles-sur-mer.png\" alt=\"Rando Argeles Sur Mer\" title=\"Rando Argeles Sur Mer\" width=\"418\" height=\"411\" srcset=\"https:\/\/www.laplage-argeles.fr\/wp-content\/uploads\/2026\/03\/rando-argeles-sur-mer.png 418w, https:\/\/www.laplage-argeles.fr\/wp-content\/uploads\/2026\/03\/rando-argeles-sur-mer-300x295.png 300w\" sizes=\"(max-width: 418px) 100vw, 418px\" class=\"wp-image-77729\" \/><\/span><\/a><\/div>\n<\/div><\/div><div class=\"et_pb_group_carousel_slide\"><div class=\"et_pb_group_1 et_pb_group et_pb_module et_flex_group et_pb_css_mix_blend_mode_passthrough\">\n<div class=\"et_pb_image_19 et_pb_image et_pb_module et_flex_module\"><a href=\"https:\/\/www.laplage-argeles.fr\/wp-content\/uploads\/2026\/03\/mer-argeles-sur-mer.png\" title=\"Mer Argeles Sur Mer\" class=\"et_pb_lightbox_image\" alt=\"Mer Argeles Sur Mer\"><span class=\"et_pb_image_wrap\"><img loading=\"lazy\" decoding=\"async\" src=\"https:\/\/www.laplage-argeles.fr\/wp-content\/uploads\/2026\/03\/mer-argeles-sur-mer.png\" alt=\"Mer Argeles Sur Mer\" title=\"Mer Argeles Sur Mer\" width=\"417\" height=\"411\" srcset=\"https:\/\/www.laplage-argeles.fr\/wp-content\/uploads\/2026\/03\/mer-argeles-sur-mer.png 417w, https:\/\/www.laplage-argeles.fr\/wp-content\/uploads\/2026\/03\/mer-argeles-sur-mer-300x296.png 300w\" sizes=\"(max-width: 417px) 100vw, 417px\" class=\"wp-image-77728\" \/><\/span><\/a><\/div>\n<\/div><\/div><div class=\"et_pb_group_carousel_slide\"><div class=\"et_pb_group_2 et_pb_group et_pb_module et_flex_group et_pb_css_mix_blend_mode_passthrough\">\n<div class=\"et_pb_image_20 et_pb_image et_pb_module et_flex_module\"><a href=\"https:\/\/www.laplage-argeles.fr\/wp-content\/uploads\/2026\/03\/velo-argeles-sur-mer.png\" title=\"Velo Argeles Sur Mer\" class=\"et_pb_lightbox_image\" alt=\"Velo Argeles Sur Mer\"><span class=\"et_pb_image_wrap\"><img loading=\"lazy\" decoding=\"async\" src=\"https:\/\/www.laplage-argeles.fr\/wp-content\/uploads\/2026\/03\/velo-argeles-sur-mer.png\" alt=\"Velo Argeles Sur Mer\" title=\"Velo Argeles Sur Mer\" width=\"417\" height=\"411\" srcset=\"https:\/\/www.laplage-argeles.fr\/wp-content\/uploads\/2026\/03\/velo-argeles-sur-mer.png 417w, https:\/\/www.laplage-argeles.fr\/wp-content\/uploads\/2026\/03\/velo-argeles-sur-mer-300x296.png 300w\" sizes=\"(max-width: 417px) 100vw, 417px\" class=\"wp-image-77727\" \/><\/span><\/a><\/div>\n<\/div><\/div><div class=\"et_pb_group_carousel_slide\"><div class=\"et_pb_group_3 et_pb_group et-last-child et_pb_module et_flex_group et_pb_css_mix_blend_mode_passthrough\">\n<div class=\"et_pb_image_21 et_pb_image et_pb_module et_flex_module\"><a href=\"https:\/\/www.laplage-argeles.fr\/wp-content\/uploads\/2026\/03\/promenade-argeles-sur-mer.png\" title=\"Promenade Argeles Sur Mer\" class=\"et_pb_lightbox_image\" alt=\"Promenade Argeles Sur Mer\"><span class=\"et_pb_image_wrap\"><img loading=\"lazy\" decoding=\"async\" src=\"https:\/\/www.laplage-argeles.fr\/wp-content\/uploads\/2026\/03\/promenade-argeles-sur-mer.png\" alt=\"Promenade Argeles Sur Mer\" title=\"Promenade Argeles Sur Mer\" width=\"417\" height=\"411\" srcset=\"https:\/\/www.laplage-argeles.fr\/wp-content\/uploads\/2026\/03\/promenade-argeles-sur-mer.png 417w, https:\/\/www.laplage-argeles.fr\/wp-content\/uploads\/2026\/03\/promenade-argeles-sur-mer-300x296.png 300w\" sizes=\"(max-width: 417px) 100vw, 417px\" class=\"wp-image-77726\" \/><\/span><\/a><\/div>\n<\/div><\/div><\/div><\/div><span class=\"et_pb_group_carousel_arrow et_pb_group_carousel_arrow_prev\" role=\"button\" tabindex=\"0\" aria-label=\"Previous slide\"><span class=\"et-pb-icon\">4<\/span><\/span><span class=\"et_pb_group_carousel_arrow et_pb_group_carousel_arrow_next\" role=\"button\" tabindex=\"0\" aria-label=\"Next slide\"><span class=\"et-pb-icon\">5<\/span><\/span><\/div>\n<\/div>\n<\/div>\n\n<div class=\"et_pb_row_20 et_pb_row et_flex_row\">\n<div class=\"et_pb_column_32 et_pb_column et-last-child et_flex_column et_pb_css_mix_blend_mode_passthrough et_flex_column_24_24 et_flex_column_24_24_tablet et_flex_column_24_24_phone\">\n<div class=\"et_pb_image_22 et_pb_image et_pb_module et_flex_module\" id=\"custom-prev\"><span class=\"et_pb_image_wrap\"><img loading=\"lazy\" decoding=\"async\" src=\"https:\/\/www.laplage-argeles.fr\/wp-content\/uploads\/2026\/02\/fleche-gauche-bleu.png\" alt=\"Flecha Izquierda Azul\" title=\"Flecha Izquierda Azul\" width=\"50\" height=\"50\" srcset=\"https:\/\/www.laplage-argeles.fr\/wp-content\/uploads\/2026\/02\/fleche-gauche-bleu.png 50w\" sizes=\"(max-width: 50px) 100vw, 50px\" class=\"wp-image-75078\" \/><\/span><\/div>\n\n<div class=\"et_pb_image_23 et_pb_image et_pb_module et_flex_module\" id=\"custom-next\"><span class=\"et_pb_image_wrap\"><img loading=\"lazy\" decoding=\"async\" src=\"https:\/\/www.laplage-argeles.fr\/wp-content\/uploads\/2026\/02\/fleche-droite-bleu.png\" alt=\"Flecha Derecha Azul\" title=\"Flecha Derecha Azul\" width=\"49\" height=\"49\" srcset=\"https:\/\/www.laplage-argeles.fr\/wp-content\/uploads\/2026\/02\/fleche-droite-bleu.png 49w\" sizes=\"(max-width: 49px) 100vw, 49px\" class=\"wp-image-75077\" \/><\/span><\/div>\n<\/div>\n<\/div>\n<\/div>\n\n<div class=\"et_pb_section_9 et_pb_section et_section_regular et_flex_section\">\n<div class=\"et_pb_row_21 et_pb_row et_flex_row\">\n<div class=\"et_pb_column_33 et_pb_column et_flex_column et_pb_css_mix_blend_mode_passthrough et_flex_column_2_5 et_flex_column_2_5_tablet et_flex_column_24_24_phone\">\n<div class=\"et_pb_text_29 et_pb_text et_pb_bg_layout_light et_pb_module et_flex_module\"><div class=\"et_pb_text_inner\"><h2>Oferta y tarifas<\/h2>\n<p>Nuestras ofertas para disfrutar del verano<\/p>\n<\/div><\/div>\n\n<div class=\"et_pb_text_30 et_pb_text et_pb_bg_layout_light et_pb_module et_flex_module\"><div class=\"et_pb_text_inner\"><p>Porque cada vacacionista tiene su presupuesto, nuestro <strong>camping en Argel\u00e8s-sur-Mer<\/strong> propone estancias adaptadas a todos los deseos.<\/p>\n<p>\u00bfGanas de un alojamiento confortable o de un <a href=\"https:\/\/www.laplage-argeles.fr\/es\/las-tarifas\/\">camping econ\u00f3mico en Argel\u00e8s-sur-Mer<\/a>? Nuestras f\u00f3rmulas se ajustan a tus necesidades. Consulta ahora nuestras tarifas y disponibilidad. <\/p>\n<\/div><\/div>\n\n<div class=\"et_pb_module et_pb_button_module_wrapper et_pb_button_4_wrapper\"><a class=\"et_pb_button_4 et_pb_button et_pb_bg_layout_light et_pb_module et_flex_module\" href=\"https:\/\/www.laplage-argeles.fr\/es\/las-tarifas\/\">Ver precios<\/a><\/div>\n\n<div class=\"et_pb_code_5 et_pb_code et_pb_module\"><div class=\"et_pb_code_inner\"><script>document.addEventListener('click', (e) => {\n    if (e.target.closest('#avis-prev')) {\n        document.querySelector('.et-pb-arrow-prev')?.click();\n    }\n});\ndocument.addEventListener('click', (e) => {\n    if (e.target.closest('#avis-next')) {\n        document.querySelector('.et-pb-arrow-next')?.click();\n    }\n});\n<\/script><\/div><\/div>\n<\/div>\n\n<div class=\"et_pb_column_34 et_pb_column et-last-child et_flex_column et_pb_css_mix_blend_mode_passthrough et_flex_column_3_5 et_flex_column_3_5_tablet et_flex_column_24_24_phone\">\n<div class=\"et_pb_image_24 et_pb_image et_pb_module et_flex_module\"><span class=\"et_pb_image_wrap\"><img loading=\"lazy\" decoding=\"async\" src=\"https:\/\/www.laplage-argeles.fr\/wp-content\/uploads\/2026\/02\/offre-et-tarifs.png\" alt=\"Offre Et Tarifs\" title=\"Offre Et Tarifs\" width=\"743\" height=\"546\" srcset=\"https:\/\/www.laplage-argeles.fr\/wp-content\/uploads\/2026\/02\/offre-et-tarifs.png 743w, https:\/\/www.laplage-argeles.fr\/wp-content\/uploads\/2026\/02\/offre-et-tarifs-480x353.png 480w\" sizes=\"(min-width: 0px) and (max-width: 480px) 480px, (min-width: 481px) 743px, 100vw\" class=\"wp-image-75088\" \/><\/span><\/div>\n<\/div>\n<\/div>\n<\/div>\n\n<div class=\"et_pb_section_10 et_pb_section et_section_regular et_flex_section\">\n<div class=\"et_pb_row_22 et_pb_row et_flex_row\">\n<div class=\"et_pb_column_35 et_pb_column et_flex_column et_pb_css_mix_blend_mode_passthrough et_flex_column_12_24 et_flex_column_12_24_tablet et_flex_column_24_24_phone\">\n<div class=\"et_pb_text_31 et_pb_text et_pb_bg_layout_light et_pb_module et_flex_module\"><div class=\"et_pb_text_inner\"><h2>Opiniones de clientes sobre el C\u00e1mping La Plage en Argel\u00e8s-sur-Mer<\/h2>\n<\/div><\/div>\n\n<div class=\"et_pb_text_32 et_pb_text et_pb_bg_layout_light et_pb_module et_flex_module\"><div class=\"et_pb_text_inner\"><p>Descubre su experiencia<\/p>\n<\/div><\/div>\n\n<div class=\"et_pb_code_6 et_pb_code et_pb_module\"><div class=\"et_pb_code_inner\"><script>jQuery(document).ready(function($) {\n    $('#avis-prev').on('click', function(e) {\n        e.preventDefault();\n        $('.avis-slider .et-pb-arrow-prev').trigger('click');\n    });\n\n    $('#avis-next').on('click', function(e) {\n        e.preventDefault();\n        $('.avis-slider .et-pb-arrow-next').trigger('click');\n    });\n});\n<\/script><\/div><\/div>\n\n<div class=\"et_pb_slider_1 et_pb_slider et_pb_slider_fullwidth_off et_pb_slider_no_pagination et_pb_module et_flex_module avis-slider\"><div class=\"et_pb_slides\">\n<div class=\"et_pb_slide_5 et_pb_slide et_pb_media_alignment_center et_pb_bg_layout_dark\" data-slide-id=\"divi\/slide-5\"><div class=\"et_pb_container\"><div class=\"et_pb_slider_container_inner\"><div class=\"et_pb_slide_description et_flex_module\"><div class=\"et_pb_slide_content\"><p><span style=\"font-size: 20px;\">M\u00e9line<\/span><\/p>\n<p><span style=\"font-weight: 400;\">Septiembre 2025<\/span><\/p>\n<p>Vinimos 1 semana en septiembre para nuestras vacaciones en pareja. Camping muy agradable, limpio, las personas que trabajan all\u00ed son muy amables, educadas, discretas, piscina accesible... El alojamiento en mobil-home es funcional, limpio, tiene todo lo necesario para pasar un buen momento. \ud83e\udd70 \u00a1No dudaremos en volver a este camping para futuras vacaciones! \ud83c\udfd5\ufe0f    <\/p>\n<\/div><\/div><\/div><\/div><\/div>\n\n<div class=\"et_pb_slide_6 et_pb_slide et_pb_media_alignment_center et_pb_bg_layout_dark\" data-slide-id=\"divi\/slide-6\"><div class=\"et_pb_container\"><div class=\"et_pb_slider_container_inner\"><div class=\"et_pb_slide_description et_flex_module\"><div class=\"et_pb_slide_content\"><p><span style=\"font-size: 20px;\">Murielle<\/span><\/p>\n<p><span style=\"font-weight: 400;\">Septiembre 2025<\/span><\/p>\n<p>Hemos apreciado mucho este camping. Tranquilo, sombreado. Todo est\u00e1 cerca (no hace falta coche): comercios, playa, puerto... Supermercado muy cerca del camping con precios asequibles. La piscina climatizada genial. El personal sonriente, educado y amable. Vamos a guardar un muy buen recuerdo. Adem\u00e1s, el alojamiento est\u00e1 muy limpio.     <\/p>\n<\/div><\/div><\/div><\/div><\/div>\n\n<div class=\"et_pb_slide_7 et_pb_slide et_pb_media_alignment_center et_pb_bg_layout_dark\" data-slide-id=\"divi\/slide-7\"><div class=\"et_pb_container\"><div class=\"et_pb_slider_container_inner\"><div class=\"et_pb_slide_description et_flex_module\"><div class=\"et_pb_slide_content\"><p><span style=\"font-size: 20px;\">Hebert<\/span><\/p>\n<p><span style=\"font-weight: 400;\">Septiembre 2025<\/span><\/p>\n<p>\u00a1Un camping tranquilo, idealmente ubicado y muy bien cuidado! La acogida es c\u00e1lida, incluso reservamos 2 noches m\u00e1s \ud83d\ude01 La piscina es agradable y limpia. Bonito descubrimiento, \u00a1ya sabemos d\u00f3nde ir el a\u00f1o que viene!  <\/p>\n<\/div><\/div><\/div><\/div><\/div>\n<\/div><\/div>\n\n<div class=\"et_pb_text_33 et_pb_text et_pb_bg_layout_light et_pb_module et_flex_module\"><div class=\"et_pb_text_inner\"><p>Opini\u00f3n 5\/5 <span>\u2605\u2605\u2605\u2605\u2605<\/span><\/p>\n<\/div><\/div>\n\n<div class=\"et_pb_row_23 et_pb_row et_pb_row_nested et_flex_row\">\n<div class=\"et_pb_column_36 et_pb_column et-last-child et_flex_column et_pb_css_mix_blend_mode_passthrough et_flex_column_12_24 et_flex_column_12_24_tablet et_flex_column_24_24_phone\">\n<div class=\"et_pb_icon_0 et_pb_icon et_pb_module et_flex_module\" id=\"avis-prev\"><span class=\"et_pb_icon_wrap\"><span class=\"et-pb-icon\">#<\/span><\/span><\/div>\n\n<div class=\"et_pb_icon_1 et_pb_icon et_pb_module et_flex_module\" id=\"avis-next\"><span class=\"et_pb_icon_wrap\"><span class=\"et-pb-icon\">$<\/span><\/span><\/div>\n<\/div>\n<\/div>\n<\/div>\n\n<div class=\"et_pb_column_37 et_pb_column et-last-child et_flex_column et_pb_css_mix_blend_mode_passthrough et_flex_column_12_24 et_flex_column_12_24_tablet et_flex_column_24_24_phone\">\n<div class=\"et_pb_divider_4 et_pb_divider et_pb_space et_pb_divider_position_top et_pb_module\"><div class=\"et_pb_divider_internal\"><\/div><\/div>\n<\/div>\n<\/div>\n<\/div>\n\n<div class=\"et_pb_section_11 et_pb_section et_section_regular et_flex_section\">\n<div class=\"et_pb_row_24 et_pb_row et_flex_row\">\n<div class=\"et_pb_column_38 et_pb_column et-last-child et_flex_column et_pb_css_mix_blend_mode_passthrough et_flex_column_24_24 et_flex_column_24_24_tablet et_flex_column_24_24_phone\">\n<div class=\"et_pb_text_34 et_pb_text et_pb_bg_layout_light et_pb_module et_flex_module\"><div class=\"et_pb_text_inner\"><h2>FAQ - Preguntas frecuentes<\/h2>\n<\/div><\/div>\n\n<div class=\"et_pb_text_35 et_pb_text et_pb_bg_layout_light et_pb_module et_flex_module\"><div class=\"et_pb_text_inner\"><p>Informaci\u00f3n \u00fatil antes de hacer las maletas<\/p>\n<\/div><\/div>\n\n<div class=\"et_pb_accordion_0 et_pb_accordion et_pb_module et_flex_module\">\n<div class=\"et_pb_accordion_item_0 et_pb_accordion_item et_pb_toggle et_pb_module et_pb_toggle_open et_flex_module\"><h3 class=\"et_pb_toggle_title\">\u00bfCu\u00e1les son los horarios de llegada y de salida?<\/h3><div class=\"et_pb_toggle_content et_flex_module\"><p>Para que tus <strong>vacaciones en Argel\u00e8s-sur-Mer<\/strong> transcurran con total serenidad, las llegadas son posibles a partir de las <strong>16:00<\/strong>. En caso de que llegues antes, nuestros recepcionistas proceder\u00e1n a tu registro. Mientras tanto, puedes disfrutar del acceso a las instalaciones. Las salidas se realizan entre las <strong>8:30 y las 10:00<\/strong>, para preparar c\u00f3modamente la acogida de los nuevos vacacionistas. Fuera de estos horarios, simplemente deposita tus llaves en el buz\u00f3n situado del lado de la playa, entrada principal. Sin noticias nuestras en 48 h, tu dep\u00f3sito ser\u00e1 restituido autom\u00e1ticamente.     <\/p>\n<\/div><\/div>\n\n<div class=\"et_pb_accordion_item_1 et_pb_accordion_item et_pb_toggle et_pb_module et_pb_toggle_close et_flex_module\"><h3 class=\"et_pb_toggle_title\">\u00bfSe admiten animales de compa\u00f1\u00eda en el camping?<\/h3><div class=\"et_pb_toggle_content et_flex_module\"><p>S\u00ed, tus compa\u00f1eros de cuatro patas son bienvenidos para compartir tus <strong>vacaciones en familia<\/strong>. Los <strong>animales est\u00e1n permitidos en las parcelas<\/strong> y en los <strong>alojamientos<\/strong> con un suplemento. Para el confort y la seguridad de todos, deben ir atados con correa dentro del recinto del camping, la cartilla de vacunaci\u00f3n debe estar al d\u00eda y el animal debe estar identificado.  <\/p>\n<\/div><\/div>\n\n<div class=\"et_pb_accordion_item_2 et_pb_accordion_item et_pb_toggle et_pb_module et_pb_toggle_close et_flex_module\"><h3 class=\"et_pb_toggle_title\">\u00bfEs posible acceder al camping con el coche y aparcarlo?<\/h3><div class=\"et_pb_toggle_content et_flex_module\"><p>No disponemos de <strong>aparcamiento dentro<\/strong> del camping. Sin embargo, cada alojamiento cuenta con una <strong>plaza de aparcamiento privada<\/strong>, en su parcela. De 23:00 a 7:00, no es posible el acceso en veh\u00edculo. Fuera de ese horario, el acceso es libre mediante el uso de la tarjeta de acceso.   <\/p>\n<\/div><\/div>\n\n<div class=\"et_pb_accordion_item_3 et_pb_accordion_item et_pb_toggle et_pb_module et_pb_toggle_close et_flex_module\"><h3 class=\"et_pb_toggle_title\">\u00bfEl camping dispone de wifi?<\/h3><div class=\"et_pb_toggle_content et_flex_module\"><p>S\u00ed, una <strong>conexi\u00f3n wifi de muy alta velocidad<\/strong> (hasta 100 Mb) cubre todo el camping. Este servicio se ofrece con un coste adicional. <\/p>\n<\/div><\/div>\n\n<div class=\"et_pb_accordion_item_4 et_pb_accordion_item et_pb_toggle et_pb_module et_pb_toggle_close et_flex_module\"><h3 class=\"et_pb_toggle_title\">\u00bfD\u00f3nde se encuentra el camping La Plage?<\/h3><div class=\"et_pb_toggle_content et_flex_module\"><p>Nuestro camping goza de una <strong>ubicaci\u00f3n excepcional<\/strong>: a solo <strong>200 metros de la playa<\/strong> y a 3 minutos a pie de los comercios y de la avenida peatonal de Argel\u00e8s-sur-Mer. Una verdadera comodidad diaria, ideal para <strong>vacaciones en familia<\/strong> o con amigos, sin necesidad de coche. Es uno de los pocos <strong>campings en primera l\u00ednea de mar en Argel\u00e8s<\/strong> donde todo se puede hacer a pie: playa, paseos, animaciones y comercios est\u00e1n accesibles en pocos minutos.  <\/p>\n<\/div><\/div>\n\n<div class=\"et_pb_accordion_item_5 et_pb_accordion_item et_pb_toggle et_pb_module et_pb_toggle_close et_flex_module\"><h3 class=\"et_pb_toggle_title\">\u00bfCu\u00e1ntas noches reservar en nuestro camping en Argel\u00e8s-sur-Mer?<\/h3><div class=\"et_pb_toggle_content et_flex_module\"><p>\u00a1Todo depende de sus deseos! Para una <strong>escapada de unos pocos d\u00edas<\/strong> (2 a 3 noches), nuestro camping es ideal si desea desconectar de la rutina y disfrutar de la playa cercana. Para una verdadera <strong>estancia de una semana<\/strong> (5 a 7 noches), tendr\u00e1 tiempo para alternar ba\u00f1os, relax junto a la piscina, animaciones nocturnas y paseos por Argel\u00e8s. Finalmente, una <strong>estancia m\u00e1s larga<\/strong> (10 a 14 noches) le permitir\u00e1 explorar los <strong>Pirineos Orientales<\/strong>, descubrir Collioure, Perpi\u00f1\u00e1n o incluso Espa\u00f1a, mientras disfruta de la comodidad de nuestros alojamientos o parcelas.   <\/p>\n<\/div><\/div>\n<\/div>\n<\/div>\n<\/div>\n<\/div>\n\n<div class=\"et_pb_section_12 et_pb_section et_section_regular et_flex_section\">\n<div class=\"et_pb_row_25 et_pb_row et_flex_row\">\n<div class=\"et_pb_column_39 et_pb_column et-last-child et_flex_column et_pb_css_mix_blend_mode_passthrough et_flex_column_24_24 et_flex_column_24_24_tablet et_flex_column_24_24_phone\">\n<div class=\"et_pb_text_36 et_pb_text et_pb_bg_layout_light et_pb_module et_flex_module\"><div class=\"et_pb_text_inner\"><h2>Mantente informado sobre las novedades<\/h2>\n<\/div><\/div>\n\n<div class=\"et_pb_text_37 et_pb_text et_pb_bg_layout_light et_pb_module et_flex_module\"><div class=\"et_pb_text_inner\" data-et-mv-hidden-phone=\"true\"><p>S\u00edguenos en las redes sociales<\/p>\n<\/div><\/div>\n\n<div class=\"et_pb_text_38 et_pb_text et_pb_bg_layout_light et_pb_module et_flex_module\"><div class=\"et_pb_text_inner\"><p><img loading=\"lazy\" decoding=\"async\" src=\"https:\/\/www.laplage-argeles.fr\/wp-content\/uploads\/2026\/02\/instagram.png\" width=\"52\" height=\"52\" alt=\"Instagram\" class=\"wp-image-75080 alignnone size-full\"><img loading=\"lazy\" decoding=\"async\" src=\"https:\/\/www.laplage-argeles.fr\/wp-content\/uploads\/2026\/02\/youtube.png\" width=\"52\" height=\"52\" alt=\"Youtube\" class=\"wp-image-75101 alignnone size-full\"><img loading=\"lazy\" decoding=\"async\" src=\"https:\/\/www.laplage-argeles.fr\/wp-content\/uploads\/2026\/02\/facebook.png\" width=\"52\" height=\"52\" alt=\"Facebook\" class=\"wp-image-75072 alignnone size-full\"><\/p>\n<\/div><\/div>\n<\/div>\n<\/div>\n\n<div class=\"et_pb_row_26 et_pb_row et_flex_row\">\n<div class=\"et_pb_column_40 et_pb_column et-last-child et_flex_column et_pb_css_mix_blend_mode_passthrough et_flex_column_24_24 et_flex_column_24_24_tablet et_flex_column_24_24_phone\">\n<div class=\"et_pb_code_7 et_pb_code et_pb_module\"><div class=\"et_pb_code_inner\">\n<div id=\"sb_instagram\"  class=\"sbi sbi_mob_col_1 sbi_tab_col_2 sbi_col_5 sbi_width_resp\" style=\"padding-bottom: 10px;\"\t data-feedid=\"*1\"  data-res=\"auto\" data-cols=\"5\" data-colsmobile=\"1\" data-colstablet=\"2\" data-num=\"5\" data-nummobile=\"3\" data-item-padding=\"5\"\t data-shortcode-atts=\"{&quot;feed&quot;:&quot;1&quot;}\"  data-postid=\"78135\" data-locatornonce=\"4cfbef3f51\" data-imageaspectratio=\"1:1\" data-sbi-flags=\"favorLocal\">\n\t\n\t<div id=\"sbi_images\"  style=\"gap: 10px;\">\n\t\t<div class=\"sbi_item sbi_type_carousel sbi_new sbi_transition\"\n\tid=\"sbi_17982907610954727\" data-date=\"1770630783\">\n\t<div class=\"sbi_photo_wrap\">\n\t\t<a class=\"sbi_photo\" href=\"https:\/\/www.instagram.com\/p\/DUiGcUBjfdN\/\" target=\"_blank\" rel=\"noopener nofollow\"\n\t\t\tdata-full-res=\"https:\/\/scontent-cdg4-2.cdninstagram.com\/v\/t51.82787-15\/628217176_18166965583392820_2294649726369982477_n.jpg?stp=dst-jpg_e35_tt6&_nc_cat=107&ccb=7-5&_nc_sid=18de74&efg=eyJlZmdfdGFnIjoiQ0FST1VTRUxfSVRFTS5iZXN0X2ltYWdlX3VybGdlbi5DMyJ9&_nc_ohc=b5xeP7V2oKMQ7kNvwGu8NLx&_nc_oc=AdqPgrZ1gaNXYaZ16mvK2W8Km-UiTymy45RwkKBzXx7ihwApkGVYlgCgXQ_ahyHj9tQ&_nc_zt=23&_nc_ht=scontent-cdg4-2.cdninstagram.com&edm=ANo9K5cEAAAA&_nc_gid=B7tIpXQpinZZvFiFpKlP_g&_nc_tpa=Q5bMBQFXUn6fc_64gOvrnkygiDn_3jADbqzsUYvjH3C31Go7FEsO00bameiVHJhs-jV9Mlr5yQ-QviCN9w&oh=00_Af22Mvbms9HH6589dLrt_8Fr6q3MDHR4-NJAhNVHw993Gw&oe=69F73EBD\"\n\t\t\tdata-img-src-set=\"{&quot;d&quot;:&quot;https:\\\/\\\/scontent-cdg4-2.cdninstagram.com\\\/v\\\/t51.82787-15\\\/628217176_18166965583392820_2294649726369982477_n.jpg?stp=dst-jpg_e35_tt6&amp;_nc_cat=107&amp;ccb=7-5&amp;_nc_sid=18de74&amp;efg=eyJlZmdfdGFnIjoiQ0FST1VTRUxfSVRFTS5iZXN0X2ltYWdlX3VybGdlbi5DMyJ9&amp;_nc_ohc=b5xeP7V2oKMQ7kNvwGu8NLx&amp;_nc_oc=AdqPgrZ1gaNXYaZ16mvK2W8Km-UiTymy45RwkKBzXx7ihwApkGVYlgCgXQ_ahyHj9tQ&amp;_nc_zt=23&amp;_nc_ht=scontent-cdg4-2.cdninstagram.com&amp;edm=ANo9K5cEAAAA&amp;_nc_gid=B7tIpXQpinZZvFiFpKlP_g&amp;_nc_tpa=Q5bMBQFXUn6fc_64gOvrnkygiDn_3jADbqzsUYvjH3C31Go7FEsO00bameiVHJhs-jV9Mlr5yQ-QviCN9w&amp;oh=00_Af22Mvbms9HH6589dLrt_8Fr6q3MDHR4-NJAhNVHw993Gw&amp;oe=69F73EBD&quot;,&quot;150&quot;:&quot;https:\\\/\\\/scontent-cdg4-2.cdninstagram.com\\\/v\\\/t51.82787-15\\\/628217176_18166965583392820_2294649726369982477_n.jpg?stp=dst-jpg_e35_tt6&amp;_nc_cat=107&amp;ccb=7-5&amp;_nc_sid=18de74&amp;efg=eyJlZmdfdGFnIjoiQ0FST1VTRUxfSVRFTS5iZXN0X2ltYWdlX3VybGdlbi5DMyJ9&amp;_nc_ohc=b5xeP7V2oKMQ7kNvwGu8NLx&amp;_nc_oc=AdqPgrZ1gaNXYaZ16mvK2W8Km-UiTymy45RwkKBzXx7ihwApkGVYlgCgXQ_ahyHj9tQ&amp;_nc_zt=23&amp;_nc_ht=scontent-cdg4-2.cdninstagram.com&amp;edm=ANo9K5cEAAAA&amp;_nc_gid=B7tIpXQpinZZvFiFpKlP_g&amp;_nc_tpa=Q5bMBQFXUn6fc_64gOvrnkygiDn_3jADbqzsUYvjH3C31Go7FEsO00bameiVHJhs-jV9Mlr5yQ-QviCN9w&amp;oh=00_Af22Mvbms9HH6589dLrt_8Fr6q3MDHR4-NJAhNVHw993Gw&amp;oe=69F73EBD&quot;,&quot;320&quot;:&quot;https:\\\/\\\/scontent-cdg4-2.cdninstagram.com\\\/v\\\/t51.82787-15\\\/628217176_18166965583392820_2294649726369982477_n.jpg?stp=dst-jpg_e35_tt6&amp;_nc_cat=107&amp;ccb=7-5&amp;_nc_sid=18de74&amp;efg=eyJlZmdfdGFnIjoiQ0FST1VTRUxfSVRFTS5iZXN0X2ltYWdlX3VybGdlbi5DMyJ9&amp;_nc_ohc=b5xeP7V2oKMQ7kNvwGu8NLx&amp;_nc_oc=AdqPgrZ1gaNXYaZ16mvK2W8Km-UiTymy45RwkKBzXx7ihwApkGVYlgCgXQ_ahyHj9tQ&amp;_nc_zt=23&amp;_nc_ht=scontent-cdg4-2.cdninstagram.com&amp;edm=ANo9K5cEAAAA&amp;_nc_gid=B7tIpXQpinZZvFiFpKlP_g&amp;_nc_tpa=Q5bMBQFXUn6fc_64gOvrnkygiDn_3jADbqzsUYvjH3C31Go7FEsO00bameiVHJhs-jV9Mlr5yQ-QviCN9w&amp;oh=00_Af22Mvbms9HH6589dLrt_8Fr6q3MDHR4-NJAhNVHw993Gw&amp;oe=69F73EBD&quot;,&quot;640&quot;:&quot;https:\\\/\\\/scontent-cdg4-2.cdninstagram.com\\\/v\\\/t51.82787-15\\\/628217176_18166965583392820_2294649726369982477_n.jpg?stp=dst-jpg_e35_tt6&amp;_nc_cat=107&amp;ccb=7-5&amp;_nc_sid=18de74&amp;efg=eyJlZmdfdGFnIjoiQ0FST1VTRUxfSVRFTS5iZXN0X2ltYWdlX3VybGdlbi5DMyJ9&amp;_nc_ohc=b5xeP7V2oKMQ7kNvwGu8NLx&amp;_nc_oc=AdqPgrZ1gaNXYaZ16mvK2W8Km-UiTymy45RwkKBzXx7ihwApkGVYlgCgXQ_ahyHj9tQ&amp;_nc_zt=23&amp;_nc_ht=scontent-cdg4-2.cdninstagram.com&amp;edm=ANo9K5cEAAAA&amp;_nc_gid=B7tIpXQpinZZvFiFpKlP_g&amp;_nc_tpa=Q5bMBQFXUn6fc_64gOvrnkygiDn_3jADbqzsUYvjH3C31Go7FEsO00bameiVHJhs-jV9Mlr5yQ-QviCN9w&amp;oh=00_Af22Mvbms9HH6589dLrt_8Fr6q3MDHR4-NJAhNVHw993Gw&amp;oe=69F73EBD&quot;}\">\n\t\t\t<span class=\"sbi-screenreader\">\ud83c\udf1e La rentr\u00e9e s\u2019annonce sous le signe du confort ! <\/span>\n\t\t\t<svg class=\"svg-inline--fa fa-clone fa-w-16 sbi_lightbox_carousel_icon\" aria-hidden=\"true\" aria-label=\"Clone\" data-fa-pro\u0192cessed=\"\" data-prefix=\"far\" data-icon=\"clone\" role=\"img\" xmlns=\"http:\/\/www.w3.org\/2000\/svg\" viewBox=\"0 0 512 512\">\n                    <path fill=\"currentColor\" d=\"M464 0H144c-26.51 0-48 21.49-48 48v48H48c-26.51 0-48 21.49-48 48v320c0 26.51 21.49 48 48 48h320c26.51 0 48-21.49 48-48v-48h48c26.51 0 48-21.49 48-48V48c0-26.51-21.49-48-48-48zM362 464H54a6 6 0 0 1-6-6V150a6 6 0 0 1 6-6h42v224c0 26.51 21.49 48 48 48h224v42a6 6 0 0 1-6 6zm96-96H150a6 6 0 0 1-6-6V54a6 6 0 0 1 6-6h308a6 6 0 0 1 6 6v308a6 6 0 0 1-6 6z\"><\/path>\n                <\/svg>\t\t\t\t\t\t<img decoding=\"async\" src=\"https:\/\/www.laplage-argeles.fr\/wp-content\/plugins\/instagram-feed\/img\/placeholder.png\" alt=\"\ud83c\udf1e La rentr\u00e9e s\u2019annonce sous le signe du confort ! \ud83c\udf1e\n\nNous sommes ravis de vous pr\u00e9senter nos tout nouveaux mobil-homes TENERIFE ! \u2728\n\nDesign moderne, espaces lumineux et confort optimal pour des vacances en famille ou entre amis.\n\n\ud83c\udf89 Disponible d\u00e8s le 03 Avril pour vos s\u00e9jours \u2013 profitez d\u2019un h\u00e9bergement flambant neuf dans notre camping !\n\n\ud83d\udcbb R\u00e9servez vite et soyez parmi les premiers \u00e0 d\u00e9couvrir le TENERIFE !\n\nPour r\u00e9server : https:\/\/www.laplage-argeles.fr\/fr\n\nPar t\u00e9l\u00e9phone : +33 (0)4 68 81 12 17\n\n#Camping #MobilHomeNeuf #Vacances2026 #Tenerife #ConfortEtD\u00e9tente #argelessurmer #montagnesurmer\" aria-hidden=\"true\">\n\t\t<\/a>\n\t<\/div>\n<\/div><div class=\"sbi_item sbi_type_carousel sbi_new sbi_transition\"\n\tid=\"sbi_17917459395251747\" data-date=\"1767782363\">\n\t<div class=\"sbi_photo_wrap\">\n\t\t<a class=\"sbi_photo\" href=\"https:\/\/www.instagram.com\/p\/DTNNg2IDf6X\/\" target=\"_blank\" rel=\"noopener nofollow\"\n\t\t\tdata-full-res=\"https:\/\/scontent-cdg4-2.cdninstagram.com\/v\/t51.82787-15\/610530849_18163577821392820_2873913255969208299_n.jpg?stp=dst-jpg_e35_tt6&_nc_cat=101&ccb=7-5&_nc_sid=18de74&efg=eyJlZmdfdGFnIjoiQ0FST1VTRUxfSVRFTS5iZXN0X2ltYWdlX3VybGdlbi5DMyJ9&_nc_ohc=q2elKABnfJgQ7kNvwFpSXU1&_nc_oc=AdrwTk-WFPaGXPnr__tE6wNmrkqfoDpF9PgYO50ny48Qp-wV_fXWWlmHpiONB0KJphU&_nc_zt=23&_nc_ht=scontent-cdg4-2.cdninstagram.com&edm=ANo9K5cEAAAA&_nc_gid=B7tIpXQpinZZvFiFpKlP_g&_nc_tpa=Q5bMBQEiML7AS1Ptmiw1U2mxyj-YPh0oDWHPHjn6b_ZyJpMNCX5yI9SzuFTgjNUMpG3M97MN6lBabVOZjQ&oh=00_Af178vxndDwBLHao6b-SmVJfGDgKq2t81UbImqEi5692kw&oe=69F70F9E\"\n\t\t\tdata-img-src-set=\"{&quot;d&quot;:&quot;https:\\\/\\\/scontent-cdg4-2.cdninstagram.com\\\/v\\\/t51.82787-15\\\/610530849_18163577821392820_2873913255969208299_n.jpg?stp=dst-jpg_e35_tt6&amp;_nc_cat=101&amp;ccb=7-5&amp;_nc_sid=18de74&amp;efg=eyJlZmdfdGFnIjoiQ0FST1VTRUxfSVRFTS5iZXN0X2ltYWdlX3VybGdlbi5DMyJ9&amp;_nc_ohc=q2elKABnfJgQ7kNvwFpSXU1&amp;_nc_oc=AdrwTk-WFPaGXPnr__tE6wNmrkqfoDpF9PgYO50ny48Qp-wV_fXWWlmHpiONB0KJphU&amp;_nc_zt=23&amp;_nc_ht=scontent-cdg4-2.cdninstagram.com&amp;edm=ANo9K5cEAAAA&amp;_nc_gid=B7tIpXQpinZZvFiFpKlP_g&amp;_nc_tpa=Q5bMBQEiML7AS1Ptmiw1U2mxyj-YPh0oDWHPHjn6b_ZyJpMNCX5yI9SzuFTgjNUMpG3M97MN6lBabVOZjQ&amp;oh=00_Af178vxndDwBLHao6b-SmVJfGDgKq2t81UbImqEi5692kw&amp;oe=69F70F9E&quot;,&quot;150&quot;:&quot;https:\\\/\\\/scontent-cdg4-2.cdninstagram.com\\\/v\\\/t51.82787-15\\\/610530849_18163577821392820_2873913255969208299_n.jpg?stp=dst-jpg_e35_tt6&amp;_nc_cat=101&amp;ccb=7-5&amp;_nc_sid=18de74&amp;efg=eyJlZmdfdGFnIjoiQ0FST1VTRUxfSVRFTS5iZXN0X2ltYWdlX3VybGdlbi5DMyJ9&amp;_nc_ohc=q2elKABnfJgQ7kNvwFpSXU1&amp;_nc_oc=AdrwTk-WFPaGXPnr__tE6wNmrkqfoDpF9PgYO50ny48Qp-wV_fXWWlmHpiONB0KJphU&amp;_nc_zt=23&amp;_nc_ht=scontent-cdg4-2.cdninstagram.com&amp;edm=ANo9K5cEAAAA&amp;_nc_gid=B7tIpXQpinZZvFiFpKlP_g&amp;_nc_tpa=Q5bMBQEiML7AS1Ptmiw1U2mxyj-YPh0oDWHPHjn6b_ZyJpMNCX5yI9SzuFTgjNUMpG3M97MN6lBabVOZjQ&amp;oh=00_Af178vxndDwBLHao6b-SmVJfGDgKq2t81UbImqEi5692kw&amp;oe=69F70F9E&quot;,&quot;320&quot;:&quot;https:\\\/\\\/scontent-cdg4-2.cdninstagram.com\\\/v\\\/t51.82787-15\\\/610530849_18163577821392820_2873913255969208299_n.jpg?stp=dst-jpg_e35_tt6&amp;_nc_cat=101&amp;ccb=7-5&amp;_nc_sid=18de74&amp;efg=eyJlZmdfdGFnIjoiQ0FST1VTRUxfSVRFTS5iZXN0X2ltYWdlX3VybGdlbi5DMyJ9&amp;_nc_ohc=q2elKABnfJgQ7kNvwFpSXU1&amp;_nc_oc=AdrwTk-WFPaGXPnr__tE6wNmrkqfoDpF9PgYO50ny48Qp-wV_fXWWlmHpiONB0KJphU&amp;_nc_zt=23&amp;_nc_ht=scontent-cdg4-2.cdninstagram.com&amp;edm=ANo9K5cEAAAA&amp;_nc_gid=B7tIpXQpinZZvFiFpKlP_g&amp;_nc_tpa=Q5bMBQEiML7AS1Ptmiw1U2mxyj-YPh0oDWHPHjn6b_ZyJpMNCX5yI9SzuFTgjNUMpG3M97MN6lBabVOZjQ&amp;oh=00_Af178vxndDwBLHao6b-SmVJfGDgKq2t81UbImqEi5692kw&amp;oe=69F70F9E&quot;,&quot;640&quot;:&quot;https:\\\/\\\/scontent-cdg4-2.cdninstagram.com\\\/v\\\/t51.82787-15\\\/610530849_18163577821392820_2873913255969208299_n.jpg?stp=dst-jpg_e35_tt6&amp;_nc_cat=101&amp;ccb=7-5&amp;_nc_sid=18de74&amp;efg=eyJlZmdfdGFnIjoiQ0FST1VTRUxfSVRFTS5iZXN0X2ltYWdlX3VybGdlbi5DMyJ9&amp;_nc_ohc=q2elKABnfJgQ7kNvwFpSXU1&amp;_nc_oc=AdrwTk-WFPaGXPnr__tE6wNmrkqfoDpF9PgYO50ny48Qp-wV_fXWWlmHpiONB0KJphU&amp;_nc_zt=23&amp;_nc_ht=scontent-cdg4-2.cdninstagram.com&amp;edm=ANo9K5cEAAAA&amp;_nc_gid=B7tIpXQpinZZvFiFpKlP_g&amp;_nc_tpa=Q5bMBQEiML7AS1Ptmiw1U2mxyj-YPh0oDWHPHjn6b_ZyJpMNCX5yI9SzuFTgjNUMpG3M97MN6lBabVOZjQ&amp;oh=00_Af178vxndDwBLHao6b-SmVJfGDgKq2t81UbImqEi5692kw&amp;oe=69F70F9E&quot;}\">\n\t\t\t<span class=\"sbi-screenreader\">\u2728 Bonne Ann\u00e9e 2026 \u2728\n\nUne nouvelle page s\u2019ouvre\u2026\nU<\/span>\n\t\t\t<svg class=\"svg-inline--fa fa-clone fa-w-16 sbi_lightbox_carousel_icon\" aria-hidden=\"true\" aria-label=\"Clone\" data-fa-pro\u0192cessed=\"\" data-prefix=\"far\" data-icon=\"clone\" role=\"img\" xmlns=\"http:\/\/www.w3.org\/2000\/svg\" viewBox=\"0 0 512 512\">\n                    <path fill=\"currentColor\" d=\"M464 0H144c-26.51 0-48 21.49-48 48v48H48c-26.51 0-48 21.49-48 48v320c0 26.51 21.49 48 48 48h320c26.51 0 48-21.49 48-48v-48h48c26.51 0 48-21.49 48-48V48c0-26.51-21.49-48-48-48zM362 464H54a6 6 0 0 1-6-6V150a6 6 0 0 1 6-6h42v224c0 26.51 21.49 48 48 48h224v42a6 6 0 0 1-6 6zm96-96H150a6 6 0 0 1-6-6V54a6 6 0 0 1 6-6h308a6 6 0 0 1 6 6v308a6 6 0 0 1-6 6z\"><\/path>\n                <\/svg>\t\t\t\t\t\t<img decoding=\"async\" src=\"https:\/\/www.laplage-argeles.fr\/wp-content\/plugins\/instagram-feed\/img\/placeholder.png\" alt=\"\u2728 Bonne Ann\u00e9e 2026 \u2728\n\nUne nouvelle page s\u2019ouvre\u2026\nUne ann\u00e9e pleine de projets, d\u2019\u00e9vasion et de moments pr\u00e9cieux \u00e0 partager \ud83c\udf0a\u2600\ufe0f\n\nToute l\u2019\u00e9quipe du Camping La Plage vous adresse ses meilleurs v\u0153ux pour 2026.\nEt si cette ann\u00e9e \u00e9tait celle o\u00f9 vous preniez enfin le temps de ralentir, de respirer et de profiter, face \u00e0 la M\u00e9diterran\u00e9e ?\n\n\ud83c\udfd6\ufe0f Et si vos prochaines vacances commen\u00e7aient maintenant ?\nPour c\u00e9l\u00e9brer la nouvelle ann\u00e9e, nous vous offrons 50 \u20ac sur votre prochain s\u00e9jour\n\u2728 S\u00e9jour de 4 nuits minimum\n\u2728 Offre valable toute la saison 2026\n\u2728 Locations uniquement (hors emplacements)\n\u2728 Offre valable jusqu\u2019au 31\/01\/2026\n\nImaginez\u2026\nLe confort de votre location, le soleil du Sud, les journ\u00e9es qui s\u2019\u00e9tirent sans contrainte et les soir\u00e9es d\u2019\u00e9t\u00e9 qui n\u2019en finissent pas \ud83c\udf05\n\nVos vacances 2026 vous attendent\u2026\nIl ne reste plus qu\u2019\u00e0 les r\u00e9server \ud83d\udc99\n\nhttps:\/\/www.laplage-argeles.fr\/fr\n\n#campinglaplageargeles #argelessurmer #entremeretmontagne #activit\u00e9s #vacances #pyr\u00e9n\u00e9es #camping #laplage #vacances2025 #vacancesencamping #randonn\u00e9es #sentier #enfamille #entreamis #sportif #soleil #mer #m\u00e9diterran\u00e9e #montagnesurmer\" aria-hidden=\"true\">\n\t\t<\/a>\n\t<\/div>\n<\/div><div class=\"sbi_item sbi_type_image sbi_new sbi_transition\"\n\tid=\"sbi_18060257663271366\" data-date=\"1765359633\">\n\t<div class=\"sbi_photo_wrap\">\n\t\t<a class=\"sbi_photo\" href=\"https:\/\/www.instagram.com\/p\/DSFAhaBjVSG\/\" target=\"_blank\" rel=\"noopener nofollow\"\n\t\t\tdata-full-res=\"https:\/\/scontent-cdg4-1.cdninstagram.com\/v\/t51.82787-15\/591474159_18160966441392820_3391635097104921321_n.jpg?stp=dst-jpg_e35_tt6&_nc_cat=108&ccb=7-5&_nc_sid=18de74&efg=eyJlZmdfdGFnIjoiRkVFRC5iZXN0X2ltYWdlX3VybGdlbi5DMyJ9&_nc_ohc=J_R6gyM_A2YQ7kNvwF4HkCZ&_nc_oc=AdrK8stN3YhYodRCMN-dAcv8GpmC5C_SKYV-L29LV00JrhUz8BxOfWHwP-MDDRDIQp8&_nc_zt=23&_nc_ht=scontent-cdg4-1.cdninstagram.com&edm=ANo9K5cEAAAA&_nc_gid=B7tIpXQpinZZvFiFpKlP_g&_nc_tpa=Q5bMBQGS_97zCL3al0W2U0hmWltUzKgLvfuY2vGTV3ra5jCXlbe3GlvRgNgl8Iigzbg5ysCNQjazlWutXg&oh=00_Af0I_OmZuDwF69HoLk7niA342EV0q_A3KjOLBgR0euPDrw&oe=69F73F37\"\n\t\t\tdata-img-src-set=\"{&quot;d&quot;:&quot;https:\\\/\\\/scontent-cdg4-1.cdninstagram.com\\\/v\\\/t51.82787-15\\\/591474159_18160966441392820_3391635097104921321_n.jpg?stp=dst-jpg_e35_tt6&amp;_nc_cat=108&amp;ccb=7-5&amp;_nc_sid=18de74&amp;efg=eyJlZmdfdGFnIjoiRkVFRC5iZXN0X2ltYWdlX3VybGdlbi5DMyJ9&amp;_nc_ohc=J_R6gyM_A2YQ7kNvwF4HkCZ&amp;_nc_oc=AdrK8stN3YhYodRCMN-dAcv8GpmC5C_SKYV-L29LV00JrhUz8BxOfWHwP-MDDRDIQp8&amp;_nc_zt=23&amp;_nc_ht=scontent-cdg4-1.cdninstagram.com&amp;edm=ANo9K5cEAAAA&amp;_nc_gid=B7tIpXQpinZZvFiFpKlP_g&amp;_nc_tpa=Q5bMBQGS_97zCL3al0W2U0hmWltUzKgLvfuY2vGTV3ra5jCXlbe3GlvRgNgl8Iigzbg5ysCNQjazlWutXg&amp;oh=00_Af0I_OmZuDwF69HoLk7niA342EV0q_A3KjOLBgR0euPDrw&amp;oe=69F73F37&quot;,&quot;150&quot;:&quot;https:\\\/\\\/scontent-cdg4-1.cdninstagram.com\\\/v\\\/t51.82787-15\\\/591474159_18160966441392820_3391635097104921321_n.jpg?stp=dst-jpg_e35_tt6&amp;_nc_cat=108&amp;ccb=7-5&amp;_nc_sid=18de74&amp;efg=eyJlZmdfdGFnIjoiRkVFRC5iZXN0X2ltYWdlX3VybGdlbi5DMyJ9&amp;_nc_ohc=J_R6gyM_A2YQ7kNvwF4HkCZ&amp;_nc_oc=AdrK8stN3YhYodRCMN-dAcv8GpmC5C_SKYV-L29LV00JrhUz8BxOfWHwP-MDDRDIQp8&amp;_nc_zt=23&amp;_nc_ht=scontent-cdg4-1.cdninstagram.com&amp;edm=ANo9K5cEAAAA&amp;_nc_gid=B7tIpXQpinZZvFiFpKlP_g&amp;_nc_tpa=Q5bMBQGS_97zCL3al0W2U0hmWltUzKgLvfuY2vGTV3ra5jCXlbe3GlvRgNgl8Iigzbg5ysCNQjazlWutXg&amp;oh=00_Af0I_OmZuDwF69HoLk7niA342EV0q_A3KjOLBgR0euPDrw&amp;oe=69F73F37&quot;,&quot;320&quot;:&quot;https:\\\/\\\/scontent-cdg4-1.cdninstagram.com\\\/v\\\/t51.82787-15\\\/591474159_18160966441392820_3391635097104921321_n.jpg?stp=dst-jpg_e35_tt6&amp;_nc_cat=108&amp;ccb=7-5&amp;_nc_sid=18de74&amp;efg=eyJlZmdfdGFnIjoiRkVFRC5iZXN0X2ltYWdlX3VybGdlbi5DMyJ9&amp;_nc_ohc=J_R6gyM_A2YQ7kNvwF4HkCZ&amp;_nc_oc=AdrK8stN3YhYodRCMN-dAcv8GpmC5C_SKYV-L29LV00JrhUz8BxOfWHwP-MDDRDIQp8&amp;_nc_zt=23&amp;_nc_ht=scontent-cdg4-1.cdninstagram.com&amp;edm=ANo9K5cEAAAA&amp;_nc_gid=B7tIpXQpinZZvFiFpKlP_g&amp;_nc_tpa=Q5bMBQGS_97zCL3al0W2U0hmWltUzKgLvfuY2vGTV3ra5jCXlbe3GlvRgNgl8Iigzbg5ysCNQjazlWutXg&amp;oh=00_Af0I_OmZuDwF69HoLk7niA342EV0q_A3KjOLBgR0euPDrw&amp;oe=69F73F37&quot;,&quot;640&quot;:&quot;https:\\\/\\\/scontent-cdg4-1.cdninstagram.com\\\/v\\\/t51.82787-15\\\/591474159_18160966441392820_3391635097104921321_n.jpg?stp=dst-jpg_e35_tt6&amp;_nc_cat=108&amp;ccb=7-5&amp;_nc_sid=18de74&amp;efg=eyJlZmdfdGFnIjoiRkVFRC5iZXN0X2ltYWdlX3VybGdlbi5DMyJ9&amp;_nc_ohc=J_R6gyM_A2YQ7kNvwF4HkCZ&amp;_nc_oc=AdrK8stN3YhYodRCMN-dAcv8GpmC5C_SKYV-L29LV00JrhUz8BxOfWHwP-MDDRDIQp8&amp;_nc_zt=23&amp;_nc_ht=scontent-cdg4-1.cdninstagram.com&amp;edm=ANo9K5cEAAAA&amp;_nc_gid=B7tIpXQpinZZvFiFpKlP_g&amp;_nc_tpa=Q5bMBQGS_97zCL3al0W2U0hmWltUzKgLvfuY2vGTV3ra5jCXlbe3GlvRgNgl8Iigzbg5ysCNQjazlWutXg&amp;oh=00_Af0I_OmZuDwF69HoLk7niA342EV0q_A3KjOLBgR0euPDrw&amp;oe=69F73F37&quot;}\">\n\t\t\t<span class=\"sbi-screenreader\">\u2728\ud83c\udf85 De tr\u00e8s belles f\u00eates \u00e0 vous tous ! \ud83c\udf85\u2728\n\n\u00c0 l\u2019appr<\/span>\n\t\t\t\t\t\t\t\t\t<img decoding=\"async\" src=\"https:\/\/www.laplage-argeles.fr\/wp-content\/plugins\/instagram-feed\/img\/placeholder.png\" alt=\"\u2728\ud83c\udf85 De tr\u00e8s belles f\u00eates \u00e0 vous tous ! \ud83c\udf85\u2728\n\n\u00c0 l\u2019approche de la fin d\u2019ann\u00e9e, toute l\u2019\u00e9quipe du camping tient \u00e0 vous adresser ses meilleurs v\u0153ux \ud83c\udf84\u2b50\n\nMerci pour votre fid\u00e9lit\u00e9 et pour les moments pr\u00e9cieux partag\u00e9s ensemble au fil des saisons. Nous sommes impatients de vous accueillir \u00e0 nouveau en 2026 pour de nouvelles parenth\u00e8ses de d\u00e9tente, de nature et de convivialit\u00e9 \ud83c\udf32\ud83c\udfd6\ufe0f\n\nPassez de magnifiques f\u00eates, entour\u00e9s de chaleur et de joie \u2764\ufe0f\n\n#campinglaplageargeles #argelessurmer #entremeretmontagne #vacances #promo #vacances2025 #vacancesencamping #montagnesurmer #soleil #mer #mediterranee\" aria-hidden=\"true\">\n\t\t<\/a>\n\t<\/div>\n<\/div><div class=\"sbi_item sbi_type_image sbi_new sbi_transition\"\n\tid=\"sbi_18293586034267663\" data-date=\"1756901352\">\n\t<div class=\"sbi_photo_wrap\">\n\t\t<a class=\"sbi_photo\" href=\"https:\/\/www.instagram.com\/p\/DOI7oURER5T\/\" target=\"_blank\" rel=\"noopener nofollow\"\n\t\t\tdata-full-res=\"https:\/\/scontent-cdg4-2.cdninstagram.com\/v\/t39.30808-6\/540625343_1317187607073986_2644584451083610594_n.jpg?stp=dst-jpg_e35_tt6&_nc_cat=100&ccb=7-5&_nc_sid=18de74&efg=eyJlZmdfdGFnIjoiRkVFRC5iZXN0X2ltYWdlX3VybGdlbi5DMyJ9&_nc_ohc=PeL-sg2Y3LUQ7kNvwGxulxJ&_nc_oc=Adp4EPX9IGTc0tf14GFdobafUJY3hkvsbBBsiTKT2SveO3S92a6ntAOJUsi24k3nS_M&_nc_zt=23&_nc_ht=scontent-cdg4-2.cdninstagram.com&edm=ANo9K5cEAAAA&_nc_gid=B7tIpXQpinZZvFiFpKlP_g&_nc_tpa=Q5bMBQECv432QdsEeXnsbpKxUouHWazvkmLq5hhASl38AS_j0JzktIvkQ3AoBUmfGMmfFoiQmEypQi1fmg&oh=00_Af3sNG_S2-TP3j3n8IpI4Pu1V5DWVSXrva0wtS51fsiQ_Q&oe=69F73908\"\n\t\t\tdata-img-src-set=\"{&quot;d&quot;:&quot;https:\\\/\\\/scontent-cdg4-2.cdninstagram.com\\\/v\\\/t39.30808-6\\\/540625343_1317187607073986_2644584451083610594_n.jpg?stp=dst-jpg_e35_tt6&amp;_nc_cat=100&amp;ccb=7-5&amp;_nc_sid=18de74&amp;efg=eyJlZmdfdGFnIjoiRkVFRC5iZXN0X2ltYWdlX3VybGdlbi5DMyJ9&amp;_nc_ohc=PeL-sg2Y3LUQ7kNvwGxulxJ&amp;_nc_oc=Adp4EPX9IGTc0tf14GFdobafUJY3hkvsbBBsiTKT2SveO3S92a6ntAOJUsi24k3nS_M&amp;_nc_zt=23&amp;_nc_ht=scontent-cdg4-2.cdninstagram.com&amp;edm=ANo9K5cEAAAA&amp;_nc_gid=B7tIpXQpinZZvFiFpKlP_g&amp;_nc_tpa=Q5bMBQECv432QdsEeXnsbpKxUouHWazvkmLq5hhASl38AS_j0JzktIvkQ3AoBUmfGMmfFoiQmEypQi1fmg&amp;oh=00_Af3sNG_S2-TP3j3n8IpI4Pu1V5DWVSXrva0wtS51fsiQ_Q&amp;oe=69F73908&quot;,&quot;150&quot;:&quot;https:\\\/\\\/scontent-cdg4-2.cdninstagram.com\\\/v\\\/t39.30808-6\\\/540625343_1317187607073986_2644584451083610594_n.jpg?stp=dst-jpg_e35_tt6&amp;_nc_cat=100&amp;ccb=7-5&amp;_nc_sid=18de74&amp;efg=eyJlZmdfdGFnIjoiRkVFRC5iZXN0X2ltYWdlX3VybGdlbi5DMyJ9&amp;_nc_ohc=PeL-sg2Y3LUQ7kNvwGxulxJ&amp;_nc_oc=Adp4EPX9IGTc0tf14GFdobafUJY3hkvsbBBsiTKT2SveO3S92a6ntAOJUsi24k3nS_M&amp;_nc_zt=23&amp;_nc_ht=scontent-cdg4-2.cdninstagram.com&amp;edm=ANo9K5cEAAAA&amp;_nc_gid=B7tIpXQpinZZvFiFpKlP_g&amp;_nc_tpa=Q5bMBQECv432QdsEeXnsbpKxUouHWazvkmLq5hhASl38AS_j0JzktIvkQ3AoBUmfGMmfFoiQmEypQi1fmg&amp;oh=00_Af3sNG_S2-TP3j3n8IpI4Pu1V5DWVSXrva0wtS51fsiQ_Q&amp;oe=69F73908&quot;,&quot;320&quot;:&quot;https:\\\/\\\/scontent-cdg4-2.cdninstagram.com\\\/v\\\/t39.30808-6\\\/540625343_1317187607073986_2644584451083610594_n.jpg?stp=dst-jpg_e35_tt6&amp;_nc_cat=100&amp;ccb=7-5&amp;_nc_sid=18de74&amp;efg=eyJlZmdfdGFnIjoiRkVFRC5iZXN0X2ltYWdlX3VybGdlbi5DMyJ9&amp;_nc_ohc=PeL-sg2Y3LUQ7kNvwGxulxJ&amp;_nc_oc=Adp4EPX9IGTc0tf14GFdobafUJY3hkvsbBBsiTKT2SveO3S92a6ntAOJUsi24k3nS_M&amp;_nc_zt=23&amp;_nc_ht=scontent-cdg4-2.cdninstagram.com&amp;edm=ANo9K5cEAAAA&amp;_nc_gid=B7tIpXQpinZZvFiFpKlP_g&amp;_nc_tpa=Q5bMBQECv432QdsEeXnsbpKxUouHWazvkmLq5hhASl38AS_j0JzktIvkQ3AoBUmfGMmfFoiQmEypQi1fmg&amp;oh=00_Af3sNG_S2-TP3j3n8IpI4Pu1V5DWVSXrva0wtS51fsiQ_Q&amp;oe=69F73908&quot;,&quot;640&quot;:&quot;https:\\\/\\\/scontent-cdg4-2.cdninstagram.com\\\/v\\\/t39.30808-6\\\/540625343_1317187607073986_2644584451083610594_n.jpg?stp=dst-jpg_e35_tt6&amp;_nc_cat=100&amp;ccb=7-5&amp;_nc_sid=18de74&amp;efg=eyJlZmdfdGFnIjoiRkVFRC5iZXN0X2ltYWdlX3VybGdlbi5DMyJ9&amp;_nc_ohc=PeL-sg2Y3LUQ7kNvwGxulxJ&amp;_nc_oc=Adp4EPX9IGTc0tf14GFdobafUJY3hkvsbBBsiTKT2SveO3S92a6ntAOJUsi24k3nS_M&amp;_nc_zt=23&amp;_nc_ht=scontent-cdg4-2.cdninstagram.com&amp;edm=ANo9K5cEAAAA&amp;_nc_gid=B7tIpXQpinZZvFiFpKlP_g&amp;_nc_tpa=Q5bMBQECv432QdsEeXnsbpKxUouHWazvkmLq5hhASl38AS_j0JzktIvkQ3AoBUmfGMmfFoiQmEypQi1fmg&amp;oh=00_Af3sNG_S2-TP3j3n8IpI4Pu1V5DWVSXrva0wtS51fsiQ_Q&amp;oe=69F73908&quot;}\">\n\t\t\t<span class=\"sbi-screenreader\">Le Camping La Plage \u00e0 Argel\u00e8s-sur-Mer vous invite <\/span>\n\t\t\t\t\t\t\t\t\t<img decoding=\"async\" src=\"https:\/\/www.laplage-argeles.fr\/wp-content\/plugins\/instagram-feed\/img\/placeholder.png\" alt=\"Le Camping La Plage \u00e0 Argel\u00e8s-sur-Mer vous invite \u00e0 r\u00e9server votre s\u00e9jour !\nQue ce soit pour une semaine ou un simple week-end, venez profiter de la douceur des temp\u00e9ratures de septembre. \u2600\ud83e\udd75\n\nLa ville d\u2019Argel\u00e8s reste anim\u00e9e en ce bel \u00e9t\u00e9 indien : commerces, activit\u00e9s et balades vous attendent encore \u00e0 cette p\u00e9riode de l\u2019ann\u00e9e. C\u2019est aussi l\u2019occasion id\u00e9ale de d\u00e9couvrir la beaut\u00e9 des paysages qui se parent peu \u00e0 peu des couleurs flamboyantes de l\u2019automne.\n\nNos animateurs sont toujours pr\u00e9sents pour rythmer vos journ\u00e9es avec des activit\u00e9s conviviales, sportives et divertissantes.\n\n\ud83d\udc49 Le Camping La Plage vous promet un \u00e9t\u00e9 indien de qualit\u00e9, m\u00ealant repos, d\u00e9couvertes et bonne humeur.\nR\u00e9servez d\u00e8s maintenant \u27a1 www.laplage-argeles.fr ou par \ud83d\udcde au 04.68.81.12.17\n\n#mediterranee #campinglaplageargeles #argelessurmer #entremeretmontagne #vacances #promo #vacances2025 #vacancesencamping #montagnesurmer #soleil #mer #m\u00e9diterran\u00e9e\" aria-hidden=\"true\">\n\t\t<\/a>\n\t<\/div>\n<\/div><div class=\"sbi_item sbi_type_carousel sbi_new sbi_transition\"\n\tid=\"sbi_18089869372654818\" data-date=\"1751790967\">\n\t<div class=\"sbi_photo_wrap\">\n\t\t<a class=\"sbi_photo\" href=\"https:\/\/www.instagram.com\/p\/DLwoWDcta3q\/\" target=\"_blank\" rel=\"noopener nofollow\"\n\t\t\tdata-full-res=\"https:\/\/scontent-cdg4-3.cdninstagram.com\/v\/t51.82787-15\/516144951_18143953228392820_6629936648649708114_n.jpg?stp=dst-jpg_e35_tt6&_nc_cat=111&ccb=7-5&_nc_sid=18de74&efg=eyJlZmdfdGFnIjoiQ0FST1VTRUxfSVRFTS5iZXN0X2ltYWdlX3VybGdlbi5DMyJ9&_nc_ohc=atRa_ZP9KKgQ7kNvwFWgb6h&_nc_oc=Adr5RA-dR9J_2Bta7t7Ltj6w-4eT8fQ1K9IfEuLLf8RQnggVMOqNTleqQvRQO2IwgCg&_nc_zt=23&_nc_ht=scontent-cdg4-3.cdninstagram.com&edm=ANo9K5cEAAAA&_nc_gid=B7tIpXQpinZZvFiFpKlP_g&_nc_tpa=Q5bMBQHvng8bzVKgN1wzTJz_r4PUBsIZSkCwvBC2nR0D0Ah-v3wHu4qSU3kJ-ZGwc6Jyzwora_bG6-XfFQ&oh=00_Af3_uwO5vv6GckPR6CCJe3GdqiznXlANw8JecbCI3L1rVg&oe=69F73D47\"\n\t\t\tdata-img-src-set=\"{&quot;d&quot;:&quot;https:\\\/\\\/scontent-cdg4-3.cdninstagram.com\\\/v\\\/t51.82787-15\\\/516144951_18143953228392820_6629936648649708114_n.jpg?stp=dst-jpg_e35_tt6&amp;_nc_cat=111&amp;ccb=7-5&amp;_nc_sid=18de74&amp;efg=eyJlZmdfdGFnIjoiQ0FST1VTRUxfSVRFTS5iZXN0X2ltYWdlX3VybGdlbi5DMyJ9&amp;_nc_ohc=atRa_ZP9KKgQ7kNvwFWgb6h&amp;_nc_oc=Adr5RA-dR9J_2Bta7t7Ltj6w-4eT8fQ1K9IfEuLLf8RQnggVMOqNTleqQvRQO2IwgCg&amp;_nc_zt=23&amp;_nc_ht=scontent-cdg4-3.cdninstagram.com&amp;edm=ANo9K5cEAAAA&amp;_nc_gid=B7tIpXQpinZZvFiFpKlP_g&amp;_nc_tpa=Q5bMBQHvng8bzVKgN1wzTJz_r4PUBsIZSkCwvBC2nR0D0Ah-v3wHu4qSU3kJ-ZGwc6Jyzwora_bG6-XfFQ&amp;oh=00_Af3_uwO5vv6GckPR6CCJe3GdqiznXlANw8JecbCI3L1rVg&amp;oe=69F73D47&quot;,&quot;150&quot;:&quot;https:\\\/\\\/scontent-cdg4-3.cdninstagram.com\\\/v\\\/t51.82787-15\\\/516144951_18143953228392820_6629936648649708114_n.jpg?stp=dst-jpg_e35_tt6&amp;_nc_cat=111&amp;ccb=7-5&amp;_nc_sid=18de74&amp;efg=eyJlZmdfdGFnIjoiQ0FST1VTRUxfSVRFTS5iZXN0X2ltYWdlX3VybGdlbi5DMyJ9&amp;_nc_ohc=atRa_ZP9KKgQ7kNvwFWgb6h&amp;_nc_oc=Adr5RA-dR9J_2Bta7t7Ltj6w-4eT8fQ1K9IfEuLLf8RQnggVMOqNTleqQvRQO2IwgCg&amp;_nc_zt=23&amp;_nc_ht=scontent-cdg4-3.cdninstagram.com&amp;edm=ANo9K5cEAAAA&amp;_nc_gid=B7tIpXQpinZZvFiFpKlP_g&amp;_nc_tpa=Q5bMBQHvng8bzVKgN1wzTJz_r4PUBsIZSkCwvBC2nR0D0Ah-v3wHu4qSU3kJ-ZGwc6Jyzwora_bG6-XfFQ&amp;oh=00_Af3_uwO5vv6GckPR6CCJe3GdqiznXlANw8JecbCI3L1rVg&amp;oe=69F73D47&quot;,&quot;320&quot;:&quot;https:\\\/\\\/scontent-cdg4-3.cdninstagram.com\\\/v\\\/t51.82787-15\\\/516144951_18143953228392820_6629936648649708114_n.jpg?stp=dst-jpg_e35_tt6&amp;_nc_cat=111&amp;ccb=7-5&amp;_nc_sid=18de74&amp;efg=eyJlZmdfdGFnIjoiQ0FST1VTRUxfSVRFTS5iZXN0X2ltYWdlX3VybGdlbi5DMyJ9&amp;_nc_ohc=atRa_ZP9KKgQ7kNvwFWgb6h&amp;_nc_oc=Adr5RA-dR9J_2Bta7t7Ltj6w-4eT8fQ1K9IfEuLLf8RQnggVMOqNTleqQvRQO2IwgCg&amp;_nc_zt=23&amp;_nc_ht=scontent-cdg4-3.cdninstagram.com&amp;edm=ANo9K5cEAAAA&amp;_nc_gid=B7tIpXQpinZZvFiFpKlP_g&amp;_nc_tpa=Q5bMBQHvng8bzVKgN1wzTJz_r4PUBsIZSkCwvBC2nR0D0Ah-v3wHu4qSU3kJ-ZGwc6Jyzwora_bG6-XfFQ&amp;oh=00_Af3_uwO5vv6GckPR6CCJe3GdqiznXlANw8JecbCI3L1rVg&amp;oe=69F73D47&quot;,&quot;640&quot;:&quot;https:\\\/\\\/scontent-cdg4-3.cdninstagram.com\\\/v\\\/t51.82787-15\\\/516144951_18143953228392820_6629936648649708114_n.jpg?stp=dst-jpg_e35_tt6&amp;_nc_cat=111&amp;ccb=7-5&amp;_nc_sid=18de74&amp;efg=eyJlZmdfdGFnIjoiQ0FST1VTRUxfSVRFTS5iZXN0X2ltYWdlX3VybGdlbi5DMyJ9&amp;_nc_ohc=atRa_ZP9KKgQ7kNvwFWgb6h&amp;_nc_oc=Adr5RA-dR9J_2Bta7t7Ltj6w-4eT8fQ1K9IfEuLLf8RQnggVMOqNTleqQvRQO2IwgCg&amp;_nc_zt=23&amp;_nc_ht=scontent-cdg4-3.cdninstagram.com&amp;edm=ANo9K5cEAAAA&amp;_nc_gid=B7tIpXQpinZZvFiFpKlP_g&amp;_nc_tpa=Q5bMBQHvng8bzVKgN1wzTJz_r4PUBsIZSkCwvBC2nR0D0Ah-v3wHu4qSU3kJ-ZGwc6Jyzwora_bG6-XfFQ&amp;oh=00_Af3_uwO5vv6GckPR6CCJe3GdqiznXlANw8JecbCI3L1rVg&amp;oe=69F73D47&quot;}\">\n\t\t\t<span class=\"sbi-screenreader\">Si vous cherchez des activit\u00e9s \u00e0 faire durant votr<\/span>\n\t\t\t<svg class=\"svg-inline--fa fa-clone fa-w-16 sbi_lightbox_carousel_icon\" aria-hidden=\"true\" aria-label=\"Clone\" data-fa-pro\u0192cessed=\"\" data-prefix=\"far\" data-icon=\"clone\" role=\"img\" xmlns=\"http:\/\/www.w3.org\/2000\/svg\" viewBox=\"0 0 512 512\">\n                    <path fill=\"currentColor\" d=\"M464 0H144c-26.51 0-48 21.49-48 48v48H48c-26.51 0-48 21.49-48 48v320c0 26.51 21.49 48 48 48h320c26.51 0 48-21.49 48-48v-48h48c26.51 0 48-21.49 48-48V48c0-26.51-21.49-48-48-48zM362 464H54a6 6 0 0 1-6-6V150a6 6 0 0 1 6-6h42v224c0 26.51 21.49 48 48 48h224v42a6 6 0 0 1-6 6zm96-96H150a6 6 0 0 1-6-6V54a6 6 0 0 1 6-6h308a6 6 0 0 1 6 6v308a6 6 0 0 1-6 6z\"><\/path>\n                <\/svg>\t\t\t\t\t\t<img decoding=\"async\" src=\"https:\/\/www.laplage-argeles.fr\/wp-content\/plugins\/instagram-feed\/img\/placeholder.png\" alt=\"Si vous cherchez des activit\u00e9s \u00e0 faire durant votre s\u00e9jour, vous \u00eates sur le bon post !!\n\nVoici quelques activit\u00e9s \u00e0 faire en famille, entre amis. Venez profiter de notre agr\u00e9able climat m\u00e9diterran\u00e9en \u2600\ufe0f\ud83c\udf0a\n\nPour les plus petits comme les plus grands, divers lieux sont \u00e0 visiter pour que vous profitiez de l\u2019air marin. Ce qui permettra d\u2019en apprendre plus sur notre belle diversit\u00e9, notre faune \ud83e\udecf et notre flore \ud83c\udf3b propos\u00e9e par les Pyr\u00e9n\u00e9es Orientales \ud83c\udfd4\ufe0f\n\nPour les amateurs de sensations fortes \ud83e\ude82, Argel\u00e8s-sur-Mer vous propose une multitude d\u2019activit\u00e9s \u00e0 faire sur mer \ud83c\udf0a, sur terre\ud83c\udfd4\ufe0f et dans les airs\ud83c\udf24\ufe0f, rien de tel qu\u2019une touche d\u2019aventure pour pimenter votre s\u00e9jour \ud83c\udf36\ufe0f\n\nEt enfin laissez-vous tenter par les magnifiques paysages en d\u00e9couvrant notre merveilleux d\u00e9partement. Explorez nos diff\u00e9rents sentiers, randonn\u00e9es et balades en plein air, mais attention, certaines sont uniquement pour les plus aguerris !! \ud83c\udfd4\ufe0f\ud83c\udf0a\ud83d\udeb6\ud83c\udffb\u200d\u2640\ufe0f\n\n#campinglaplageargeles #argelessurmer #entremeretmontagne #activit\u00e9s #vacances #pyr\u00e9n\u00e9es #camping #laplage #vacances2025 #vacancesencamping #randonn\u00e9es #sentier #enfamille #entreamis #sportif #soleil #mer #m\u00e9diterran\u00e9e #montagnesurmer\" aria-hidden=\"true\">\n\t\t<\/a>\n\t<\/div>\n<\/div>\t<\/div>\n\n\t<div id=\"sbi_load\" >\n\n\t\n\t\n<\/div>\n\t\t<span class=\"sbi_resized_image_data\" data-feed-id=\"*1\"\n\t\t  data-resized=\"{&quot;17982907610954727&quot;:{&quot;id&quot;:&quot;628217176_18166965583392820_2294649726369982477_n&quot;,&quot;ratio&quot;:&quot;1.00&quot;,&quot;sizes&quot;:{&quot;full&quot;:640,&quot;low&quot;:320,&quot;thumb&quot;:150},&quot;extension&quot;:&quot;.webp&quot;},&quot;17917459395251747&quot;:{&quot;id&quot;:&quot;610530849_18163577821392820_2873913255969208299_n&quot;,&quot;ratio&quot;:&quot;1.00&quot;,&quot;sizes&quot;:{&quot;full&quot;:640,&quot;low&quot;:320,&quot;thumb&quot;:150},&quot;extension&quot;:&quot;.webp&quot;},&quot;18060257663271366&quot;:{&quot;id&quot;:&quot;591474159_18160966441392820_3391635097104921321_n&quot;,&quot;ratio&quot;:&quot;1.00&quot;,&quot;sizes&quot;:{&quot;full&quot;:640,&quot;low&quot;:320,&quot;thumb&quot;:150},&quot;extension&quot;:&quot;.webp&quot;},&quot;18293586034267663&quot;:{&quot;id&quot;:&quot;540625343_1317187607073986_2644584451083610594_n&quot;,&quot;ratio&quot;:&quot;0.80&quot;,&quot;sizes&quot;:{&quot;full&quot;:640,&quot;low&quot;:320,&quot;thumb&quot;:150},&quot;extension&quot;:&quot;.webp&quot;},&quot;18089869372654818&quot;:{&quot;id&quot;:&quot;516144951_18143953228392820_6629936648649708114_n&quot;,&quot;ratio&quot;:&quot;0.80&quot;,&quot;sizes&quot;:{&quot;full&quot;:640,&quot;low&quot;:320,&quot;thumb&quot;:150},&quot;extension&quot;:&quot;.webp&quot;}}\">\n\t<\/span>\n\t<\/div>\n\n<\/div><\/div>\n<\/div>\n<\/div>\n<\/div>","protected":false},"excerpt":{"rendered":"","protected":false},"author":1,"featured_media":0,"parent":0,"menu_order":0,"comment_status":"closed","ping_status":"closed","template":"","meta":{"_acf_changed":false,"inline_featured_image":false,"footnotes":""},"class_list":["post-78135","page","type-page","status-publish","hentry"],"acf":[],"yoast_head":"<!-- This site is optimized with the Yoast SEO plugin v27.4 - https:\/\/yoast.com\/product\/yoast-seo-wordpress\/ -->\n<title>C\u00e1mping Argel\u00e8s-sur-Mer: c\u00e1mping de 3 estrellas junto al mar en Argel\u00e8s-sur-Mer<\/title>\n<meta name=\"description\" content=\"C\u00e1mping de 3 estrellas en Argel\u00e8s-sur-Mer, a 200 m de las playas. Disfruta de una piscina infinity y de mobil-homes confortables para tus vacaciones en familia.\" \/>\n<meta name=\"robots\" content=\"index, follow, max-snippet:-1, max-image-preview:large, max-video-preview:-1\" \/>\n<link rel=\"canonical\" href=\"https:\/\/www.laplage-argeles.fr\/es\/\" \/>\n<meta property=\"og:locale\" content=\"es_ES\" \/>\n<meta property=\"og:type\" content=\"article\" \/>\n<meta property=\"og:title\" content=\"C\u00e1mping Argel\u00e8s-sur-Mer: c\u00e1mping de 3 estrellas junto al mar en Argel\u00e8s-sur-Mer\" \/>\n<meta property=\"og:description\" content=\"C\u00e1mping de 3 estrellas en Argel\u00e8s-sur-Mer, a 200 m de las playas. Disfruta de una piscina infinity y de mobil-homes confortables para tus vacaciones en familia.\" \/>\n<meta property=\"og:url\" content=\"https:\/\/www.laplage-argeles.fr\/es\/\" \/>\n<meta property=\"og:site_name\" content=\"Camping la Plage \u00e0 Argeles\" \/>\n<meta property=\"article:modified_time\" content=\"2026-04-29T08:48:33+00:00\" \/>\n<meta name=\"twitter:card\" content=\"summary_large_image\" \/>\n<script type=\"application\/ld+json\" class=\"yoast-schema-graph\">{\"@context\":\"https:\\\/\\\/schema.org\",\"@graph\":[{\"@type\":\"WebPage\",\"@id\":\"https:\\\/\\\/www.laplage-argeles.fr\\\/es\\\/\",\"url\":\"https:\\\/\\\/www.laplage-argeles.fr\\\/es\\\/\",\"name\":\"C\u00e1mping Argel\u00e8s-sur-Mer: c\u00e1mping de 3 estrellas junto al mar en Argel\u00e8s-sur-Mer\",\"isPartOf\":{\"@id\":\"https:\\\/\\\/www.laplage-argeles.fr\\\/es\\\/#website\"},\"datePublished\":\"2025-06-09T10:25:33+00:00\",\"dateModified\":\"2026-04-29T08:48:33+00:00\",\"description\":\"C\u00e1mping de 3 estrellas en Argel\u00e8s-sur-Mer, a 200 m de las playas. Disfruta de una piscina infinity y de mobil-homes confortables para tus vacaciones en familia.\",\"breadcrumb\":{\"@id\":\"https:\\\/\\\/www.laplage-argeles.fr\\\/es\\\/#breadcrumb\"},\"inLanguage\":\"es\",\"potentialAction\":[{\"@type\":\"ReadAction\",\"target\":[\"https:\\\/\\\/www.laplage-argeles.fr\\\/es\\\/\"]}]},{\"@type\":\"BreadcrumbList\",\"@id\":\"https:\\\/\\\/www.laplage-argeles.fr\\\/es\\\/#breadcrumb\",\"itemListElement\":[{\"@type\":\"ListItem\",\"position\":1,\"name\":\"Camping Plage Argel\u00e8s-sur-Mer\",\"item\":\"https:\\\/\\\/www.laplage-argeles.fr\\\/es\\\/\"},{\"@type\":\"ListItem\",\"position\":2,\"name\":\"C\u00e1mping Argel\u00e8s-sur-Mer\"}]},{\"@type\":\"WebSite\",\"@id\":\"https:\\\/\\\/www.laplage-argeles.fr\\\/es\\\/#website\",\"url\":\"https:\\\/\\\/www.laplage-argeles.fr\\\/es\\\/\",\"name\":\"Camping la Plage \u00e0 Argeles\",\"description\":\"\",\"potentialAction\":[{\"@type\":\"SearchAction\",\"target\":{\"@type\":\"EntryPoint\",\"urlTemplate\":\"https:\\\/\\\/www.laplage-argeles.fr\\\/es\\\/?s={search_term_string}\"},\"query-input\":{\"@type\":\"PropertyValueSpecification\",\"valueRequired\":true,\"valueName\":\"search_term_string\"}}],\"inLanguage\":\"es\"}]}<\/script>\n<!-- \/ Yoast SEO plugin. -->","yoast_head_json":{"title":"C\u00e1mping Argel\u00e8s-sur-Mer: c\u00e1mping de 3 estrellas junto al mar en Argel\u00e8s-sur-Mer","description":"C\u00e1mping de 3 estrellas en Argel\u00e8s-sur-Mer, a 200 m de las playas. Disfruta de una piscina infinity y de mobil-homes confortables para tus vacaciones en familia.","robots":{"index":"index","follow":"follow","max-snippet":"max-snippet:-1","max-image-preview":"max-image-preview:large","max-video-preview":"max-video-preview:-1"},"canonical":"https:\/\/www.laplage-argeles.fr\/es\/","og_locale":"es_ES","og_type":"article","og_title":"C\u00e1mping Argel\u00e8s-sur-Mer: c\u00e1mping de 3 estrellas junto al mar en Argel\u00e8s-sur-Mer","og_description":"C\u00e1mping de 3 estrellas en Argel\u00e8s-sur-Mer, a 200 m de las playas. Disfruta de una piscina infinity y de mobil-homes confortables para tus vacaciones en familia.","og_url":"https:\/\/www.laplage-argeles.fr\/es\/","og_site_name":"Camping la Plage \u00e0 Argeles","article_modified_time":"2026-04-29T08:48:33+00:00","twitter_card":"summary_large_image","schema":{"@context":"https:\/\/schema.org","@graph":[{"@type":"WebPage","@id":"https:\/\/www.laplage-argeles.fr\/es\/","url":"https:\/\/www.laplage-argeles.fr\/es\/","name":"C\u00e1mping Argel\u00e8s-sur-Mer: c\u00e1mping de 3 estrellas junto al mar en Argel\u00e8s-sur-Mer","isPartOf":{"@id":"https:\/\/www.laplage-argeles.fr\/es\/#website"},"datePublished":"2025-06-09T10:25:33+00:00","dateModified":"2026-04-29T08:48:33+00:00","description":"C\u00e1mping de 3 estrellas en Argel\u00e8s-sur-Mer, a 200 m de las playas. Disfruta de una piscina infinity y de mobil-homes confortables para tus vacaciones en familia.","breadcrumb":{"@id":"https:\/\/www.laplage-argeles.fr\/es\/#breadcrumb"},"inLanguage":"es","potentialAction":[{"@type":"ReadAction","target":["https:\/\/www.laplage-argeles.fr\/es\/"]}]},{"@type":"BreadcrumbList","@id":"https:\/\/www.laplage-argeles.fr\/es\/#breadcrumb","itemListElement":[{"@type":"ListItem","position":1,"name":"Camping Plage Argel\u00e8s-sur-Mer","item":"https:\/\/www.laplage-argeles.fr\/es\/"},{"@type":"ListItem","position":2,"name":"C\u00e1mping Argel\u00e8s-sur-Mer"}]},{"@type":"WebSite","@id":"https:\/\/www.laplage-argeles.fr\/es\/#website","url":"https:\/\/www.laplage-argeles.fr\/es\/","name":"Camping la Plage \u00e0 Argeles","description":"","potentialAction":[{"@type":"SearchAction","target":{"@type":"EntryPoint","urlTemplate":"https:\/\/www.laplage-argeles.fr\/es\/?s={search_term_string}"},"query-input":{"@type":"PropertyValueSpecification","valueRequired":true,"valueName":"search_term_string"}}],"inLanguage":"es"}]}},"_links":{"self":[{"href":"https:\/\/www.laplage-argeles.fr\/es\/wp-json\/wp\/v2\/pages\/78135","targetHints":{"allow":["GET"]}}],"collection":[{"href":"https:\/\/www.laplage-argeles.fr\/es\/wp-json\/wp\/v2\/pages"}],"about":[{"href":"https:\/\/www.laplage-argeles.fr\/es\/wp-json\/wp\/v2\/types\/page"}],"author":[{"embeddable":true,"href":"https:\/\/www.laplage-argeles.fr\/es\/wp-json\/wp\/v2\/users\/1"}],"replies":[{"embeddable":true,"href":"https:\/\/www.laplage-argeles.fr\/es\/wp-json\/wp\/v2\/comments?post=78135"}],"version-history":[{"count":28,"href":"https:\/\/www.laplage-argeles.fr\/es\/wp-json\/wp\/v2\/pages\/78135\/revisions"}],"predecessor-version":[{"id":79768,"href":"https:\/\/www.laplage-argeles.fr\/es\/wp-json\/wp\/v2\/pages\/78135\/revisions\/79768"}],"wp:attachment":[{"href":"https:\/\/www.laplage-argeles.fr\/es\/wp-json\/wp\/v2\/media?parent=78135"}],"curies":[{"name":"wp","href":"https:\/\/api.w.org\/{rel}","templated":true}]}}