{"id":78199,"date":"2025-12-11T12:58:39","date_gmt":"2025-12-11T12:58:39","guid":{"rendered":"https:\/\/www.laplage-argeles.fr\/contacte-con-nosotros\/"},"modified":"2026-04-29T08:32:56","modified_gmt":"2026-04-29T08:32:56","slug":"contacte-con-nosotros","status":"publish","type":"page","link":"https:\/\/www.laplage-argeles.fr\/es\/contacte-con-nosotros\/","title":{"rendered":"Contacta con nosotros"},"content":{"rendered":"<div class=\"et_pb_section_0 et_pb_section et_section_regular et_block_section\">\n<div class=\"et_pb_row_0 et_pb_row et_flex_row\">\n<div class=\"et_pb_column_0 et_pb_column et-last-child et_block_column et_pb_css_mix_blend_mode_passthrough et_flex_column_24_24 et_flex_column_24_24_tablet et_flex_column_24_24_phone\">\n<div class=\"et_pb_image_0 et_pb_image et_pb_module et_flex_module\"><span class=\"et_pb_image_wrap\"><img loading=\"lazy\" decoding=\"async\" src=\"https:\/\/www.laplage-argeles.fr\/wp-content\/uploads\/2026\/03\/bandeau-page-contact.png\" alt=\"Banner P\u00e1gina de Contacto\" title=\"Banner P\u00e1gina de Contacto\" width=\"1920\" height=\"800\" srcset=\"https:\/\/www.laplage-argeles.fr\/wp-content\/uploads\/2026\/03\/bandeau-page-contact.png 1920w, https:\/\/www.laplage-argeles.fr\/wp-content\/uploads\/2026\/03\/bandeau-page-contact-1280x533.png 1280w, https:\/\/www.laplage-argeles.fr\/wp-content\/uploads\/2026\/03\/bandeau-page-contact-980x408.png 980w, https:\/\/www.laplage-argeles.fr\/wp-content\/uploads\/2026\/03\/bandeau-page-contact-480x200.png 480w\" sizes=\"(min-width: 0px) and (max-width: 480px) 480px, (min-width: 481px) and (max-width: 980px) 980px, (min-width: 981px) and (max-width: 1280px) 1280px, (min-width: 1281px) 1920px, 100vw\" class=\"wp-image-75269\" \/><\/span><\/div>\n<\/div>\n<\/div>\n\n<div class=\"et_pb_row_1 et_pb_row et_flex_row\">\n<div class=\"et_pb_column_1 et_pb_column et-last-child et_flex_column et_pb_css_mix_blend_mode_passthrough et_flex_column_24_24 et_flex_column_24_24_tablet et_flex_column_24_24_phone\">\n<div class=\"et_pb_text_0 et_pb_text et_pb_bg_layout_light et_pb_module et_flex_module\"><div class=\"et_pb_text_inner\"><span><span><a href=\"https:\/\/www.laplage-argeles.fr\/es\/\">Camping Plage Argel\u00e8s-sur-Mer<\/a><\/span><\/span>\n<\/div><\/div>\n<\/div>\n<\/div>\n<\/div>\n\n<div class=\"et_pb_section_1 et_pb_section et_section_regular et_flex_section\">\n<div class=\"et_pb_row_2 et_pb_row et_flex_row\">\n<div class=\"et_pb_column_2 et_pb_column et-last-child et_flex_column et_pb_css_mix_blend_mode_passthrough et_flex_column_24_24 et_flex_column_24_24_tablet et_flex_column_24_24_phone\">\n<div class=\"et_pb_text_1 et_pb_text et_pb_bg_layout_light et_pb_module et_flex_module\"><div class=\"et_pb_text_inner\"><h1>Contacto y acceso<\/h1>\n<\/div><\/div>\n\n<div class=\"et_pb_text_2 et_pb_text et_pb_bg_layout_light et_pb_module et_flex_module\"><div class=\"et_pb_text_inner\"><p>\u00a1Bienvenido al C\u00e1mping La Plage en Argel\u00e8s-sur-Mer! Estamos encantados de recibirte y de acompa\u00f1arte en la preparaci\u00f3n de tu estancia. No dudes en contactarnos para cualquier pregunta o solicitud de informaci\u00f3n.  <\/p>\n<\/div><\/div>\n\n<div class=\"et_pb_contact_form_0 et_pb_contact_form_container clearfix et_pb_module et_flex_module\" data-form_unique_num=\"0\" data-form_unique_id=\"5d6bd449-fa52-482b-921b-ffc7fc174ace\" id=\"form\"><div class=\"et-pb-contact-message\"><\/div><div class=\"et_pb_contact\"><form class=\"et_pb_contact_form et_flex_module\" method=\"post\" action=\"https:\/\/www.laplage-argeles.fr\/es\/wp-json\/wp\/v2\/pages\/78199\">\n<div class=\"et_pb_contact_field_0 et_pb_contact_field et_pb_module et_flex_module et_flex_column_12_24 et_flex_column_12_24_tablet et_flex_column_12_24_phone\" data-id=\"name\" data-type=\"input\"><label class=\"et_pb_contact_form_label\" for=\"et_pb_contact_0_name_0\">Nombre<\/label><input type=\"text\" name=\"et_pb_contact_0_name_0\" id=\"et_pb_contact_0_name_0\" class=\"input\" data-required_mark=\"required\" data-field_type=\"input\" data-original_id=\"name\" placeholder=\"Nombre\" title=\"\" value=\"\" \/><\/div>\n\n<div class=\"et_pb_contact_field_1 et_pb_contact_field et_pb_module et_flex_module et_flex_column_12_24 et_flex_column_12_24_tablet et_flex_column_12_24_phone\" data-id=\"name_2\" data-type=\"input\"><label class=\"et_pb_contact_form_label\" for=\"et_pb_contact_0_name_2_1\">Nombre<\/label><input type=\"text\" name=\"et_pb_contact_0_name_2_1\" id=\"et_pb_contact_0_name_2_1\" class=\"input\" data-required_mark=\"required\" data-field_type=\"input\" data-original_id=\"name_2\" placeholder=\"Nombre\" title=\"\" value=\"\" \/><\/div>\n\n<div class=\"et_pb_contact_field_2 et_pb_contact_field et_pb_module et_flex_module et_flex_column_12_24 et_flex_column_12_24_tablet et_flex_column_12_24_phone\" data-id=\"phone\" data-type=\"input\"><label class=\"et_pb_contact_form_label\" for=\"et_pb_contact_0_phone_2\">Tel\u00e9fono<\/label><input type=\"text\" name=\"et_pb_contact_0_phone_2\" id=\"et_pb_contact_0_phone_2\" class=\"input\" data-required_mark=\"required\" data-field_type=\"input\" data-original_id=\"phone\" placeholder=\"Tel\u00e9fono\" title=\"\" value=\"\" \/><\/div>\n\n<div class=\"et_pb_contact_field_3 et_pb_contact_field et_pb_module et_flex_module et_flex_column_12_24 et_flex_column_12_24_tablet et_flex_column_12_24_phone\" data-id=\"email\" data-type=\"email\"><label class=\"et_pb_contact_form_label\" for=\"et_pb_contact_0_email_3\">Email <\/label><input type=\"text\" name=\"et_pb_contact_0_email_3\" id=\"et_pb_contact_0_email_3\" class=\"input\" data-required_mark=\"required\" data-field_type=\"email\" data-original_id=\"email\" placeholder=\"Email \" title=\"\" value=\"\" \/><\/div>\n\n<div class=\"et_pb_contact_field_4 et_pb_contact_field et_pb_module et_flex_module et_flex_column_24_24 et_flex_column_24_24_tablet et_flex_column_24_24_phone\" data-id=\"message\" data-type=\"text\"><label class=\"et_pb_contact_form_label\" for=\"et_pb_contact_0_message_4\">Mensaje<\/label><textarea name=\"et_pb_contact_0_message_4\" id=\"et_pb_contact_0_message_4\" class=\"et_pb_contact_message input\" data-required_mark=\"required\" data-field_type=\"text\" data-original_id=\"message\" placeholder=\"Mensaje\"><\/textarea><\/div>\n<input type=\"hidden\" name=\"et_pb_contactform_submit_5d6bd449-fa52-482b-921b-ffc7fc174ace\" value=\"et_contact_proccess\" \/><div class=\"et_contact_bottom_container\"><div class=\"et_pb_button_wrapper\"><button type=\"submit\" name=\"et_builder_submit_button\" class=\"et_pb_button et_pb_contact_submit\" data-icon=\"$\">Enviar<\/button><\/div><\/div><input type=\"hidden\" id=\"_wpnonce-et-pb-contact-form-submitted-5d6bd449-fa52-482b-921b-ffc7fc174ace\" name=\"_wpnonce-et-pb-contact-form-submitted-5d6bd449-fa52-482b-921b-ffc7fc174ace\" value=\"d6f32f632f\" \/><input type=\"hidden\" name=\"_wp_http_referer\" value=\"\/es\/wp-json\/wp\/v2\/pages\/78199\" \/><\/form><\/div><\/div>\n<\/div>\n<\/div>\n<\/div>\n\n<div class=\"et_pb_section_2 et_pb_section et_section_regular et_flex_section\">\n<div class=\"et_pb_row_3 et_pb_row et_flex_row\">\n<div class=\"et_pb_column_3 et_pb_column et_flex_column et_pb_css_mix_blend_mode_passthrough et_flex_column_2_5 et_flex_column_2_5_tablet et_flex_column_24_24_phone\">\n<div class=\"et_pb_text_3 et_pb_text et_pb_bg_layout_light et_pb_module et_flex_module\"><div class=\"et_pb_text_inner\"><p>Informaci\u00f3n<\/p>\n<\/div><\/div>\n\n<div class=\"et_pb_text_4 et_pb_text et_pb_bg_layout_light et_pb_module et_flex_module\"><div class=\"et_pb_text_inner\"><p>\u00bfTienes alguna duda? Cont\u00e1ctanos:   <br \/><em>+33 (0)4 68 81 12 17<\/em><\/p>\n<\/div><\/div>\n\n<div class=\"et_pb_blurb_0 et_pb_blurb et_pb_bg_layout_light et_pb_blurb_position_left et_pb_module et_flex_module\"><div class=\"et_pb_blurb_content et_flex_module\"><div class=\"et_pb_main_blurb_image\"><span class=\"et_pb_image_wrap et_pb_only_image_mode_wrap\"><img loading=\"lazy\" decoding=\"async\" src=\"https:\/\/www.laplage-argeles.fr\/wp-content\/uploads\/2026\/03\/Vector3.svg\" alt=\"Vector(3)\" width=\"21\" height=\"22\" srcset=\"https:\/\/www.laplage-argeles.fr\/wp-content\/uploads\/2026\/03\/Vector3.svg 21w\" sizes=\"(min-width: 0px) and (max-width: 0px) 0px, (min-width: 1px) 21px, 100vw\" class=\"et_animated wp-image-75279\" title=\"Vector(3)\" \/><\/span><\/div><div class=\"et_pb_blurb_container\"><div class=\"et_pb_blurb_description\"><p>del 03 de abril al 20 de septiembre de 2026<\/p>\n<\/div><\/div><\/div><\/div>\n\n<div class=\"et_pb_blurb_1 et_pb_blurb et_pb_bg_layout_light et_pb_blurb_position_left et_pb_module et_flex_module\"><div class=\"et_pb_blurb_content et_flex_module\"><div class=\"et_pb_main_blurb_image\"><span class=\"et_pb_image_wrap et_pb_only_image_mode_wrap\"><img loading=\"lazy\" decoding=\"async\" src=\"https:\/\/www.laplage-argeles.fr\/wp-content\/uploads\/2026\/03\/Vector4.svg\" alt=\"Vector(4)\" width=\"19\" height=\"18\" srcset=\"https:\/\/www.laplage-argeles.fr\/wp-content\/uploads\/2026\/03\/Vector4.svg 19w\" sizes=\"(min-width: 0px) and (max-width: 0px) 0px, (min-width: 1px) 19px, 100vw\" class=\"et_animated wp-image-75275\" title=\"Vector(4)\" \/><\/span><\/div><div class=\"et_pb_blurb_container\"><div class=\"et_pb_blurb_description\"><p>De 9:00 a 19:00<\/p>\n<\/div><\/div><\/div><\/div>\n\n<div class=\"et_pb_blurb_2 et_pb_blurb et_pb_bg_layout_light et_pb_blurb_position_left et_pb_module et_flex_module\"><div class=\"et_pb_blurb_content et_flex_module\"><div class=\"et_pb_main_blurb_image\"><span class=\"et_pb_image_wrap et_pb_only_image_mode_wrap\"><img loading=\"lazy\" decoding=\"async\" src=\"https:\/\/www.laplage-argeles.fr\/wp-content\/uploads\/2026\/03\/flowbite_map-pin-alt-solid.svg\" alt=\"Flowbite Map Pin Alt Solid\" width=\"26\" height=\"26\" srcset=\"https:\/\/www.laplage-argeles.fr\/wp-content\/uploads\/2026\/03\/flowbite_map-pin-alt-solid.svg 26w\" sizes=\"(min-width: 0px) and (max-width: 0px) 0px, (min-width: 1px) 26px, 100vw\" class=\"et_animated wp-image-75278\" title=\"Flowbite Map Pin Alt Solid\" \/><\/span><\/div><div class=\"et_pb_blurb_container\"><div class=\"et_pb_blurb_description\"><p>Avenida G\u00e9n\u00e9ral De Gaulle<br \/>\n66700 Argel\u00e8s-sur-Mer<\/p>\n<\/div><\/div><\/div><\/div>\n\n<div class=\"et_pb_text_5 et_pb_text et_pb_bg_layout_light et_pb_module et_flex_module\"><div class=\"et_pb_text_inner\"><p><img loading=\"lazy\" decoding=\"async\" src=\"https:\/\/www.laplage-argeles.fr\/wp-content\/uploads\/2026\/03\/Vector5.svg\" width=\"26\" height=\"22\" alt=\"Vector(5)\" class=\"wp-image-75276 alignnone size-full\"><img loading=\"lazy\" decoding=\"async\" src=\"https:\/\/www.laplage-argeles.fr\/wp-content\/uploads\/2026\/03\/Vector6.svg\" width=\"25\" height=\"24\" alt=\"Vector(6)\" class=\"wp-image-75277 alignnone size-full\"><img loading=\"lazy\" decoding=\"async\" src=\"https:\/\/www.laplage-argeles.fr\/wp-content\/uploads\/2026\/03\/Vector7.svg\" width=\"23\" height=\"24\" alt=\"Vector(7)\" class=\"wp-image-75274 alignnone size-full\"><\/p>\n<\/div><\/div>\n<\/div>\n\n<div class=\"et_pb_column_4 et_pb_column et-last-child et_flex_column et_pb_css_mix_blend_mode_passthrough et_flex_column_3_5 et_flex_column_3_5_tablet et_flex_column_24_24_phone\">\n<div class=\"et_pb_image_1 et_pb_image et_pb_module et_flex_module\"><span class=\"et_pb_image_wrap\"><img loading=\"lazy\" decoding=\"async\" src=\"https:\/\/www.laplage-argeles.fr\/wp-content\/uploads\/2026\/01\/89d4a451ca3aa03a064ec3db16afbebfd4b3fa5e.png\" alt=\"89d4a451ca3aa03a064ec3db16afbebfd4b3fa5e\" title=\"89d4a451ca3aa03a064ec3db16afbebfd4b3fa5e\" width=\"1776\" height=\"1152\" srcset=\"https:\/\/www.laplage-argeles.fr\/wp-content\/uploads\/2026\/01\/89d4a451ca3aa03a064ec3db16afbebfd4b3fa5e.png 1776w, https:\/\/www.laplage-argeles.fr\/wp-content\/uploads\/2026\/01\/89d4a451ca3aa03a064ec3db16afbebfd4b3fa5e-1280x830.png 1280w, https:\/\/www.laplage-argeles.fr\/wp-content\/uploads\/2026\/01\/89d4a451ca3aa03a064ec3db16afbebfd4b3fa5e-980x636.png 980w, https:\/\/www.laplage-argeles.fr\/wp-content\/uploads\/2026\/01\/89d4a451ca3aa03a064ec3db16afbebfd4b3fa5e-480x311.png 480w\" sizes=\"(min-width: 0px) and (max-width: 480px) 480px, (min-width: 481px) and (max-width: 980px) 980px, (min-width: 981px) and (max-width: 1280px) 1280px, (min-width: 1281px) 1776px, 100vw\" class=\"wp-image-73909\" \/><\/span><\/div>\n<\/div>\n<\/div>\n<\/div>\n\n<div class=\"et_pb_section_3 et_pb_section et_section_regular et_flex_section\">\n<div class=\"et_pb_row_4 et_pb_row et_flex_row\">\n<div class=\"et_pb_column_5 et_pb_column et_flex_column et_pb_css_mix_blend_mode_passthrough et_flex_column_6_24 et_flex_column_12_24_tablet et_flex_column_24_24_phone\">\n<div class=\"et_pb_image_2 et_pb_image et_pb_module et_flex_module\"><span class=\"et_pb_image_wrap\"><img loading=\"lazy\" decoding=\"async\" src=\"https:\/\/www.laplage-argeles.fr\/wp-content\/uploads\/2026\/03\/enfants-camping.png\" alt=\"Ni\u00f1os C\u00e1mping\" title=\"Ni\u00f1os C\u00e1mping\" width=\"462\" height=\"529\" srcset=\"https:\/\/www.laplage-argeles.fr\/wp-content\/uploads\/2026\/03\/enfants-camping.png 462w, https:\/\/www.laplage-argeles.fr\/wp-content\/uploads\/2026\/03\/enfants-camping-262x300.png 262w\" sizes=\"(max-width: 462px) 100vw, 462px\" class=\"wp-image-75270\" \/><\/span><\/div>\n<\/div>\n\n<div class=\"et_pb_column_6 et_pb_column et_flex_column et_pb_css_mix_blend_mode_passthrough et_flex_column_6_24 et_flex_column_12_24_tablet et_flex_column_24_24_phone\">\n<div class=\"et_pb_image_3 et_pb_image et_pb_module et_flex_module\"><span class=\"et_pb_image_wrap\"><img loading=\"lazy\" decoding=\"async\" src=\"https:\/\/www.laplage-argeles.fr\/wp-content\/uploads\/2026\/03\/animations-camping.png\" alt=\"Animaciones C\u00e1mping\" title=\"Animaciones C\u00e1mping\" width=\"462\" height=\"529\" srcset=\"https:\/\/www.laplage-argeles.fr\/wp-content\/uploads\/2026\/03\/animations-camping.png 462w, https:\/\/www.laplage-argeles.fr\/wp-content\/uploads\/2026\/03\/animations-camping-262x300.png 262w\" sizes=\"(max-width: 462px) 100vw, 462px\" class=\"wp-image-75268\" \/><\/span><\/div>\n<\/div>\n\n<div class=\"et_pb_column_7 et_pb_column et_flex_column et_pb_css_mix_blend_mode_passthrough et_flex_column_6_24 et_flex_column_12_24_tablet et_flex_column_24_24_phone\">\n<div class=\"et_pb_image_4 et_pb_image et_pb_module et_flex_module\"><span class=\"et_pb_image_wrap\"><img loading=\"lazy\" decoding=\"async\" src=\"https:\/\/www.laplage-argeles.fr\/wp-content\/uploads\/2026\/03\/locatifs-mobil-home.png\" alt=\"Alquiler de mobil-homes\" title=\"Alquiler de mobil-homes\" width=\"462\" height=\"529\" srcset=\"https:\/\/www.laplage-argeles.fr\/wp-content\/uploads\/2026\/03\/locatifs-mobil-home.png 462w, https:\/\/www.laplage-argeles.fr\/wp-content\/uploads\/2026\/03\/locatifs-mobil-home-262x300.png 262w\" sizes=\"(max-width: 462px) 100vw, 462px\" class=\"wp-image-75271\" \/><\/span><\/div>\n<\/div>\n\n<div class=\"et_pb_column_8 et_pb_column et-last-child et_flex_column et_pb_css_mix_blend_mode_passthrough et_flex_column_6_24 et_flex_column_12_24_tablet et_flex_column_24_24_phone\">\n<div class=\"et_pb_image_5 et_pb_image et_pb_module et_flex_module\"><span class=\"et_pb_image_wrap\"><img loading=\"lazy\" decoding=\"async\" src=\"https:\/\/www.laplage-argeles.fr\/wp-content\/uploads\/2026\/03\/services-camping.png\" alt=\"Servicios C\u00e1mping\" title=\"Servicios C\u00e1mping\" width=\"462\" height=\"529\" srcset=\"https:\/\/www.laplage-argeles.fr\/wp-content\/uploads\/2026\/03\/services-camping.png 462w, https:\/\/www.laplage-argeles.fr\/wp-content\/uploads\/2026\/03\/services-camping-262x300.png 262w\" sizes=\"(max-width: 462px) 100vw, 462px\" class=\"wp-image-75273\" \/><\/span><\/div>\n<\/div>\n<\/div>\n<\/div>\n\n<div class=\"et_pb_section_4 et_pb_section et_section_regular et_flex_section\">\n<div class=\"et_pb_row_5 et_pb_row et_flex_row\">\n<div class=\"et_pb_column_9 et_pb_column et_flex_column et_pb_css_mix_blend_mode_passthrough et_flex_column_12_24 et_flex_column_12_24_tablet et_flex_column_24_24_phone\">\n<div class=\"et_pb_text_6 et_pb_text et_pb_bg_layout_light et_pb_module et_flex_module\"><div class=\"et_pb_text_inner\"><h2>C\u00f3mo llegar<br \/>\n<span>al C\u00e1mping la Plage<img loading=\"lazy\" decoding=\"async\" src=\"https:\/\/www.laplage-argeles.fr\/wp-content\/uploads\/2026\/03\/Group-553.svg\" width=\"27\" height=\"29\" alt=\"Group 553\" class=\"wp-image-75281 alignnone size-full\"><\/span> <\/h2>\n<\/div><\/div>\n<\/div>\n\n<div class=\"et_pb_column_10 et_pb_column et-last-child et_flex_column et_pb_css_mix_blend_mode_passthrough et_flex_column_12_24 et_flex_column_12_24_tablet et_flex_column_24_24_phone\">\n<div class=\"et_pb_blurb_3 et_pb_blurb et_pb_bg_layout_light et_pb_blurb_position_left et_pb_module et_flex_module\"><div class=\"et_pb_blurb_content et_flex_module\"><div class=\"et_pb_main_blurb_image\"><span class=\"et_pb_image_wrap et_pb_only_image_mode_wrap\"><img loading=\"lazy\" decoding=\"async\" src=\"https:\/\/www.laplage-argeles.fr\/wp-content\/uploads\/2025\/12\/picto-voiture.png\" alt=\"Picto Voiture\" width=\"48\" height=\"48\" srcset=\"https:\/\/www.laplage-argeles.fr\/wp-content\/uploads\/2025\/12\/picto-voiture.png 48w\" sizes=\"(max-width: 48px) 100vw, 48px\" class=\"et_animated wp-image-73900\" title=\"Picto Voiture\" \/><\/span><\/div><div class=\"et_pb_blurb_container\"><h4 class=\"et_pb_module_header\">En coche<\/h4><div class=\"et_pb_blurb_description\"><p>Toma la salida 12 hacia Valmy en direcci\u00f3n a Port Argel\u00e8s\/Port Argel\u00e8s y despu\u00e9s en direcci\u00f3n al centro de la playa<\/p>\n<\/div><\/div><\/div><\/div>\n\n<div class=\"et_pb_blurb_4 et_pb_blurb et_pb_bg_layout_light et_pb_blurb_position_left et_pb_module et_flex_module\"><div class=\"et_pb_blurb_content et_flex_module\"><div class=\"et_pb_main_blurb_image\"><span class=\"et_pb_image_wrap et_pb_only_image_mode_wrap\"><img loading=\"lazy\" decoding=\"async\" src=\"https:\/\/www.laplage-argeles.fr\/wp-content\/uploads\/2025\/12\/picto-train.png\" alt=\"Picto Train\" width=\"48\" height=\"48\" srcset=\"https:\/\/www.laplage-argeles.fr\/wp-content\/uploads\/2025\/12\/picto-train.png 48w\" sizes=\"(max-width: 48px) 100vw, 48px\" class=\"et_animated wp-image-73899\" title=\"Picto Train\" \/><\/span><\/div><div class=\"et_pb_blurb_container\"><h4 class=\"et_pb_module_header\">En tren<\/h4><div class=\"et_pb_blurb_description\"><p>Estaci\u00f3n de tren de alta velocidad (TGV) de Perpi\u00f1\u00e1n o estaci\u00f3n de Argel\u00e8s sur Mer<br \/>\nHay taxis disponibles en ambas estaciones<\/p>\n<\/div><\/div><\/div><\/div>\n\n<div class=\"et_pb_blurb_5 et_pb_blurb et_pb_bg_layout_light et_pb_blurb_position_left et_pb_module et_flex_module\"><div class=\"et_pb_blurb_content et_flex_module\"><div class=\"et_pb_main_blurb_image\"><span class=\"et_pb_image_wrap et_pb_only_image_mode_wrap\"><img loading=\"lazy\" decoding=\"async\" src=\"https:\/\/www.laplage-argeles.fr\/wp-content\/uploads\/2025\/12\/picto-avion.png\" alt=\"Picto Avion\" width=\"48\" height=\"48\" srcset=\"https:\/\/www.laplage-argeles.fr\/wp-content\/uploads\/2025\/12\/picto-avion.png 48w\" sizes=\"(max-width: 48px) 100vw, 48px\" class=\"et_animated wp-image-73898\" title=\"Picto Avion\" \/><\/span><\/div><div class=\"et_pb_blurb_container\"><h4 class=\"et_pb_module_header\">En avi\u00f3n<\/h4><div class=\"et_pb_blurb_description\"><p>Aeropuerto Internacional de Perpi\u00f1\u00e1n-Rivesaltes<\/p>\n<\/div><\/div><\/div><\/div>\n<\/div>\n<\/div>\n<\/div>","protected":false},"excerpt":{"rendered":"","protected":false},"author":1,"featured_media":0,"parent":0,"menu_order":0,"comment_status":"closed","ping_status":"closed","template":"","meta":{"_acf_changed":false,"inline_featured_image":false,"footnotes":""},"class_list":["post-78199","page","type-page","status-publish","hentry"],"acf":[],"yoast_head":"<!-- This site is optimized with the Yoast SEO plugin v27.4 - https:\/\/yoast.com\/product\/yoast-seo-wordpress\/ -->\n<title>Contacto y acceso del camping La Plage en Argel\u00e8s - La Plage Argel\u00e8s<\/title>\n<meta name=\"description\" content=\"Cont\u00e1ctanos por tel\u00e9fono o por correo electr\u00f3nico.\" \/>\n<meta name=\"robots\" content=\"index, follow, max-snippet:-1, max-image-preview:large, max-video-preview:-1\" \/>\n<link rel=\"canonical\" href=\"https:\/\/www.laplage-argeles.fr\/es\/contacte-con-nosotros\/\" \/>\n<meta property=\"og:locale\" content=\"es_ES\" \/>\n<meta property=\"og:type\" content=\"article\" \/>\n<meta property=\"og:title\" content=\"Contacto y acceso del camping La Plage en Argel\u00e8s - La Plage Argel\u00e8s\" \/>\n<meta property=\"og:description\" content=\"Cont\u00e1ctanos por tel\u00e9fono o por correo electr\u00f3nico.\" \/>\n<meta property=\"og:url\" content=\"https:\/\/www.laplage-argeles.fr\/es\/contacte-con-nosotros\/\" \/>\n<meta property=\"og:site_name\" content=\"Camping la Plage \u00e0 Argeles\" \/>\n<meta property=\"article:modified_time\" content=\"2026-04-29T08:32:56+00:00\" \/>\n<meta name=\"twitter:card\" content=\"summary_large_image\" \/>\n<script type=\"application\/ld+json\" class=\"yoast-schema-graph\">{\"@context\":\"https:\\\/\\\/schema.org\",\"@graph\":[{\"@type\":\"WebPage\",\"@id\":\"https:\\\/\\\/www.laplage-argeles.fr\\\/es\\\/contacte-con-nosotros\\\/\",\"url\":\"https:\\\/\\\/www.laplage-argeles.fr\\\/es\\\/contacte-con-nosotros\\\/\",\"name\":\"Contacto y acceso del camping La Plage en Argel\u00e8s - La Plage Argel\u00e8s\",\"isPartOf\":{\"@id\":\"https:\\\/\\\/www.laplage-argeles.fr\\\/es\\\/#website\"},\"datePublished\":\"2025-12-11T12:58:39+00:00\",\"dateModified\":\"2026-04-29T08:32:56+00:00\",\"description\":\"Cont\u00e1ctanos por tel\u00e9fono o por correo electr\u00f3nico.\",\"breadcrumb\":{\"@id\":\"https:\\\/\\\/www.laplage-argeles.fr\\\/es\\\/contacte-con-nosotros\\\/#breadcrumb\"},\"inLanguage\":\"es\",\"potentialAction\":[{\"@type\":\"ReadAction\",\"target\":[\"https:\\\/\\\/www.laplage-argeles.fr\\\/es\\\/contacte-con-nosotros\\\/\"]}]},{\"@type\":\"BreadcrumbList\",\"@id\":\"https:\\\/\\\/www.laplage-argeles.fr\\\/es\\\/contacte-con-nosotros\\\/#breadcrumb\",\"itemListElement\":[{\"@type\":\"ListItem\",\"position\":1,\"name\":\"Camping Plage Argel\u00e8s-sur-Mer\",\"item\":\"https:\\\/\\\/www.laplage-argeles.fr\\\/es\\\/\"},{\"@type\":\"ListItem\",\"position\":2,\"name\":\"Contacto y acceso\"}]},{\"@type\":\"WebSite\",\"@id\":\"https:\\\/\\\/www.laplage-argeles.fr\\\/es\\\/#website\",\"url\":\"https:\\\/\\\/www.laplage-argeles.fr\\\/es\\\/\",\"name\":\"Camping la Plage \u00e0 Argeles\",\"description\":\"\",\"potentialAction\":[{\"@type\":\"SearchAction\",\"target\":{\"@type\":\"EntryPoint\",\"urlTemplate\":\"https:\\\/\\\/www.laplage-argeles.fr\\\/es\\\/?s={search_term_string}\"},\"query-input\":{\"@type\":\"PropertyValueSpecification\",\"valueRequired\":true,\"valueName\":\"search_term_string\"}}],\"inLanguage\":\"es\"}]}<\/script>\n<!-- \/ Yoast SEO plugin. -->","yoast_head_json":{"title":"Contacto y acceso del camping La Plage en Argel\u00e8s - La Plage Argel\u00e8s","description":"Cont\u00e1ctanos por tel\u00e9fono o por correo electr\u00f3nico.","robots":{"index":"index","follow":"follow","max-snippet":"max-snippet:-1","max-image-preview":"max-image-preview:large","max-video-preview":"max-video-preview:-1"},"canonical":"https:\/\/www.laplage-argeles.fr\/es\/contacte-con-nosotros\/","og_locale":"es_ES","og_type":"article","og_title":"Contacto y acceso del camping La Plage en Argel\u00e8s - La Plage Argel\u00e8s","og_description":"Cont\u00e1ctanos por tel\u00e9fono o por correo electr\u00f3nico.","og_url":"https:\/\/www.laplage-argeles.fr\/es\/contacte-con-nosotros\/","og_site_name":"Camping la Plage \u00e0 Argeles","article_modified_time":"2026-04-29T08:32:56+00:00","twitter_card":"summary_large_image","schema":{"@context":"https:\/\/schema.org","@graph":[{"@type":"WebPage","@id":"https:\/\/www.laplage-argeles.fr\/es\/contacte-con-nosotros\/","url":"https:\/\/www.laplage-argeles.fr\/es\/contacte-con-nosotros\/","name":"Contacto y acceso del camping La Plage en Argel\u00e8s - La Plage Argel\u00e8s","isPartOf":{"@id":"https:\/\/www.laplage-argeles.fr\/es\/#website"},"datePublished":"2025-12-11T12:58:39+00:00","dateModified":"2026-04-29T08:32:56+00:00","description":"Cont\u00e1ctanos por tel\u00e9fono o por correo electr\u00f3nico.","breadcrumb":{"@id":"https:\/\/www.laplage-argeles.fr\/es\/contacte-con-nosotros\/#breadcrumb"},"inLanguage":"es","potentialAction":[{"@type":"ReadAction","target":["https:\/\/www.laplage-argeles.fr\/es\/contacte-con-nosotros\/"]}]},{"@type":"BreadcrumbList","@id":"https:\/\/www.laplage-argeles.fr\/es\/contacte-con-nosotros\/#breadcrumb","itemListElement":[{"@type":"ListItem","position":1,"name":"Camping Plage Argel\u00e8s-sur-Mer","item":"https:\/\/www.laplage-argeles.fr\/es\/"},{"@type":"ListItem","position":2,"name":"Contacto y acceso"}]},{"@type":"WebSite","@id":"https:\/\/www.laplage-argeles.fr\/es\/#website","url":"https:\/\/www.laplage-argeles.fr\/es\/","name":"Camping la Plage \u00e0 Argeles","description":"","potentialAction":[{"@type":"SearchAction","target":{"@type":"EntryPoint","urlTemplate":"https:\/\/www.laplage-argeles.fr\/es\/?s={search_term_string}"},"query-input":{"@type":"PropertyValueSpecification","valueRequired":true,"valueName":"search_term_string"}}],"inLanguage":"es"}]}},"_links":{"self":[{"href":"https:\/\/www.laplage-argeles.fr\/es\/wp-json\/wp\/v2\/pages\/78199","targetHints":{"allow":["GET"]}}],"collection":[{"href":"https:\/\/www.laplage-argeles.fr\/es\/wp-json\/wp\/v2\/pages"}],"about":[{"href":"https:\/\/www.laplage-argeles.fr\/es\/wp-json\/wp\/v2\/types\/page"}],"author":[{"embeddable":true,"href":"https:\/\/www.laplage-argeles.fr\/es\/wp-json\/wp\/v2\/users\/1"}],"replies":[{"embeddable":true,"href":"https:\/\/www.laplage-argeles.fr\/es\/wp-json\/wp\/v2\/comments?post=78199"}],"version-history":[{"count":8,"href":"https:\/\/www.laplage-argeles.fr\/es\/wp-json\/wp\/v2\/pages\/78199\/revisions"}],"predecessor-version":[{"id":79867,"href":"https:\/\/www.laplage-argeles.fr\/es\/wp-json\/wp\/v2\/pages\/78199\/revisions\/79867"}],"wp:attachment":[{"href":"https:\/\/www.laplage-argeles.fr\/es\/wp-json\/wp\/v2\/media?parent=78199"}],"curies":[{"name":"wp","href":"https:\/\/api.w.org\/{rel}","templated":true}]}}